{"id":11,"date":"2023-07-21T13:35:35","date_gmt":"2023-07-21T13:35:35","guid":{"rendered":"https:\/\/matteopiantedosi.it\/?page_id=11"},"modified":"2023-07-21T14:16:09","modified_gmt":"2023-07-21T14:16:09","slug":"matteo-piantedosi","status":"publish","type":"page","link":"https:\/\/matteopiantedosi.it\/","title":{"rendered":"Matteo Piantedosi"},"content":{"rendered":"\t\t<div data-elementor-type=\"wp-page\" data-elementor-id=\"11\" class=\"elementor elementor-11\">\n\t\t\t\t\t\t\t<div class=\"elementor-element elementor-element-f765118 e-con-full e-flex e-con\" data-id=\"f765118\" data-element_type=\"container\" data-settings=\"{&quot;content_width&quot;:&quot;full&quot;,&quot;background_background&quot;:&quot;classic&quot;}\" data-e-bg-lazyload=\"\">\n\t\t\t\t<\/div>\n\t\t<div class=\"elementor-element elementor-element-cea9230 e-flex e-con-boxed e-con\" data-id=\"cea9230\" data-element_type=\"container\" data-settings=\"{&quot;content_width&quot;:&quot;boxed&quot;}\">\n\t\t\t\t\t<div class=\"e-con-inner\">\n\t\t<div class=\"elementor-element elementor-element-ca49d5b e-con-full e-flex e-con\" data-id=\"ca49d5b\" data-element_type=\"container\" data-settings=\"{&quot;content_width&quot;:&quot;full&quot;}\">\n\t\t\t\t<div class=\"elementor-element elementor-element-f80f4a5 elementor-widget elementor-widget-image\" data-id=\"f80f4a5\" data-element_type=\"widget\" data-widget_type=\"image.default\">\n\t\t\t\t<div class=\"elementor-widget-container\">\n\t\t\t<style>\/*! elementor - v3.14.0 - 26-06-2023 *\/\n.elementor-widget-image{text-align:center}.elementor-widget-image a{display:inline-block}.elementor-widget-image a img[src$=\".svg\"]{width:48px}.elementor-widget-image img{vertical-align:middle;display:inline-block}<\/style>\t\t\t\t\t\t\t\t\t\t\t\t<img decoding=\"async\" width=\"514\" height=\"1074\" src=\"https:\/\/matteopiantedosi.it\/wp-content\/uploads\/2023\/07\/ministro-interno-matteo-pinatedosi.png\" class=\"attachment-full size-full wp-image-26\" alt=\"\" loading=\"lazy\" srcset=\"https:\/\/matteopiantedosi.it\/wp-content\/uploads\/2023\/07\/ministro-interno-matteo-pinatedosi.png 514w, https:\/\/matteopiantedosi.it\/wp-content\/uploads\/2023\/07\/ministro-interno-matteo-pinatedosi-144x300.png 144w, https:\/\/matteopiantedosi.it\/wp-content\/uploads\/2023\/07\/ministro-interno-matteo-pinatedosi-490x1024.png 490w\" sizes=\"(max-width: 514px) 100vw, 514px\" \/>\t\t\t\t\t\t\t\t\t\t\t\t\t\t\t<\/div>\n\t\t\t\t<\/div>\n\t\t\t\t<\/div>\n\t\t<div class=\"elementor-element elementor-element-24a38c4 e-con-full e-flex e-con\" data-id=\"24a38c4\" data-element_type=\"container\" data-settings=\"{&quot;content_width&quot;:&quot;full&quot;}\">\n\t\t\t\t<div class=\"elementor-element elementor-element-865d9e7 elementor-widget elementor-widget-heading\" data-id=\"865d9e7\" data-element_type=\"widget\" data-widget_type=\"heading.default\">\n\t\t\t\t<div class=\"elementor-widget-container\">\n\t\t\t<style>\/*! elementor - v3.14.0 - 26-06-2023 *\/\n.elementor-heading-title{padding:0;margin:0;line-height:1}.elementor-widget-heading .elementor-heading-title[class*=elementor-size-]>a{color:inherit;font-size:inherit;line-height:inherit}.elementor-widget-heading .elementor-heading-title.elementor-size-small{font-size:15px}.elementor-widget-heading .elementor-heading-title.elementor-size-medium{font-size:19px}.elementor-widget-heading .elementor-heading-title.elementor-size-large{font-size:29px}.elementor-widget-heading .elementor-heading-title.elementor-size-xl{font-size:39px}.elementor-widget-heading .elementor-heading-title.elementor-size-xxl{font-size:59px}<\/style><div class=\"elementor-heading-title elementor-size-default\">BIO<\/div>\t\t<\/div>\n\t\t\t\t<\/div>\n\t\t\t\t<div class=\"elementor-element elementor-element-9032fd9 elementor-widget elementor-widget-heading\" data-id=\"9032fd9\" data-element_type=\"widget\" data-widget_type=\"heading.default\">\n\t\t\t\t<div class=\"elementor-widget-container\">\n\t\t\t<h2 class=\"elementor-heading-title elementor-size-default\">Matteo Piantedosi<\/h2>\t\t<\/div>\n\t\t\t\t<\/div>\n\t\t\t\t<div class=\"elementor-element elementor-element-50f96e0 elementor-widget elementor-widget-text-editor\" data-id=\"50f96e0\" data-element_type=\"widget\" data-widget_type=\"text-editor.default\">\n\t\t\t\t<div class=\"elementor-widget-container\">\n\t\t\t<style>\/*! elementor - v3.14.0 - 26-06-2023 *\/\n.elementor-widget-text-editor.elementor-drop-cap-view-stacked .elementor-drop-cap{background-color:#69727d;color:#fff}.elementor-widget-text-editor.elementor-drop-cap-view-framed .elementor-drop-cap{color:#69727d;border:3px solid;background-color:transparent}.elementor-widget-text-editor:not(.elementor-drop-cap-view-default) .elementor-drop-cap{margin-top:8px}.elementor-widget-text-editor:not(.elementor-drop-cap-view-default) .elementor-drop-cap-letter{width:1em;height:1em}.elementor-widget-text-editor .elementor-drop-cap{float:left;text-align:center;line-height:1;font-size:50px}.elementor-widget-text-editor .elementor-drop-cap-letter{display:inline-block}<\/style>\t\t\t\t<p>Nato a Napoli il 20 aprile 1963, \u00e8 sposato e ha due figlie. Laureato in giurisprudenza, abilitato all&#8217;esercizio della professione forense, \u00e8 entrato nell&#8217;amministrazione civile dell&#8217;Interno nell&#8217;aprile 1989 e assegnato alla prefettura di Bologna nella quale per otto anni ha svolto l&#8217;incarico di capo di Gabinetto.<\/p><p>Nel febbraio 2007 \u00e8 stato nominato viceprefetto vicario nella stessa prefettura fino al 2009, quando \u00e8 stato chiamato al ministero dell&#8217;Interno a dirigere l&#8217;ufficio Relazioni Parlamentari presso l&#8217;ufficio Affari Legislativi e Relazioni Parlamentari.<\/p><p>Nel 2011 gli \u00e8 stato affidato l&#8217;incarico di capo di Gabinetto del capo dipartimento per le Politiche del Personale dell&#8217;amministrazione civile e per le risorse strumentali e finanziarie<\/p><p>Nominato prefetto il 3 agosto 2011, \u00e8 stato destinato a Lodi.<br \/>Da gennaio 2012 \u00e8 stato nominato vice capo di Gabinetto del ministro dell&#8217;Interno e da giugno 2012 vice capo di Gabinetto Vicario.<br \/>Il Consiglio dei Ministri, il 16 novembre 2012, lo ha nominato vice direttore Generale della Pubblica Sicurezza per l&#8217;attivit\u00e0 di coordinamento e pianificazione delle Forze di polizia.<\/p><p>Dall&#8217;aprile 2014 fino al maggio 2017 \u00e8 stato inoltre Autorit\u00e0 di Gestione del Programma Operativo Nazionale &#8220;Sicurezza per lo Sviluppo-Obiettivo Convergenza 2007\/2013&#8221;, del Programma Operativo Nazionale &#8220;Legalit\u00e0 2014\/2020&#8221; e del Programma Operativo Complementare per la Programmazione 2014\/2020, e anche Autorit\u00e0 Responsabile del &#8220;Fondo Europeo per le Frontiere Esterne 2007\/2013&#8221; e del &#8220;Fondo Sicurezza Interna 2014\/2020&#8221;.<br \/>Ha presieduto la commissione consultiva per l&#8217;attuazione del servizio del Numero Unico di emergenza Europeo secondo il modello della centrale unica di risposta nel territorio nazionale.<br \/>Dal 15 maggio 2017 al 10 giugno 2018 ha ricoperto l&#8217;incarico di prefetto di Bologna.<br \/>L&#8217;11 giugno 2018 \u00e8 stato nominato capo di Gabinetto del ministro dell&#8217;Interno.<br \/>Dal 17 agosto 2020 al 22 ottobre 2022 \u00e8 stato prefetto di Roma.<br \/>Dal 22 ottobre 2022 \u00e8 ministro dell&#8217;Interno nel Governo Meloni.<\/p>\t\t\t\t\t\t<\/div>\n\t\t\t\t<\/div>\n\t\t\t\t<\/div>\n\t\t\t\t\t<\/div>\n\t\t\t\t<\/div>\n\t\t<div class=\"elementor-element elementor-element-a1b03ef e-flex e-con-boxed e-con\" data-id=\"a1b03ef\" data-element_type=\"container\" data-settings=\"{&quot;content_width&quot;:&quot;boxed&quot;}\">\n\t\t\t\t\t<div class=\"e-con-inner\">\n\t\t\t\t<div class=\"elementor-element elementor-element-ff60c06 elementor-widget elementor-widget-heading\" data-id=\"ff60c06\" data-element_type=\"widget\" data-widget_type=\"heading.default\">\n\t\t\t\t<div class=\"elementor-widget-container\">\n\t\t\t<h2 class=\"elementor-heading-title elementor-size-default\">News<\/h2>\t\t<\/div>\n\t\t\t\t<\/div>\n\t\t\t\t<div class=\"elementor-element elementor-element-fc2666f elementor-widget elementor-widget-text-editor\" data-id=\"fc2666f\" data-element_type=\"widget\" data-widget_type=\"text-editor.default\">\n\t\t\t\t<div class=\"elementor-widget-container\">\n\t\t\t\t\t\t\t<div class=\"cff-wrapper\"><div class=\"cff-wrapper-ctn \" ><div id=\"cff\"  class=\"cff cff-list-container cff-masonry masonry-2-tablet cff-masonry-js cff-default-styles  cff-mob-cols-1 cff-palette-1 \"   style=\"width:100%;\"   data-char=\"400\" ><div class=\"cff-error-msg\">\n\t<div>\n\t\t<i class=\"fa fa-lock\" aria-hidden=\"true\" style=\"margin-right: 5px;\"><\/i><b>This message is only visible to admins.<\/b><br\/>\n\t\tProblem displaying Facebook posts. Backup cache in use.\t\t\t\t\t<br\/><a href=\"javascript:void(0);\" id=\"cff-show-error\" onclick=\"cffShowError()\">Click to show error<\/a>\n\t\t\t<script type=\"text\/javascript\">function cffShowError() { document.getElementById(\"cff-error-reason\").style.display = \"block\"; document.getElementById(\"cff-show-error\").style.display = \"none\"; }<\/script>\n\t\t\t<\/div>\n\t\t\t<div id=\"cff-error-reason\">\n\t\t\t\t\t\t\t\t\t<b>Error:<\/b> Error validating access token: The session has been invalidated because the user changed their password or Facebook has changed the session for security reasons.\t\t\t\t\t\t\t\t\t\t\t\t\t<b>Type:<\/b> OAuthException\t\t\t\t\t\t\t\t\t\t\t\t\t\t\t\t\t\t\t\t\t\t\t\t\t\t\t\t\n\t\t\t<\/div>\n\t\t\t\t\n<\/div>\n<div class=\"cff-posts-wrap\"><div id=\"cff_109703165528845_903728452796406\" class=\"cff-item cff-video-post cff-box author-matteo-piantedosi\" >\n\t<div class=\"cff-author\">\n\t<div class=\"cff-author-text\">\n\t\t\t\t\t<div class=\"cff-page-name cff-author-date\" >\n\t\t\t\t<a href=\"https:\/\/facebook.com\/109703165528845\" target=\"_blank\" rel=\"nofollow noopener\" >Matteo Piantedosi<\/a>\n\t\t\t\t<span class=\"cff-story\"> <\/span>\n\t\t\t<\/div>\n\t\t\t\n<p class=\"cff-date\" > 1 mese fa <\/p>\n\t\t\t<\/div>\n\t<div class=\"cff-author-img \" data-avatar=\"https:\/\/scontent-fco2-1.xx.fbcdn.net\/v\/t39.30808-1\/505305908_578397355329519_7689205973474878527_n.jpg?stp=cp0_dst-jpg_s50x50_tt6&#038;_nc_cat=102&#038;ccb=1-7&#038;_nc_sid=f907e8&#038;_nc_ohc=HZ7v_QdjqAYQ7kNvwGTrl0Z&#038;_nc_oc=AdpZ3UGl2-nQ_9PnmFgK6KNQ90C0h6yDxloiQrypk4D9zSPY-DEsv0_ci-e6Ykm-VDg&#038;_nc_zt=24&#038;_nc_ht=scontent-fco2-1.xx&#038;edm=AKIiGfEEAAAA&#038;_nc_gid=G_qpB68a2CjOYNioceM1tw&#038;_nc_tpa=Q5bMBQElFfp5AOxJ_Y_VUm1aHkRToNP_J4SQc_9TLX1RLV1pgjec9IYQZQE-gX78IB3pqvcoHk3J55MnlA&#038;oh=00_AQBHoUex11p-pDnlfq7bNOsI1yvGUJoYZrqpxfRvFkBBrA&#038;oe=6A6457E4\">\n\t\t<a href=\"https:\/\/facebook.com\/109703165528845\" target=\"_blank\" rel=\"nofollow noopener\" ><img decoding=\"async\" src=\"https:\/\/scontent-fco2-1.xx.fbcdn.net\/v\/t39.30808-1\/505305908_578397355329519_7689205973474878527_n.jpg?stp=cp0_dst-jpg_s50x50_tt6&#038;_nc_cat=102&#038;ccb=1-7&#038;_nc_sid=f907e8&#038;_nc_ohc=HZ7v_QdjqAYQ7kNvwGTrl0Z&#038;_nc_oc=AdpZ3UGl2-nQ_9PnmFgK6KNQ90C0h6yDxloiQrypk4D9zSPY-DEsv0_ci-e6Ykm-VDg&#038;_nc_zt=24&#038;_nc_ht=scontent-fco2-1.xx&#038;edm=AKIiGfEEAAAA&#038;_nc_gid=G_qpB68a2CjOYNioceM1tw&#038;_nc_tpa=Q5bMBQElFfp5AOxJ_Y_VUm1aHkRToNP_J4SQc_9TLX1RLV1pgjec9IYQZQE-gX78IB3pqvcoHk3J55MnlA&#038;oh=00_AQBHoUex11p-pDnlfq7bNOsI1yvGUJoYZrqpxfRvFkBBrA&#038;oe=6A6457E4\" title=\"Matteo Piantedosi\" alt=\"Matteo Piantedosi\" width=40 height=40 onerror=\"this.style.display='none'\"><\/a>\n\t<\/div>\n<\/div>\n\n<div class=\"cff-post-text\" >\n\t<span class=\"cff-text\" data-color=\"\">\n\t\tLa mia intervista al Tg1.\t\t\t<\/span>\n\t<span class=\"cff-expand\">&#8230; <a href=\"#\" style=\"color: #\"><span class=\"cff-more\">Vedi altro<\/span><span class=\"cff-less\">Vedi meno\t<\/span><\/a><\/span>\n\n<\/div>\n\n<p class=\"cff-media-link\">\n\t<a href=\"https:\/\/www.facebook.com\/109703165528845\/posts\/903728452796406\" target=\"_blank\" style=\"color: #\">\n\t\t<span style=\"padding-right: 5px;\" class=\"fa fas fa-video-camera fa-video\"><\/span>Video\t<\/a>\n<\/p>\n\t<div class=\"cff-post-links\">\n\t\t\t\t\t<a class=\"cff-viewpost-facebook\" href=\"https:\/\/www.facebook.com\/109703165528845\/posts\/903728452796406\" title=\"View on Facebook\" target=\"_blank\" rel=\"nofollow noopener\" >View on Facebook<\/a>\n\t\t\t\t\t\t\t<div class=\"cff-share-container\">\n\t\t\t\t\t\t\t\t\t<span class=\"cff-dot\" >&middot;<\/span>\n\t\t\t\t\t\t\t\t<a class=\"cff-share-link\" href=\"https:\/\/www.facebook.com\/sharer\/sharer.php?u=https%3A%2F%2Fwww.facebook.com%2F109703165528845%2Fposts%2F903728452796406\" title=\"Share\" >Share<\/a>\n\t\t\t\t<p class=\"cff-share-tooltip\">\n\t\t\t\t\t\t\t\t\t\t\t<a href=\"https:\/\/www.facebook.com\/sharer\/sharer.php?u=https%3A%2F%2Fwww.facebook.com%2F109703165528845%2Fposts%2F903728452796406\" target=\"_blank\" rel=\"noopener noreferrer\" class=\"cff-facebook-icon\">\n\t\t\t\t\t\t\t<span class=\"fa fab fa-facebook-square\" aria-hidden=\"true\"><\/span>\n\t\t\t\t\t\t\t<span class=\"cff-screenreader\">Share on Facebook<\/span>\n\t\t\t\t\t\t<\/a>\n\t\t\t\t\t\t\t\t\t\t\t<a href=\"https:\/\/twitter.com\/intent\/tweet?text=https%3A%2F%2Fwww.facebook.com%2F109703165528845%2Fposts%2F903728452796406\" target=\"_blank\" rel=\"noopener noreferrer\" class=\"cff-twitter-icon\">\n\t\t\t\t\t\t\t<span class=\"fa fab fa-twitter\" aria-hidden=\"true\"><\/span>\n\t\t\t\t\t\t\t<span class=\"cff-screenreader\">Share on Twitter<\/span>\n\t\t\t\t\t\t<\/a>\n\t\t\t\t\t\t\t\t\t\t\t<a href=\"https:\/\/www.linkedin.com\/shareArticle?mini=true&#038;url=https%3A%2F%2Fwww.facebook.com%2F109703165528845%2Fposts%2F903728452796406&#038;title=%09%09%09La%20mia%20intervista%20al%20Tg1.%09%09%09%09\" target=\"_blank\" rel=\"noopener noreferrer\" class=\"cff-linkedin-icon\">\n\t\t\t\t\t\t\t<span class=\"fa fab fa-linkedin\" aria-hidden=\"true\"><\/span>\n\t\t\t\t\t\t\t<span class=\"cff-screenreader\">Share on Linked In<\/span>\n\t\t\t\t\t\t<\/a>\n\t\t\t\t\t\t\t\t\t\t\t<a href=\"mailto:?subject=Facebook&#038;body=https%3A%2F%2Fwww.facebook.com%2F109703165528845%2Fposts%2F903728452796406%20-%20%0A%0A%09%0A%09%09La%20mia%20intervista%20al%20Tg1.%09%09%09%0A%09\" target=\"_blank\" rel=\"noopener noreferrer\" class=\"cff-email-icon\">\n\t\t\t\t\t\t\t<span class=\"fa fab fa-envelope\" aria-hidden=\"true\"><\/span>\n\t\t\t\t\t\t\t<span class=\"cff-screenreader\">Share by Email<\/span>\n\t\t\t\t\t\t<\/a>\n\t\t\t\t\t\t\t\t\t<\/p>\n\t\t\t<\/div>\n\t\t\t<\/div>\n\t<\/div>\n\n\n\n<div id=\"cff_109703165528845_903611372808114\" class=\"cff-item cff-video-post cff-box author-matteo-piantedosi\" >\n\t<div class=\"cff-author\">\n\t<div class=\"cff-author-text\">\n\t\t\t\t\t<div class=\"cff-page-name cff-author-date\" >\n\t\t\t\t<a href=\"https:\/\/facebook.com\/109703165528845\" target=\"_blank\" rel=\"nofollow noopener\" >Matteo Piantedosi<\/a>\n\t\t\t\t<span class=\"cff-story\"> <\/span>\n\t\t\t<\/div>\n\t\t\t\n<p class=\"cff-date\" > 1 mese fa <\/p>\n\t\t\t<\/div>\n\t<div class=\"cff-author-img \" data-avatar=\"https:\/\/scontent-fco2-1.xx.fbcdn.net\/v\/t39.30808-1\/505305908_578397355329519_7689205973474878527_n.jpg?stp=cp0_dst-jpg_s50x50_tt6&#038;_nc_cat=102&#038;ccb=1-7&#038;_nc_sid=f907e8&#038;_nc_ohc=HZ7v_QdjqAYQ7kNvwGTrl0Z&#038;_nc_oc=AdpZ3UGl2-nQ_9PnmFgK6KNQ90C0h6yDxloiQrypk4D9zSPY-DEsv0_ci-e6Ykm-VDg&#038;_nc_zt=24&#038;_nc_ht=scontent-fco2-1.xx&#038;edm=AKIiGfEEAAAA&#038;_nc_gid=G_qpB68a2CjOYNioceM1tw&#038;_nc_tpa=Q5bMBQElFfp5AOxJ_Y_VUm1aHkRToNP_J4SQc_9TLX1RLV1pgjec9IYQZQE-gX78IB3pqvcoHk3J55MnlA&#038;oh=00_AQBHoUex11p-pDnlfq7bNOsI1yvGUJoYZrqpxfRvFkBBrA&#038;oe=6A6457E4\">\n\t\t<a href=\"https:\/\/facebook.com\/109703165528845\" target=\"_blank\" rel=\"nofollow noopener\" ><img decoding=\"async\" src=\"https:\/\/scontent-fco2-1.xx.fbcdn.net\/v\/t39.30808-1\/505305908_578397355329519_7689205973474878527_n.jpg?stp=cp0_dst-jpg_s50x50_tt6&#038;_nc_cat=102&#038;ccb=1-7&#038;_nc_sid=f907e8&#038;_nc_ohc=HZ7v_QdjqAYQ7kNvwGTrl0Z&#038;_nc_oc=AdpZ3UGl2-nQ_9PnmFgK6KNQ90C0h6yDxloiQrypk4D9zSPY-DEsv0_ci-e6Ykm-VDg&#038;_nc_zt=24&#038;_nc_ht=scontent-fco2-1.xx&#038;edm=AKIiGfEEAAAA&#038;_nc_gid=G_qpB68a2CjOYNioceM1tw&#038;_nc_tpa=Q5bMBQElFfp5AOxJ_Y_VUm1aHkRToNP_J4SQc_9TLX1RLV1pgjec9IYQZQE-gX78IB3pqvcoHk3J55MnlA&#038;oh=00_AQBHoUex11p-pDnlfq7bNOsI1yvGUJoYZrqpxfRvFkBBrA&#038;oe=6A6457E4\" title=\"Matteo Piantedosi\" alt=\"Matteo Piantedosi\" width=40 height=40 onerror=\"this.style.display='none'\"><\/a>\n\t<\/div>\n<\/div>\n\n<div class=\"cff-post-text\" >\n\t<span class=\"cff-text\" data-color=\"\">\n\t\tAmmontano a 159 milioni di euro le risorse oggetto dell\u2019accordo per l\u2019impiego del Fondo per l\u2019efficienza dei servizi istituzionali 2025, sottoscritto oggi al Viminale con i rappresentanti delle organizzazioni sindacali del personale della Polizia di Stato.<img class=\"cff-linebreak\" \/><img class=\"cff-linebreak\" \/>Un rilevante stanziamento che ha l\u2019obiettivo di premiare con specifici incentivi gli operatori chiamati a fronteggiare situazioni di particolare disagio e responsabilit\u00e0. I fondi consentono di valorizzare ulteriormente le funzioni e le attivit\u00e0 della Polizia, restituendo ancora maggior efficacia agli interventi realizzati sul territorio per garantire sicurezza e legalit\u00e0. <img class=\"cff-linebreak\" \/><img class=\"cff-linebreak\" \/>L&#039;accordo di oggi cade a pochi giorni da un&#039;altra importante intesa, quella per il rinnovo del contratto delle Forze di polizia, il secondo in meno di due anni. Non si tratta solo di doverosi riconoscimenti economici: la sicurezza per questo Esecutivo rappresenta un investimento fondamentale per la crescita e lo sviluppo dei territori. E in questa ottica siamo fermamente convinti che, per fare sempre di pi\u00f9 e meglio, \u00e8 necessario prima di tutto investire sul benessere, sulle tutele e sulla valorizzazione di chi ogni giorno \u00e8 al servizio del Paese.\t\t\t<\/span>\n\t<span class=\"cff-expand\">&#8230; <a href=\"#\" style=\"color: #\"><span class=\"cff-more\">Vedi altro<\/span><span class=\"cff-less\">Vedi meno\t<\/span><\/a><\/span>\n\n<\/div>\n\n<p class=\"cff-media-link\">\n\t<a href=\"https:\/\/www.facebook.com\/109703165528845\/posts\/903611372808114\" target=\"_blank\" style=\"color: #\">\n\t\t<span style=\"padding-right: 5px;\" class=\"fa fas fa-video-camera fa-video\"><\/span>Video\t<\/a>\n<\/p>\n\t<div class=\"cff-post-links\">\n\t\t\t\t\t<a class=\"cff-viewpost-facebook\" href=\"https:\/\/www.facebook.com\/109703165528845\/posts\/903611372808114\" title=\"View on Facebook\" target=\"_blank\" rel=\"nofollow noopener\" >View on Facebook<\/a>\n\t\t\t\t\t\t\t<div class=\"cff-share-container\">\n\t\t\t\t\t\t\t\t\t<span class=\"cff-dot\" >&middot;<\/span>\n\t\t\t\t\t\t\t\t<a class=\"cff-share-link\" href=\"https:\/\/www.facebook.com\/sharer\/sharer.php?u=https%3A%2F%2Fwww.facebook.com%2F109703165528845%2Fposts%2F903611372808114\" title=\"Share\" >Share<\/a>\n\t\t\t\t<p class=\"cff-share-tooltip\">\n\t\t\t\t\t\t\t\t\t\t\t<a href=\"https:\/\/www.facebook.com\/sharer\/sharer.php?u=https%3A%2F%2Fwww.facebook.com%2F109703165528845%2Fposts%2F903611372808114\" target=\"_blank\" rel=\"noopener noreferrer\" class=\"cff-facebook-icon\">\n\t\t\t\t\t\t\t<span class=\"fa fab fa-facebook-square\" aria-hidden=\"true\"><\/span>\n\t\t\t\t\t\t\t<span class=\"cff-screenreader\">Share on Facebook<\/span>\n\t\t\t\t\t\t<\/a>\n\t\t\t\t\t\t\t\t\t\t\t<a href=\"https:\/\/twitter.com\/intent\/tweet?text=https%3A%2F%2Fwww.facebook.com%2F109703165528845%2Fposts%2F903611372808114\" target=\"_blank\" rel=\"noopener noreferrer\" class=\"cff-twitter-icon\">\n\t\t\t\t\t\t\t<span class=\"fa fab fa-twitter\" aria-hidden=\"true\"><\/span>\n\t\t\t\t\t\t\t<span class=\"cff-screenreader\">Share on Twitter<\/span>\n\t\t\t\t\t\t<\/a>\n\t\t\t\t\t\t\t\t\t\t\t<a href=\"https:\/\/www.linkedin.com\/shareArticle?mini=true&#038;url=https%3A%2F%2Fwww.facebook.com%2F109703165528845%2Fposts%2F903611372808114&#038;title=%09%09%09Ammontano%20a%20159%20milioni%20di%20euro%20le%20risorse%20oggetto%20dell%E2%80%99accordo%20per%20l%E2%80%99impiego%20del%20Fondo%20per%20l%E2%80%99efficienza%20dei%20servizi%20istituzionali%202025%2C%20sottoscritto%20oggi%20al%20Viminale%20con%20i%20rappresentanti%20delle%20organizzazioni%20sindacali%20del%20personale%20della%20Polizia%20di%20Stato.Un%20rilevante%20stanziamento%20che%20ha%20l%E2%80%99obiettivo%20di%20premiare%20con%20specifici%20incentivi%20gli%20operatori%20chiamati%20a%20fronteggiare%20situazioni%20di%20particolare%20disagio%20e%20responsabilit%C3%A0.%20I%20fondi%20consentono%20di%20valorizzare%20ulteriormente%20le%20funzioni%20e%20le%20attivit%C3%A0%20della%20Polizia%2C%20restituendo%20ancora%20maggior%20efficacia%20agli%20interventi%20realizzati%20sul%20territorio%20per%20garantire%20sicurezza%20e%20legalit%C3%A0.%20L%26%23039%3Baccordo%20di%20oggi%20cade%20a%20pochi%20giorni%20da%20un%26%23039%3Baltra%20importante%20intesa%2C%20quella%20per%20il%20rinnovo%20del%20contratto%20delle%20Forze%20di%20polizia%2C%20il%20secondo%20in%20meno%20di%20due%20anni.%20Non%20si%20tratta%20solo%20di%20doverosi%20riconoscimenti%20economici%3A%20la%20sicurezza%20per%20questo%20Esecutivo%20rappresenta%20un%20investimento%20fondamentale%20per%20la%20crescita%20e%20lo%20sviluppo%20dei%20territori.%20E%20in%20questa%20ottica%20siamo%20fermamente%20convinti%20che%2C%20per%20fare%20sempre%20di%20pi%C3%B9%20e%20meglio%2C%20%C3%A8%20necessario%20prima%20di%20tutto%20investire%20sul%20benessere%2C%20sulle%20tutele%20e%20sulla%20valorizzazione%20di%20chi%20ogni%20giorno%20%C3%A8%20al%20servizio%20del%20Paese.%09%09%09%09\" target=\"_blank\" rel=\"noopener noreferrer\" class=\"cff-linkedin-icon\">\n\t\t\t\t\t\t\t<span class=\"fa fab fa-linkedin\" aria-hidden=\"true\"><\/span>\n\t\t\t\t\t\t\t<span class=\"cff-screenreader\">Share on Linked In<\/span>\n\t\t\t\t\t\t<\/a>\n\t\t\t\t\t\t\t\t\t\t\t<a href=\"mailto:?subject=Facebook&#038;body=https%3A%2F%2Fwww.facebook.com%2F109703165528845%2Fposts%2F903611372808114%20-%20%0A%0A%09%0A%09%09Ammontano%20a%20159%20milioni%20di%20euro%20le%20risorse%20oggetto%20dell%E2%80%99accordo%20per%20l%E2%80%99impiego%20del%20Fondo%20per%20l%E2%80%99efficienza%20dei%20servizi%20istituzionali%202025%2C%20sottoscritto%20oggi%20al%20Viminale%20con%20i%20rappresentanti%20delle%20organizzazioni%20sindacali%20del%20personale%20della%20Polizia%20di%20Stato.Un%20rilevante%20stanziamento%20che%20ha%20l%E2%80%99obiettivo%20di%20premiare%20con%20specifici%20incentivi%20gli%20operatori%20chiamati%20a%20fronteggiare%20situazioni%20di%20particolare%20disagio%20e%20responsabilit%C3%A0.%20I%20fondi%20consentono%20di%20valorizzare%20ulteriormente%20le%20funzioni%20e%20le%20attivit%C3%A0%20della%20Polizia%2C%20restituendo%20ancora%20maggior%20efficacia%20agli%20interventi%20realizzati%20sul%20territorio%20per%20garantire%20sicurezza%20e%20legalit%C3%A0.%20L%26%23039%3Baccordo%20di%20oggi%20cade%20a%20pochi%20giorni%20da%20un%26%23039%3Baltra%20importante%20intesa%2C%20quella%20per%20il%20rinnovo%20del%20contratto%20delle%20Forze%20di%20polizia%2C%20il%20secondo%20in%20meno%20di%20due%20anni.%20Non%20si%20tratta%20solo%20di%20doverosi%20riconoscimenti%20economici%3A%20la%20sicurezza%20per%20questo%20Esecutivo%20rappresenta%20un%20investimento%20fondamentale%20per%20la%20crescita%20e%20lo%20sviluppo%20dei%20territori.%20E%20in%20questa%20ottica%20siamo%20fermamente%20convinti%20che%2C%20per%20fare%20sempre%20di%20pi%C3%B9%20e%20meglio%2C%20%C3%A8%20necessario%20prima%20di%20tutto%20investire%20sul%20benessere%2C%20sulle%20tutele%20e%20sulla%20valorizzazione%20di%20chi%20ogni%20giorno%20%C3%A8%20al%20servizio%20del%20Paese.%09%09%09%0A%09\" target=\"_blank\" rel=\"noopener noreferrer\" class=\"cff-email-icon\">\n\t\t\t\t\t\t\t<span class=\"fa fab fa-envelope\" aria-hidden=\"true\"><\/span>\n\t\t\t\t\t\t\t<span class=\"cff-screenreader\">Share by Email<\/span>\n\t\t\t\t\t\t<\/a>\n\t\t\t\t\t\t\t\t\t<\/p>\n\t\t\t<\/div>\n\t\t\t<\/div>\n\t<\/div>\n\n\n\n<div id=\"cff_109703165528845_903464336156151\" class=\"cff-item cff-video-post cff-box author-matteo-piantedosi\" >\n\t<div class=\"cff-author\">\n\t<div class=\"cff-author-text\">\n\t\t\t\t\t<div class=\"cff-page-name cff-author-date\" >\n\t\t\t\t<a href=\"https:\/\/facebook.com\/109703165528845\" target=\"_blank\" rel=\"nofollow noopener\" >Matteo Piantedosi<\/a>\n\t\t\t\t<span class=\"cff-story\"> <\/span>\n\t\t\t<\/div>\n\t\t\t\n<p class=\"cff-date\" > 1 mese fa <\/p>\n\t\t\t<\/div>\n\t<div class=\"cff-author-img \" data-avatar=\"https:\/\/scontent-fco2-1.xx.fbcdn.net\/v\/t39.30808-1\/505305908_578397355329519_7689205973474878527_n.jpg?stp=cp0_dst-jpg_s50x50_tt6&#038;_nc_cat=102&#038;ccb=1-7&#038;_nc_sid=f907e8&#038;_nc_ohc=HZ7v_QdjqAYQ7kNvwGTrl0Z&#038;_nc_oc=AdpZ3UGl2-nQ_9PnmFgK6KNQ90C0h6yDxloiQrypk4D9zSPY-DEsv0_ci-e6Ykm-VDg&#038;_nc_zt=24&#038;_nc_ht=scontent-fco2-1.xx&#038;edm=AKIiGfEEAAAA&#038;_nc_gid=G_qpB68a2CjOYNioceM1tw&#038;_nc_tpa=Q5bMBQElFfp5AOxJ_Y_VUm1aHkRToNP_J4SQc_9TLX1RLV1pgjec9IYQZQE-gX78IB3pqvcoHk3J55MnlA&#038;oh=00_AQBHoUex11p-pDnlfq7bNOsI1yvGUJoYZrqpxfRvFkBBrA&#038;oe=6A6457E4\">\n\t\t<a href=\"https:\/\/facebook.com\/109703165528845\" target=\"_blank\" rel=\"nofollow noopener\" ><img decoding=\"async\" src=\"https:\/\/scontent-fco2-1.xx.fbcdn.net\/v\/t39.30808-1\/505305908_578397355329519_7689205973474878527_n.jpg?stp=cp0_dst-jpg_s50x50_tt6&#038;_nc_cat=102&#038;ccb=1-7&#038;_nc_sid=f907e8&#038;_nc_ohc=HZ7v_QdjqAYQ7kNvwGTrl0Z&#038;_nc_oc=AdpZ3UGl2-nQ_9PnmFgK6KNQ90C0h6yDxloiQrypk4D9zSPY-DEsv0_ci-e6Ykm-VDg&#038;_nc_zt=24&#038;_nc_ht=scontent-fco2-1.xx&#038;edm=AKIiGfEEAAAA&#038;_nc_gid=G_qpB68a2CjOYNioceM1tw&#038;_nc_tpa=Q5bMBQElFfp5AOxJ_Y_VUm1aHkRToNP_J4SQc_9TLX1RLV1pgjec9IYQZQE-gX78IB3pqvcoHk3J55MnlA&#038;oh=00_AQBHoUex11p-pDnlfq7bNOsI1yvGUJoYZrqpxfRvFkBBrA&#038;oe=6A6457E4\" title=\"Matteo Piantedosi\" alt=\"Matteo Piantedosi\" width=40 height=40 onerror=\"this.style.display='none'\"><\/a>\n\t<\/div>\n<\/div>\n\n<div class=\"cff-post-text\" >\n\t<span class=\"cff-text\" data-color=\"\">\n\t\tMaxi sequestro della Guardia di Finanza a Catania: oltre 100 kg di hashish e marijuana sottratti alla criminalit\u00e0. Il blitz dei militari \u00e8 scattato in una villa a Nicolosi, trasformata in deposito e area di coltivazione dello stupefacente. 3 soggetti presenti nella struttura, sorpresi mentre gestivano la coltivazione e il confezionamento della sostanza, sono stati arrestati. La droga sequestrata, se immessa nelle piazze di spaccio, avrebbe potuto fruttare oltre 800 mila euro.\t\t\t<\/span>\n\t<span class=\"cff-expand\">&#8230; <a href=\"#\" style=\"color: #\"><span class=\"cff-more\">Vedi altro<\/span><span class=\"cff-less\">Vedi meno\t<\/span><\/a><\/span>\n\n<\/div>\n\n<p class=\"cff-media-link\">\n\t<a href=\"https:\/\/www.facebook.com\/109703165528845\/posts\/903464336156151\" target=\"_blank\" style=\"color: #\">\n\t\t<span style=\"padding-right: 5px;\" class=\"fa fas fa-video-camera fa-video\"><\/span>Video\t<\/a>\n<\/p>\n\t<div class=\"cff-post-links\">\n\t\t\t\t\t<a class=\"cff-viewpost-facebook\" href=\"https:\/\/www.facebook.com\/109703165528845\/posts\/903464336156151\" title=\"View on Facebook\" target=\"_blank\" rel=\"nofollow noopener\" >View on Facebook<\/a>\n\t\t\t\t\t\t\t<div class=\"cff-share-container\">\n\t\t\t\t\t\t\t\t\t<span class=\"cff-dot\" >&middot;<\/span>\n\t\t\t\t\t\t\t\t<a class=\"cff-share-link\" href=\"https:\/\/www.facebook.com\/sharer\/sharer.php?u=https%3A%2F%2Fwww.facebook.com%2F109703165528845%2Fposts%2F903464336156151\" title=\"Share\" >Share<\/a>\n\t\t\t\t<p class=\"cff-share-tooltip\">\n\t\t\t\t\t\t\t\t\t\t\t<a href=\"https:\/\/www.facebook.com\/sharer\/sharer.php?u=https%3A%2F%2Fwww.facebook.com%2F109703165528845%2Fposts%2F903464336156151\" target=\"_blank\" rel=\"noopener noreferrer\" class=\"cff-facebook-icon\">\n\t\t\t\t\t\t\t<span class=\"fa fab fa-facebook-square\" aria-hidden=\"true\"><\/span>\n\t\t\t\t\t\t\t<span class=\"cff-screenreader\">Share on Facebook<\/span>\n\t\t\t\t\t\t<\/a>\n\t\t\t\t\t\t\t\t\t\t\t<a href=\"https:\/\/twitter.com\/intent\/tweet?text=https%3A%2F%2Fwww.facebook.com%2F109703165528845%2Fposts%2F903464336156151\" target=\"_blank\" rel=\"noopener noreferrer\" class=\"cff-twitter-icon\">\n\t\t\t\t\t\t\t<span class=\"fa fab fa-twitter\" aria-hidden=\"true\"><\/span>\n\t\t\t\t\t\t\t<span class=\"cff-screenreader\">Share on Twitter<\/span>\n\t\t\t\t\t\t<\/a>\n\t\t\t\t\t\t\t\t\t\t\t<a href=\"https:\/\/www.linkedin.com\/shareArticle?mini=true&#038;url=https%3A%2F%2Fwww.facebook.com%2F109703165528845%2Fposts%2F903464336156151&#038;title=%09%09%09Maxi%20sequestro%20della%20Guardia%20di%20Finanza%20a%20Catania%3A%20oltre%20100%20kg%20di%20hashish%20e%20marijuana%20sottratti%20alla%20criminalit%C3%A0.%20Il%20blitz%20dei%20militari%20%C3%A8%20scattato%20in%20una%20villa%20a%20Nicolosi%2C%20trasformata%20in%20deposito%20e%20area%20di%20coltivazione%20dello%20stupefacente.%203%20soggetti%20presenti%20nella%20struttura%2C%20sorpresi%20mentre%20gestivano%20la%20coltivazione%20e%20il%20confezionamento%20della%20sostanza%2C%20sono%20stati%20arrestati.%20La%20droga%20sequestrata%2C%20se%20immessa%20nelle%20piazze%20di%20spaccio%2C%20avrebbe%20potuto%20fruttare%20oltre%20800%20mila%20euro.%09%09%09%09\" target=\"_blank\" rel=\"noopener noreferrer\" class=\"cff-linkedin-icon\">\n\t\t\t\t\t\t\t<span class=\"fa fab fa-linkedin\" aria-hidden=\"true\"><\/span>\n\t\t\t\t\t\t\t<span class=\"cff-screenreader\">Share on Linked In<\/span>\n\t\t\t\t\t\t<\/a>\n\t\t\t\t\t\t\t\t\t\t\t<a href=\"mailto:?subject=Facebook&#038;body=https%3A%2F%2Fwww.facebook.com%2F109703165528845%2Fposts%2F903464336156151%20-%20%0A%0A%09%0A%09%09Maxi%20sequestro%20della%20Guardia%20di%20Finanza%20a%20Catania%3A%20oltre%20100%20kg%20di%20hashish%20e%20marijuana%20sottratti%20alla%20criminalit%C3%A0.%20Il%20blitz%20dei%20militari%20%C3%A8%20scattato%20in%20una%20villa%20a%20Nicolosi%2C%20trasformata%20in%20deposito%20e%20area%20di%20coltivazione%20dello%20stupefacente.%203%20soggetti%20presenti%20nella%20struttura%2C%20sorpresi%20mentre%20gestivano%20la%20coltivazione%20e%20il%20confezionamento%20della%20sostanza%2C%20sono%20stati%20arrestati.%20La%20droga%20sequestrata%2C%20se%20immessa%20nelle%20piazze%20di%20spaccio%2C%20avrebbe%20potuto%20fruttare%20oltre%20800%20mila%20euro.%09%09%09%0A%09\" target=\"_blank\" rel=\"noopener noreferrer\" class=\"cff-email-icon\">\n\t\t\t\t\t\t\t<span class=\"fa fab fa-envelope\" aria-hidden=\"true\"><\/span>\n\t\t\t\t\t\t\t<span class=\"cff-screenreader\">Share by Email<\/span>\n\t\t\t\t\t\t<\/a>\n\t\t\t\t\t\t\t\t\t<\/p>\n\t\t\t<\/div>\n\t\t\t<\/div>\n\t<\/div>\n\n\n\n<div id=\"cff_109703165528845_903359702833281\" class=\"cff-item cff-photo-post cff-box author-matteo-piantedosi\" >\n\t<div class=\"cff-author\">\n\t<div class=\"cff-author-text\">\n\t\t\t\t\t<div class=\"cff-page-name cff-author-date\" >\n\t\t\t\t<a href=\"https:\/\/facebook.com\/109703165528845\" target=\"_blank\" rel=\"nofollow noopener\" >Matteo Piantedosi<\/a>\n\t\t\t\t<span class=\"cff-story\"> <\/span>\n\t\t\t<\/div>\n\t\t\t\n<p class=\"cff-date\" > 1 mese fa <\/p>\n\t\t\t<\/div>\n\t<div class=\"cff-author-img \" data-avatar=\"https:\/\/scontent-fco2-1.xx.fbcdn.net\/v\/t39.30808-1\/505305908_578397355329519_7689205973474878527_n.jpg?stp=cp0_dst-jpg_s50x50_tt6&#038;_nc_cat=102&#038;ccb=1-7&#038;_nc_sid=f907e8&#038;_nc_ohc=HZ7v_QdjqAYQ7kNvwGTrl0Z&#038;_nc_oc=AdpZ3UGl2-nQ_9PnmFgK6KNQ90C0h6yDxloiQrypk4D9zSPY-DEsv0_ci-e6Ykm-VDg&#038;_nc_zt=24&#038;_nc_ht=scontent-fco2-1.xx&#038;edm=AKIiGfEEAAAA&#038;_nc_gid=G_qpB68a2CjOYNioceM1tw&#038;_nc_tpa=Q5bMBQElFfp5AOxJ_Y_VUm1aHkRToNP_J4SQc_9TLX1RLV1pgjec9IYQZQE-gX78IB3pqvcoHk3J55MnlA&#038;oh=00_AQBHoUex11p-pDnlfq7bNOsI1yvGUJoYZrqpxfRvFkBBrA&#038;oe=6A6457E4\">\n\t\t<a href=\"https:\/\/facebook.com\/109703165528845\" target=\"_blank\" rel=\"nofollow noopener\" ><img decoding=\"async\" src=\"https:\/\/scontent-fco2-1.xx.fbcdn.net\/v\/t39.30808-1\/505305908_578397355329519_7689205973474878527_n.jpg?stp=cp0_dst-jpg_s50x50_tt6&#038;_nc_cat=102&#038;ccb=1-7&#038;_nc_sid=f907e8&#038;_nc_ohc=HZ7v_QdjqAYQ7kNvwGTrl0Z&#038;_nc_oc=AdpZ3UGl2-nQ_9PnmFgK6KNQ90C0h6yDxloiQrypk4D9zSPY-DEsv0_ci-e6Ykm-VDg&#038;_nc_zt=24&#038;_nc_ht=scontent-fco2-1.xx&#038;edm=AKIiGfEEAAAA&#038;_nc_gid=G_qpB68a2CjOYNioceM1tw&#038;_nc_tpa=Q5bMBQElFfp5AOxJ_Y_VUm1aHkRToNP_J4SQc_9TLX1RLV1pgjec9IYQZQE-gX78IB3pqvcoHk3J55MnlA&#038;oh=00_AQBHoUex11p-pDnlfq7bNOsI1yvGUJoYZrqpxfRvFkBBrA&#038;oe=6A6457E4\" title=\"Matteo Piantedosi\" alt=\"Matteo Piantedosi\" width=40 height=40 onerror=\"this.style.display='none'\"><\/a>\n\t<\/div>\n<\/div>\n\n<div class=\"cff-post-text\" >\n\t<span class=\"cff-text\" data-color=\"\">\n\t\tIn occasione del 161\u00b0 anniversario del Corpo delle Capitanerie di Porto &#8211; Guardia Costiera, un pensiero di gratitudine va a tutte le donne e gli uomini che ogni giorno lavorano per la sicurezza del nostro mare. Il loro impegno \u00e8 fondamentale anche nel contrasto all\u2019immigrazione irregolare e al traffico di esseri umani, un compito svolto con professionalit\u00e0, coraggio e spirito di servizio. Il Corpo delle Capitanerie di Porto vanta un lungo percorso di storia e dedizione al Paese che continua a dare risultati concreti, nel rispetto della legalit\u00e0 e della sicurezza dei nostri confini. Buon anniversario alla Guardia Costiera.\t\t\t<\/span>\n\t<span class=\"cff-expand\">&#8230; <a href=\"#\" style=\"color: #\"><span class=\"cff-more\">Vedi altro<\/span><span class=\"cff-less\">Vedi meno\t<\/span><\/a><\/span>\n\n<\/div>\n\n<p class=\"cff-media-link\">\n\t<a href=\"https:\/\/www.facebook.com\/photo.php?fbid=903359559499962&#038;set=a.137442376091688&#038;type=3\" target=\"_blank\" style=\"color: #\">\n\t\t<span style=\"padding-right: 5px;\" class=\"fa fas fa-picture-o fa-image\"><\/span>Foto\t<\/a>\n<\/p>\n\t<div class=\"cff-post-links\">\n\t\t\t\t\t<a class=\"cff-viewpost-facebook\" href=\"https:\/\/www.facebook.com\/photo.php?fbid=903359559499962&#038;set=a.137442376091688&#038;type=3\" title=\"View on Facebook\" target=\"_blank\" rel=\"nofollow noopener\" >View on Facebook<\/a>\n\t\t\t\t\t\t\t<div class=\"cff-share-container\">\n\t\t\t\t\t\t\t\t\t<span class=\"cff-dot\" >&middot;<\/span>\n\t\t\t\t\t\t\t\t<a class=\"cff-share-link\" href=\"https:\/\/www.facebook.com\/sharer\/sharer.php?u=https%3A%2F%2Fwww.facebook.com%2Fphoto.php%3Ffbid%3D903359559499962%26amp%3Bset%3Da.137442376091688%26amp%3Btype%3D3\" title=\"Share\" >Share<\/a>\n\t\t\t\t<p class=\"cff-share-tooltip\">\n\t\t\t\t\t\t\t\t\t\t\t<a href=\"https:\/\/www.facebook.com\/sharer\/sharer.php?u=https%3A%2F%2Fwww.facebook.com%2Fphoto.php%3Ffbid%3D903359559499962%26amp%3Bset%3Da.137442376091688%26amp%3Btype%3D3\" target=\"_blank\" rel=\"noopener noreferrer\" class=\"cff-facebook-icon\">\n\t\t\t\t\t\t\t<span class=\"fa fab fa-facebook-square\" aria-hidden=\"true\"><\/span>\n\t\t\t\t\t\t\t<span class=\"cff-screenreader\">Share on Facebook<\/span>\n\t\t\t\t\t\t<\/a>\n\t\t\t\t\t\t\t\t\t\t\t<a href=\"https:\/\/twitter.com\/intent\/tweet?text=https%3A%2F%2Fwww.facebook.com%2Fphoto.php%3Ffbid%3D903359559499962%26amp%3Bset%3Da.137442376091688%26amp%3Btype%3D3\" target=\"_blank\" rel=\"noopener noreferrer\" class=\"cff-twitter-icon\">\n\t\t\t\t\t\t\t<span class=\"fa fab fa-twitter\" aria-hidden=\"true\"><\/span>\n\t\t\t\t\t\t\t<span class=\"cff-screenreader\">Share on Twitter<\/span>\n\t\t\t\t\t\t<\/a>\n\t\t\t\t\t\t\t\t\t\t\t<a href=\"https:\/\/www.linkedin.com\/shareArticle?mini=true&#038;url=https%3A%2F%2Fwww.facebook.com%2Fphoto.php%3Ffbid%3D903359559499962%26amp%3Bset%3Da.137442376091688%26amp%3Btype%3D3&#038;title=%09%09%09In%20occasione%20del%20161%C2%B0%20anniversario%20del%20Corpo%20delle%20Capitanerie%20di%20Porto%20-%20Guardia%20Costiera%2C%20un%20pensiero%20di%20gratitudine%20va%20a%20tutte%20le%20donne%20e%20gli%20uomini%20che%20ogni%20giorno%20lavorano%20per%20la%20sicurezza%20del%20nostro%20mare.%20Il%20loro%20impegno%20%C3%A8%20fondamentale%20anche%20nel%20contrasto%20all%E2%80%99immigrazione%20irregolare%20e%20al%20traffico%20di%20esseri%20umani%2C%20un%20compito%20svolto%20con%20professionalit%C3%A0%2C%20coraggio%20e%20spirito%20di%20servizio.%20Il%20Corpo%20delle%20Capitanerie%20di%20Porto%20vanta%20un%20lungo%20percorso%20di%20storia%20e%20dedizione%20al%20Paese%20che%20continua%20a%20dare%20risultati%20concreti%2C%20nel%20rispetto%20della%20legalit%C3%A0%20e%20della%20sicurezza%20dei%20nostri%20confini.%20Buon%20anniversario%20alla%20Guardia%20Costiera.%09%09%09%09\" target=\"_blank\" rel=\"noopener noreferrer\" class=\"cff-linkedin-icon\">\n\t\t\t\t\t\t\t<span class=\"fa fab fa-linkedin\" aria-hidden=\"true\"><\/span>\n\t\t\t\t\t\t\t<span class=\"cff-screenreader\">Share on Linked In<\/span>\n\t\t\t\t\t\t<\/a>\n\t\t\t\t\t\t\t\t\t\t\t<a href=\"mailto:?subject=Facebook&#038;body=https%3A%2F%2Fwww.facebook.com%2Fphoto.php%3Ffbid%3D903359559499962%26amp%3Bset%3Da.137442376091688%26amp%3Btype%3D3%20-%20%0A%0A%09%0A%09%09In%20occasione%20del%20161%C2%B0%20anniversario%20del%20Corpo%20delle%20Capitanerie%20di%20Porto%20-%20Guardia%20Costiera%2C%20un%20pensiero%20di%20gratitudine%20va%20a%20tutte%20le%20donne%20e%20gli%20uomini%20che%20ogni%20giorno%20lavorano%20per%20la%20sicurezza%20del%20nostro%20mare.%20Il%20loro%20impegno%20%C3%A8%20fondamentale%20anche%20nel%20contrasto%20all%E2%80%99immigrazione%20irregolare%20e%20al%20traffico%20di%20esseri%20umani%2C%20un%20compito%20svolto%20con%20professionalit%C3%A0%2C%20coraggio%20e%20spirito%20di%20servizio.%20Il%20Corpo%20delle%20Capitanerie%20di%20Porto%20vanta%20un%20lungo%20percorso%20di%20storia%20e%20dedizione%20al%20Paese%20che%20continua%20a%20dare%20risultati%20concreti%2C%20nel%20rispetto%20della%20legalit%C3%A0%20e%20della%20sicurezza%20dei%20nostri%20confini.%20Buon%20anniversario%20alla%20Guardia%20Costiera.%09%09%09%0A%09\" target=\"_blank\" rel=\"noopener noreferrer\" class=\"cff-email-icon\">\n\t\t\t\t\t\t\t<span class=\"fa fab fa-envelope\" aria-hidden=\"true\"><\/span>\n\t\t\t\t\t\t\t<span class=\"cff-screenreader\">Share by Email<\/span>\n\t\t\t\t\t\t<\/a>\n\t\t\t\t\t\t\t\t\t<\/p>\n\t\t\t<\/div>\n\t\t\t<\/div>\n\t<\/div>\n\n\n\n<div id=\"cff_109703165528845_903340592835192\" class=\"cff-item cff-video-post cff-box author-matteo-piantedosi\" >\n\t<div class=\"cff-author\">\n\t<div class=\"cff-author-text\">\n\t\t\t\t\t<div class=\"cff-page-name cff-author-date\" >\n\t\t\t\t<a href=\"https:\/\/facebook.com\/109703165528845\" target=\"_blank\" rel=\"nofollow noopener\" >Matteo Piantedosi<\/a>\n\t\t\t\t<span class=\"cff-story\"> <\/span>\n\t\t\t<\/div>\n\t\t\t\n<p class=\"cff-date\" > 1 mese fa <\/p>\n\t\t\t<\/div>\n\t<div class=\"cff-author-img \" data-avatar=\"https:\/\/scontent-fco2-1.xx.fbcdn.net\/v\/t39.30808-1\/505305908_578397355329519_7689205973474878527_n.jpg?stp=cp0_dst-jpg_s50x50_tt6&#038;_nc_cat=102&#038;ccb=1-7&#038;_nc_sid=f907e8&#038;_nc_ohc=HZ7v_QdjqAYQ7kNvwGTrl0Z&#038;_nc_oc=AdpZ3UGl2-nQ_9PnmFgK6KNQ90C0h6yDxloiQrypk4D9zSPY-DEsv0_ci-e6Ykm-VDg&#038;_nc_zt=24&#038;_nc_ht=scontent-fco2-1.xx&#038;edm=AKIiGfEEAAAA&#038;_nc_gid=G_qpB68a2CjOYNioceM1tw&#038;_nc_tpa=Q5bMBQElFfp5AOxJ_Y_VUm1aHkRToNP_J4SQc_9TLX1RLV1pgjec9IYQZQE-gX78IB3pqvcoHk3J55MnlA&#038;oh=00_AQBHoUex11p-pDnlfq7bNOsI1yvGUJoYZrqpxfRvFkBBrA&#038;oe=6A6457E4\">\n\t\t<a href=\"https:\/\/facebook.com\/109703165528845\" target=\"_blank\" rel=\"nofollow noopener\" ><img decoding=\"async\" src=\"https:\/\/scontent-fco2-1.xx.fbcdn.net\/v\/t39.30808-1\/505305908_578397355329519_7689205973474878527_n.jpg?stp=cp0_dst-jpg_s50x50_tt6&#038;_nc_cat=102&#038;ccb=1-7&#038;_nc_sid=f907e8&#038;_nc_ohc=HZ7v_QdjqAYQ7kNvwGTrl0Z&#038;_nc_oc=AdpZ3UGl2-nQ_9PnmFgK6KNQ90C0h6yDxloiQrypk4D9zSPY-DEsv0_ci-e6Ykm-VDg&#038;_nc_zt=24&#038;_nc_ht=scontent-fco2-1.xx&#038;edm=AKIiGfEEAAAA&#038;_nc_gid=G_qpB68a2CjOYNioceM1tw&#038;_nc_tpa=Q5bMBQElFfp5AOxJ_Y_VUm1aHkRToNP_J4SQc_9TLX1RLV1pgjec9IYQZQE-gX78IB3pqvcoHk3J55MnlA&#038;oh=00_AQBHoUex11p-pDnlfq7bNOsI1yvGUJoYZrqpxfRvFkBBrA&#038;oe=6A6457E4\" title=\"Matteo Piantedosi\" alt=\"Matteo Piantedosi\" width=40 height=40 onerror=\"this.style.display='none'\"><\/a>\n\t<\/div>\n<\/div>\n\n<div class=\"cff-post-text\" >\n\t<span class=\"cff-text\" data-color=\"\">\n\t\tUn plauso alla Polizia di Stato per la straordinaria operazione condotta contro la violenza giovanile, che ha interessato 44 province italiane e ha visto impegnati sul campo oltre 1.000 agenti delle squadre mobili insieme agli equipaggi dei reparti prevenzione crimine. 539 i soggetti arrestati, 954 quelli denunciati, con il sequestro di 136 armi e oltre 700kg di droga. <img class=\"cff-linebreak\" \/>Numeri che restituiscono la misura del coordinamento e della sinergia che ha contraddistinto l\u2019azione delle diverse questure, e testimoniano allo stesso tempo il costante e silenzioso impegno delle Forze dell\u2019ordine nel contrastare criminalit\u00e0 e degrado. <img class=\"cff-linebreak\" \/>A tutto il personale coinvolto va la nostra gratitudine per il coraggio e il senso del dovere con cui hanno affrontato situazioni ad alto rischio, per garantire la sicurezza dei cittadini e fornire risposte concrete alle comunit\u00e0 colpite da episodi di violenza. Un lavoro prezioso che merita il rispetto e il riconoscimento di tutti.\t\t\t<\/span>\n\t<span class=\"cff-expand\">&#8230; <a href=\"#\" style=\"color: #\"><span class=\"cff-more\">Vedi altro<\/span><span class=\"cff-less\">Vedi meno\t<\/span><\/a><\/span>\n\n<\/div>\n\n<p class=\"cff-media-link\">\n\t<a href=\"https:\/\/www.facebook.com\/109703165528845\/posts\/903340592835192\" target=\"_blank\" style=\"color: #\">\n\t\t<span style=\"padding-right: 5px;\" class=\"fa fas fa-video-camera fa-video\"><\/span>Video\t<\/a>\n<\/p>\n\t<div class=\"cff-post-links\">\n\t\t\t\t\t<a class=\"cff-viewpost-facebook\" href=\"https:\/\/www.facebook.com\/109703165528845\/posts\/903340592835192\" title=\"View on Facebook\" target=\"_blank\" rel=\"nofollow noopener\" >View on Facebook<\/a>\n\t\t\t\t\t\t\t<div class=\"cff-share-container\">\n\t\t\t\t\t\t\t\t\t<span class=\"cff-dot\" >&middot;<\/span>\n\t\t\t\t\t\t\t\t<a class=\"cff-share-link\" href=\"https:\/\/www.facebook.com\/sharer\/sharer.php?u=https%3A%2F%2Fwww.facebook.com%2F109703165528845%2Fposts%2F903340592835192\" title=\"Share\" >Share<\/a>\n\t\t\t\t<p class=\"cff-share-tooltip\">\n\t\t\t\t\t\t\t\t\t\t\t<a href=\"https:\/\/www.facebook.com\/sharer\/sharer.php?u=https%3A%2F%2Fwww.facebook.com%2F109703165528845%2Fposts%2F903340592835192\" target=\"_blank\" rel=\"noopener noreferrer\" class=\"cff-facebook-icon\">\n\t\t\t\t\t\t\t<span class=\"fa fab fa-facebook-square\" aria-hidden=\"true\"><\/span>\n\t\t\t\t\t\t\t<span class=\"cff-screenreader\">Share on Facebook<\/span>\n\t\t\t\t\t\t<\/a>\n\t\t\t\t\t\t\t\t\t\t\t<a href=\"https:\/\/twitter.com\/intent\/tweet?text=https%3A%2F%2Fwww.facebook.com%2F109703165528845%2Fposts%2F903340592835192\" target=\"_blank\" rel=\"noopener noreferrer\" class=\"cff-twitter-icon\">\n\t\t\t\t\t\t\t<span class=\"fa fab fa-twitter\" aria-hidden=\"true\"><\/span>\n\t\t\t\t\t\t\t<span class=\"cff-screenreader\">Share on Twitter<\/span>\n\t\t\t\t\t\t<\/a>\n\t\t\t\t\t\t\t\t\t\t\t<a href=\"https:\/\/www.linkedin.com\/shareArticle?mini=true&#038;url=https%3A%2F%2Fwww.facebook.com%2F109703165528845%2Fposts%2F903340592835192&#038;title=%09%09%09Un%20plauso%20alla%20Polizia%20di%20Stato%20per%20la%20straordinaria%20operazione%20condotta%20contro%20la%20violenza%20giovanile%2C%20che%20ha%20interessato%2044%20province%20italiane%20e%20ha%20visto%20impegnati%20sul%20campo%20oltre%201.000%20agenti%20delle%20squadre%20mobili%20insieme%20agli%20equipaggi%20dei%20reparti%20prevenzione%20crimine.%20539%20i%20soggetti%20arrestati%2C%20954%20quelli%20denunciati%2C%20con%20il%20sequestro%20di%20136%20armi%20e%20oltre%20700kg%20di%20droga.%20Numeri%20che%20restituiscono%20la%20misura%20del%20coordinamento%20e%20della%20sinergia%20che%20ha%20contraddistinto%20l%E2%80%99azione%20delle%20diverse%20questure%2C%20e%20testimoniano%20allo%20stesso%20tempo%20il%20costante%20e%20silenzioso%20impegno%20delle%20Forze%20dell%E2%80%99ordine%20nel%20contrastare%20criminalit%C3%A0%20e%20degrado.%20A%20tutto%20il%20personale%20coinvolto%20va%20la%20nostra%20gratitudine%20per%20il%20coraggio%20e%20il%20senso%20del%20dovere%20con%20cui%20hanno%20affrontato%20situazioni%20ad%20alto%20rischio%2C%20per%20garantire%20la%20sicurezza%20dei%20cittadini%20e%20fornire%20risposte%20concrete%20alle%20comunit%C3%A0%20colpite%20da%20episodi%20di%20violenza.%20Un%20lavoro%20prezioso%20che%20merita%20il%20rispetto%20e%20il%20riconoscimento%20di%20tutti.%09%09%09%09\" target=\"_blank\" rel=\"noopener noreferrer\" class=\"cff-linkedin-icon\">\n\t\t\t\t\t\t\t<span class=\"fa fab fa-linkedin\" aria-hidden=\"true\"><\/span>\n\t\t\t\t\t\t\t<span class=\"cff-screenreader\">Share on Linked In<\/span>\n\t\t\t\t\t\t<\/a>\n\t\t\t\t\t\t\t\t\t\t\t<a href=\"mailto:?subject=Facebook&#038;body=https%3A%2F%2Fwww.facebook.com%2F109703165528845%2Fposts%2F903340592835192%20-%20%0A%0A%09%0A%09%09Un%20plauso%20alla%20Polizia%20di%20Stato%20per%20la%20straordinaria%20operazione%20condotta%20contro%20la%20violenza%20giovanile%2C%20che%20ha%20interessato%2044%20province%20italiane%20e%20ha%20visto%20impegnati%20sul%20campo%20oltre%201.000%20agenti%20delle%20squadre%20mobili%20insieme%20agli%20equipaggi%20dei%20reparti%20prevenzione%20crimine.%20539%20i%20soggetti%20arrestati%2C%20954%20quelli%20denunciati%2C%20con%20il%20sequestro%20di%20136%20armi%20e%20oltre%20700kg%20di%20droga.%20Numeri%20che%20restituiscono%20la%20misura%20del%20coordinamento%20e%20della%20sinergia%20che%20ha%20contraddistinto%20l%E2%80%99azione%20delle%20diverse%20questure%2C%20e%20testimoniano%20allo%20stesso%20tempo%20il%20costante%20e%20silenzioso%20impegno%20delle%20Forze%20dell%E2%80%99ordine%20nel%20contrastare%20criminalit%C3%A0%20e%20degrado.%20A%20tutto%20il%20personale%20coinvolto%20va%20la%20nostra%20gratitudine%20per%20il%20coraggio%20e%20il%20senso%20del%20dovere%20con%20cui%20hanno%20affrontato%20situazioni%20ad%20alto%20rischio%2C%20per%20garantire%20la%20sicurezza%20dei%20cittadini%20e%20fornire%20risposte%20concrete%20alle%20comunit%C3%A0%20colpite%20da%20episodi%20di%20violenza.%20Un%20lavoro%20prezioso%20che%20merita%20il%20rispetto%20e%20il%20riconoscimento%20di%20tutti.%09%09%09%0A%09\" target=\"_blank\" rel=\"noopener noreferrer\" class=\"cff-email-icon\">\n\t\t\t\t\t\t\t<span class=\"fa fab fa-envelope\" aria-hidden=\"true\"><\/span>\n\t\t\t\t\t\t\t<span class=\"cff-screenreader\">Share by Email<\/span>\n\t\t\t\t\t\t<\/a>\n\t\t\t\t\t\t\t\t\t<\/p>\n\t\t\t<\/div>\n\t\t\t<\/div>\n\t<\/div>\n\n\n\n<div id=\"cff_109703165528845_903298139506104\" class=\"cff-item cff-photo-post cff-box author-matteo-piantedosi\" >\n\t<div class=\"cff-author\">\n\t<div class=\"cff-author-text\">\n\t\t\t\t\t<div class=\"cff-page-name cff-author-date\" >\n\t\t\t\t<a href=\"https:\/\/facebook.com\/109703165528845\" target=\"_blank\" rel=\"nofollow noopener\" >Matteo Piantedosi<\/a>\n\t\t\t\t<span class=\"cff-story\"> <\/span>\n\t\t\t<\/div>\n\t\t\t\n<p class=\"cff-date\" > 1 mese fa <\/p>\n\t\t\t<\/div>\n\t<div class=\"cff-author-img \" data-avatar=\"https:\/\/scontent-fco2-1.xx.fbcdn.net\/v\/t39.30808-1\/505305908_578397355329519_7689205973474878527_n.jpg?stp=cp0_dst-jpg_s50x50_tt6&#038;_nc_cat=102&#038;ccb=1-7&#038;_nc_sid=f907e8&#038;_nc_ohc=HZ7v_QdjqAYQ7kNvwGTrl0Z&#038;_nc_oc=AdpZ3UGl2-nQ_9PnmFgK6KNQ90C0h6yDxloiQrypk4D9zSPY-DEsv0_ci-e6Ykm-VDg&#038;_nc_zt=24&#038;_nc_ht=scontent-fco2-1.xx&#038;edm=AKIiGfEEAAAA&#038;_nc_gid=G_qpB68a2CjOYNioceM1tw&#038;_nc_tpa=Q5bMBQElFfp5AOxJ_Y_VUm1aHkRToNP_J4SQc_9TLX1RLV1pgjec9IYQZQE-gX78IB3pqvcoHk3J55MnlA&#038;oh=00_AQBHoUex11p-pDnlfq7bNOsI1yvGUJoYZrqpxfRvFkBBrA&#038;oe=6A6457E4\">\n\t\t<a href=\"https:\/\/facebook.com\/109703165528845\" target=\"_blank\" rel=\"nofollow noopener\" ><img decoding=\"async\" src=\"https:\/\/scontent-fco2-1.xx.fbcdn.net\/v\/t39.30808-1\/505305908_578397355329519_7689205973474878527_n.jpg?stp=cp0_dst-jpg_s50x50_tt6&#038;_nc_cat=102&#038;ccb=1-7&#038;_nc_sid=f907e8&#038;_nc_ohc=HZ7v_QdjqAYQ7kNvwGTrl0Z&#038;_nc_oc=AdpZ3UGl2-nQ_9PnmFgK6KNQ90C0h6yDxloiQrypk4D9zSPY-DEsv0_ci-e6Ykm-VDg&#038;_nc_zt=24&#038;_nc_ht=scontent-fco2-1.xx&#038;edm=AKIiGfEEAAAA&#038;_nc_gid=G_qpB68a2CjOYNioceM1tw&#038;_nc_tpa=Q5bMBQElFfp5AOxJ_Y_VUm1aHkRToNP_J4SQc_9TLX1RLV1pgjec9IYQZQE-gX78IB3pqvcoHk3J55MnlA&#038;oh=00_AQBHoUex11p-pDnlfq7bNOsI1yvGUJoYZrqpxfRvFkBBrA&#038;oe=6A6457E4\" title=\"Matteo Piantedosi\" alt=\"Matteo Piantedosi\" width=40 height=40 onerror=\"this.style.display='none'\"><\/a>\n\t<\/div>\n<\/div>\n\n<div class=\"cff-post-text\" >\n\t<span class=\"cff-text\" data-color=\"\">\n\t\tProsegue l\u2019impegno sul fronte dei rimpatri di cittadini stranieri irregolari in Italia. Sono 152 quelli ricondotti nei loro Paesi di origine la scorsa settimana.\t\t\t<\/span>\n\t<span class=\"cff-expand\">&#8230; <a href=\"#\" style=\"color: #\"><span class=\"cff-more\">Vedi altro<\/span><span class=\"cff-less\">Vedi meno\t<\/span><\/a><\/span>\n\n<\/div>\n\n<p class=\"cff-media-link\">\n\t<a href=\"https:\/\/www.facebook.com\/photo.php?fbid=903298059506112&#038;set=a.137442376091688&#038;type=3\" target=\"_blank\" style=\"color: #\">\n\t\t<span style=\"padding-right: 5px;\" class=\"fa fas fa-picture-o fa-image\"><\/span>Foto\t<\/a>\n<\/p>\n\t<div class=\"cff-post-links\">\n\t\t\t\t\t<a class=\"cff-viewpost-facebook\" href=\"https:\/\/www.facebook.com\/photo.php?fbid=903298059506112&#038;set=a.137442376091688&#038;type=3\" title=\"View on Facebook\" target=\"_blank\" rel=\"nofollow noopener\" >View on Facebook<\/a>\n\t\t\t\t\t\t\t<div class=\"cff-share-container\">\n\t\t\t\t\t\t\t\t\t<span class=\"cff-dot\" >&middot;<\/span>\n\t\t\t\t\t\t\t\t<a class=\"cff-share-link\" href=\"https:\/\/www.facebook.com\/sharer\/sharer.php?u=https%3A%2F%2Fwww.facebook.com%2Fphoto.php%3Ffbid%3D903298059506112%26amp%3Bset%3Da.137442376091688%26amp%3Btype%3D3\" title=\"Share\" >Share<\/a>\n\t\t\t\t<p class=\"cff-share-tooltip\">\n\t\t\t\t\t\t\t\t\t\t\t<a href=\"https:\/\/www.facebook.com\/sharer\/sharer.php?u=https%3A%2F%2Fwww.facebook.com%2Fphoto.php%3Ffbid%3D903298059506112%26amp%3Bset%3Da.137442376091688%26amp%3Btype%3D3\" target=\"_blank\" rel=\"noopener noreferrer\" class=\"cff-facebook-icon\">\n\t\t\t\t\t\t\t<span class=\"fa fab fa-facebook-square\" aria-hidden=\"true\"><\/span>\n\t\t\t\t\t\t\t<span class=\"cff-screenreader\">Share on Facebook<\/span>\n\t\t\t\t\t\t<\/a>\n\t\t\t\t\t\t\t\t\t\t\t<a href=\"https:\/\/twitter.com\/intent\/tweet?text=https%3A%2F%2Fwww.facebook.com%2Fphoto.php%3Ffbid%3D903298059506112%26amp%3Bset%3Da.137442376091688%26amp%3Btype%3D3\" target=\"_blank\" rel=\"noopener noreferrer\" class=\"cff-twitter-icon\">\n\t\t\t\t\t\t\t<span class=\"fa fab fa-twitter\" aria-hidden=\"true\"><\/span>\n\t\t\t\t\t\t\t<span class=\"cff-screenreader\">Share on Twitter<\/span>\n\t\t\t\t\t\t<\/a>\n\t\t\t\t\t\t\t\t\t\t\t<a href=\"https:\/\/www.linkedin.com\/shareArticle?mini=true&#038;url=https%3A%2F%2Fwww.facebook.com%2Fphoto.php%3Ffbid%3D903298059506112%26amp%3Bset%3Da.137442376091688%26amp%3Btype%3D3&#038;title=%09%09%09Prosegue%20l%E2%80%99impegno%20sul%20fronte%20dei%20rimpatri%20di%20cittadini%20stranieri%20irregolari%20in%20Italia.%20Sono%20152%20quelli%20ricondotti%20nei%20loro%20Paesi%20di%20origine%20la%20scorsa%20settimana.%09%09%09%09\" target=\"_blank\" rel=\"noopener noreferrer\" class=\"cff-linkedin-icon\">\n\t\t\t\t\t\t\t<span class=\"fa fab fa-linkedin\" aria-hidden=\"true\"><\/span>\n\t\t\t\t\t\t\t<span class=\"cff-screenreader\">Share on Linked In<\/span>\n\t\t\t\t\t\t<\/a>\n\t\t\t\t\t\t\t\t\t\t\t<a href=\"mailto:?subject=Facebook&#038;body=https%3A%2F%2Fwww.facebook.com%2Fphoto.php%3Ffbid%3D903298059506112%26amp%3Bset%3Da.137442376091688%26amp%3Btype%3D3%20-%20%0A%0A%09%0A%09%09Prosegue%20l%E2%80%99impegno%20sul%20fronte%20dei%20rimpatri%20di%20cittadini%20stranieri%20irregolari%20in%20Italia.%20Sono%20152%20quelli%20ricondotti%20nei%20loro%20Paesi%20di%20origine%20la%20scorsa%20settimana.%09%09%09%0A%09\" target=\"_blank\" rel=\"noopener noreferrer\" class=\"cff-email-icon\">\n\t\t\t\t\t\t\t<span class=\"fa fab fa-envelope\" aria-hidden=\"true\"><\/span>\n\t\t\t\t\t\t\t<span class=\"cff-screenreader\">Share by Email<\/span>\n\t\t\t\t\t\t<\/a>\n\t\t\t\t\t\t\t\t\t<\/p>\n\t\t\t<\/div>\n\t\t\t<\/div>\n\t<\/div>\n\n\n\n<div id=\"cff_109703165528845_902899186212666\" class=\"cff-item cff-photo-post cff-box author-matteo-piantedosi\" >\n\t<div class=\"cff-author\">\n\t<div class=\"cff-author-text\">\n\t\t\t\t\t<div class=\"cff-page-name cff-author-date\" >\n\t\t\t\t<a href=\"https:\/\/facebook.com\/109703165528845\" target=\"_blank\" rel=\"nofollow noopener\" >Matteo Piantedosi<\/a>\n\t\t\t\t<span class=\"cff-story\"> <\/span>\n\t\t\t<\/div>\n\t\t\t\n<p class=\"cff-date\" > 1 mese fa <\/p>\n\t\t\t<\/div>\n\t<div class=\"cff-author-img \" data-avatar=\"https:\/\/scontent-fco2-1.xx.fbcdn.net\/v\/t39.30808-1\/505305908_578397355329519_7689205973474878527_n.jpg?stp=cp0_dst-jpg_s50x50_tt6&#038;_nc_cat=102&#038;ccb=1-7&#038;_nc_sid=f907e8&#038;_nc_ohc=HZ7v_QdjqAYQ7kNvwGTrl0Z&#038;_nc_oc=AdpZ3UGl2-nQ_9PnmFgK6KNQ90C0h6yDxloiQrypk4D9zSPY-DEsv0_ci-e6Ykm-VDg&#038;_nc_zt=24&#038;_nc_ht=scontent-fco2-1.xx&#038;edm=AKIiGfEEAAAA&#038;_nc_gid=G_qpB68a2CjOYNioceM1tw&#038;_nc_tpa=Q5bMBQElFfp5AOxJ_Y_VUm1aHkRToNP_J4SQc_9TLX1RLV1pgjec9IYQZQE-gX78IB3pqvcoHk3J55MnlA&#038;oh=00_AQBHoUex11p-pDnlfq7bNOsI1yvGUJoYZrqpxfRvFkBBrA&#038;oe=6A6457E4\">\n\t\t<a href=\"https:\/\/facebook.com\/109703165528845\" target=\"_blank\" rel=\"nofollow noopener\" ><img decoding=\"async\" src=\"https:\/\/scontent-fco2-1.xx.fbcdn.net\/v\/t39.30808-1\/505305908_578397355329519_7689205973474878527_n.jpg?stp=cp0_dst-jpg_s50x50_tt6&#038;_nc_cat=102&#038;ccb=1-7&#038;_nc_sid=f907e8&#038;_nc_ohc=HZ7v_QdjqAYQ7kNvwGTrl0Z&#038;_nc_oc=AdpZ3UGl2-nQ_9PnmFgK6KNQ90C0h6yDxloiQrypk4D9zSPY-DEsv0_ci-e6Ykm-VDg&#038;_nc_zt=24&#038;_nc_ht=scontent-fco2-1.xx&#038;edm=AKIiGfEEAAAA&#038;_nc_gid=G_qpB68a2CjOYNioceM1tw&#038;_nc_tpa=Q5bMBQElFfp5AOxJ_Y_VUm1aHkRToNP_J4SQc_9TLX1RLV1pgjec9IYQZQE-gX78IB3pqvcoHk3J55MnlA&#038;oh=00_AQBHoUex11p-pDnlfq7bNOsI1yvGUJoYZrqpxfRvFkBBrA&#038;oe=6A6457E4\" title=\"Matteo Piantedosi\" alt=\"Matteo Piantedosi\" width=40 height=40 onerror=\"this.style.display='none'\"><\/a>\n\t<\/div>\n<\/div>\n\n<div class=\"cff-post-text\" >\n\t<span class=\"cff-text\" data-color=\"\">\n\t\tSi trovava in Salento per una giornata di mare con la famiglia Eugenio, poliziotto in servizio presso la Questura di Pesaro e Urbino, quando ha notato in lontananza una donna in difficolt\u00e0: il vento di tramontana aveva creato una corrente che la stava trascinando al largo, mentre suo marito gridava disperato dalla spiaggia. Senza esitare, Eugenio si \u00e8 tuffato. Ha raggiunto la donna, poi \u00e8 arrivato a nuoto anche il marito. Insieme, per oltre quaranta minuti, hanno lottato contro la corrente, fino a raggiungere, stremati ma salvi, la riva. Un gesto che dimostra come la divisa non \u00e8 solo quella che si indossa in servizio, ma un modo di essere al servizio dei cittadini, sempre.\t\t\t<\/span>\n\t<span class=\"cff-expand\">&#8230; <a href=\"#\" style=\"color: #\"><span class=\"cff-more\">Vedi altro<\/span><span class=\"cff-less\">Vedi meno\t<\/span><\/a><\/span>\n\n<\/div>\n\n<p class=\"cff-media-link\">\n\t<a href=\"https:\/\/www.facebook.com\/photo.php?fbid=902898756212709&#038;set=a.137442376091688&#038;type=3\" target=\"_blank\" style=\"color: #\">\n\t\t<span style=\"padding-right: 5px;\" class=\"fa fas fa-picture-o fa-image\"><\/span>Foto\t<\/a>\n<\/p>\n\t<div class=\"cff-post-links\">\n\t\t\t\t\t<a class=\"cff-viewpost-facebook\" href=\"https:\/\/www.facebook.com\/photo.php?fbid=902898756212709&#038;set=a.137442376091688&#038;type=3\" title=\"View on Facebook\" target=\"_blank\" rel=\"nofollow noopener\" >View on Facebook<\/a>\n\t\t\t\t\t\t\t<div class=\"cff-share-container\">\n\t\t\t\t\t\t\t\t\t<span class=\"cff-dot\" >&middot;<\/span>\n\t\t\t\t\t\t\t\t<a class=\"cff-share-link\" href=\"https:\/\/www.facebook.com\/sharer\/sharer.php?u=https%3A%2F%2Fwww.facebook.com%2Fphoto.php%3Ffbid%3D902898756212709%26amp%3Bset%3Da.137442376091688%26amp%3Btype%3D3\" title=\"Share\" >Share<\/a>\n\t\t\t\t<p class=\"cff-share-tooltip\">\n\t\t\t\t\t\t\t\t\t\t\t<a href=\"https:\/\/www.facebook.com\/sharer\/sharer.php?u=https%3A%2F%2Fwww.facebook.com%2Fphoto.php%3Ffbid%3D902898756212709%26amp%3Bset%3Da.137442376091688%26amp%3Btype%3D3\" target=\"_blank\" rel=\"noopener noreferrer\" class=\"cff-facebook-icon\">\n\t\t\t\t\t\t\t<span class=\"fa fab fa-facebook-square\" aria-hidden=\"true\"><\/span>\n\t\t\t\t\t\t\t<span class=\"cff-screenreader\">Share on Facebook<\/span>\n\t\t\t\t\t\t<\/a>\n\t\t\t\t\t\t\t\t\t\t\t<a href=\"https:\/\/twitter.com\/intent\/tweet?text=https%3A%2F%2Fwww.facebook.com%2Fphoto.php%3Ffbid%3D902898756212709%26amp%3Bset%3Da.137442376091688%26amp%3Btype%3D3\" target=\"_blank\" rel=\"noopener noreferrer\" class=\"cff-twitter-icon\">\n\t\t\t\t\t\t\t<span class=\"fa fab fa-twitter\" aria-hidden=\"true\"><\/span>\n\t\t\t\t\t\t\t<span class=\"cff-screenreader\">Share on Twitter<\/span>\n\t\t\t\t\t\t<\/a>\n\t\t\t\t\t\t\t\t\t\t\t<a href=\"https:\/\/www.linkedin.com\/shareArticle?mini=true&#038;url=https%3A%2F%2Fwww.facebook.com%2Fphoto.php%3Ffbid%3D902898756212709%26amp%3Bset%3Da.137442376091688%26amp%3Btype%3D3&#038;title=%09%09%09Si%20trovava%20in%20Salento%20per%20una%20giornata%20di%20mare%20con%20la%20famiglia%20Eugenio%2C%20poliziotto%20in%20servizio%20presso%20la%20Questura%20di%20Pesaro%20e%20Urbino%2C%20quando%20ha%20notato%20in%20lontananza%20una%20donna%20in%20difficolt%C3%A0%3A%20il%20vento%20di%20tramontana%20aveva%20creato%20una%20corrente%20che%20la%20stava%20trascinando%20al%20largo%2C%20mentre%20suo%20marito%20gridava%20disperato%20dalla%20spiaggia.%20Senza%20esitare%2C%20Eugenio%20si%20%C3%A8%20tuffato.%20Ha%20raggiunto%20la%20donna%2C%20poi%20%C3%A8%20arrivato%20a%20nuoto%20anche%20il%20marito.%20Insieme%2C%20per%20oltre%20quaranta%20minuti%2C%20hanno%20lottato%20contro%20la%20corrente%2C%20fino%20a%20raggiungere%2C%20stremati%20ma%20salvi%2C%20la%20riva.%20Un%20gesto%20che%20dimostra%20come%20la%20divisa%20non%20%C3%A8%20solo%20quella%20che%20si%20indossa%20in%20servizio%2C%20ma%20un%20modo%20di%20essere%20al%20servizio%20dei%20cittadini%2C%20sempre.%09%09%09%09\" target=\"_blank\" rel=\"noopener noreferrer\" class=\"cff-linkedin-icon\">\n\t\t\t\t\t\t\t<span class=\"fa fab fa-linkedin\" aria-hidden=\"true\"><\/span>\n\t\t\t\t\t\t\t<span class=\"cff-screenreader\">Share on Linked In<\/span>\n\t\t\t\t\t\t<\/a>\n\t\t\t\t\t\t\t\t\t\t\t<a href=\"mailto:?subject=Facebook&#038;body=https%3A%2F%2Fwww.facebook.com%2Fphoto.php%3Ffbid%3D902898756212709%26amp%3Bset%3Da.137442376091688%26amp%3Btype%3D3%20-%20%0A%0A%09%0A%09%09Si%20trovava%20in%20Salento%20per%20una%20giornata%20di%20mare%20con%20la%20famiglia%20Eugenio%2C%20poliziotto%20in%20servizio%20presso%20la%20Questura%20di%20Pesaro%20e%20Urbino%2C%20quando%20ha%20notato%20in%20lontananza%20una%20donna%20in%20difficolt%C3%A0%3A%20il%20vento%20di%20tramontana%20aveva%20creato%20una%20corrente%20che%20la%20stava%20trascinando%20al%20largo%2C%20mentre%20suo%20marito%20gridava%20disperato%20dalla%20spiaggia.%20Senza%20esitare%2C%20Eugenio%20si%20%C3%A8%20tuffato.%20Ha%20raggiunto%20la%20donna%2C%20poi%20%C3%A8%20arrivato%20a%20nuoto%20anche%20il%20marito.%20Insieme%2C%20per%20oltre%20quaranta%20minuti%2C%20hanno%20lottato%20contro%20la%20corrente%2C%20fino%20a%20raggiungere%2C%20stremati%20ma%20salvi%2C%20la%20riva.%20Un%20gesto%20che%20dimostra%20come%20la%20divisa%20non%20%C3%A8%20solo%20quella%20che%20si%20indossa%20in%20servizio%2C%20ma%20un%20modo%20di%20essere%20al%20servizio%20dei%20cittadini%2C%20sempre.%09%09%09%0A%09\" target=\"_blank\" rel=\"noopener noreferrer\" class=\"cff-email-icon\">\n\t\t\t\t\t\t\t<span class=\"fa fab fa-envelope\" aria-hidden=\"true\"><\/span>\n\t\t\t\t\t\t\t<span class=\"cff-screenreader\">Share by Email<\/span>\n\t\t\t\t\t\t<\/a>\n\t\t\t\t\t\t\t\t\t<\/p>\n\t\t\t<\/div>\n\t\t\t<\/div>\n\t<\/div>\n\n\n\n<div id=\"cff_109703165528845_902823462886905\" class=\"cff-item cff-photo-post cff-box author-matteo-piantedosi\" >\n\t<div class=\"cff-author\">\n\t<div class=\"cff-author-text\">\n\t\t\t\t\t<div class=\"cff-page-name cff-author-date\" >\n\t\t\t\t<a href=\"https:\/\/facebook.com\/109703165528845\" target=\"_blank\" rel=\"nofollow noopener\" >Matteo Piantedosi<\/a>\n\t\t\t\t<span class=\"cff-story\"> <\/span>\n\t\t\t<\/div>\n\t\t\t\n<p class=\"cff-date\" > 1 mese fa <\/p>\n\t\t\t<\/div>\n\t<div class=\"cff-author-img \" data-avatar=\"https:\/\/scontent-fco2-1.xx.fbcdn.net\/v\/t39.30808-1\/505305908_578397355329519_7689205973474878527_n.jpg?stp=cp0_dst-jpg_s50x50_tt6&#038;_nc_cat=102&#038;ccb=1-7&#038;_nc_sid=f907e8&#038;_nc_ohc=HZ7v_QdjqAYQ7kNvwGTrl0Z&#038;_nc_oc=AdpZ3UGl2-nQ_9PnmFgK6KNQ90C0h6yDxloiQrypk4D9zSPY-DEsv0_ci-e6Ykm-VDg&#038;_nc_zt=24&#038;_nc_ht=scontent-fco2-1.xx&#038;edm=AKIiGfEEAAAA&#038;_nc_gid=G_qpB68a2CjOYNioceM1tw&#038;_nc_tpa=Q5bMBQElFfp5AOxJ_Y_VUm1aHkRToNP_J4SQc_9TLX1RLV1pgjec9IYQZQE-gX78IB3pqvcoHk3J55MnlA&#038;oh=00_AQBHoUex11p-pDnlfq7bNOsI1yvGUJoYZrqpxfRvFkBBrA&#038;oe=6A6457E4\">\n\t\t<a href=\"https:\/\/facebook.com\/109703165528845\" target=\"_blank\" rel=\"nofollow noopener\" ><img decoding=\"async\" src=\"https:\/\/scontent-fco2-1.xx.fbcdn.net\/v\/t39.30808-1\/505305908_578397355329519_7689205973474878527_n.jpg?stp=cp0_dst-jpg_s50x50_tt6&#038;_nc_cat=102&#038;ccb=1-7&#038;_nc_sid=f907e8&#038;_nc_ohc=HZ7v_QdjqAYQ7kNvwGTrl0Z&#038;_nc_oc=AdpZ3UGl2-nQ_9PnmFgK6KNQ90C0h6yDxloiQrypk4D9zSPY-DEsv0_ci-e6Ykm-VDg&#038;_nc_zt=24&#038;_nc_ht=scontent-fco2-1.xx&#038;edm=AKIiGfEEAAAA&#038;_nc_gid=G_qpB68a2CjOYNioceM1tw&#038;_nc_tpa=Q5bMBQElFfp5AOxJ_Y_VUm1aHkRToNP_J4SQc_9TLX1RLV1pgjec9IYQZQE-gX78IB3pqvcoHk3J55MnlA&#038;oh=00_AQBHoUex11p-pDnlfq7bNOsI1yvGUJoYZrqpxfRvFkBBrA&#038;oe=6A6457E4\" title=\"Matteo Piantedosi\" alt=\"Matteo Piantedosi\" width=40 height=40 onerror=\"this.style.display='none'\"><\/a>\n\t<\/div>\n<\/div>\n\n<div class=\"cff-post-text\" >\n\t<span class=\"cff-text\" data-color=\"\">\n\t\tRevocata la cittadinanza italiana ad un uomo  condannato a 5 anni di reclusione per terrorismo. Il provvedimento nasce da una mia richiesta e pu\u00f2 essere applicato in casi gravi, come questo. Si tratta di una misura finora rarissima: dal 2018 la cittadinanza \u00e8 stata revocata soltanto in 6 casi. Un segnale forte, ma anche un monito per chi crede che bastino dei titoli amministrativi per parlare di integrazione.\t\t\t<\/span>\n\t<span class=\"cff-expand\">&#8230; <a href=\"#\" style=\"color: #\"><span class=\"cff-more\">Vedi altro<\/span><span class=\"cff-less\">Vedi meno\t<\/span><\/a><\/span>\n\n<\/div>\n\n<p class=\"cff-media-link\">\n\t<a href=\"https:\/\/www.facebook.com\/photo.php?fbid=902822589553659&#038;set=a.137442376091688&#038;type=3\" target=\"_blank\" style=\"color: #\">\n\t\t<span style=\"padding-right: 5px;\" class=\"fa fas fa-picture-o fa-image\"><\/span>Foto\t<\/a>\n<\/p>\n\t<div class=\"cff-post-links\">\n\t\t\t\t\t<a class=\"cff-viewpost-facebook\" href=\"https:\/\/www.facebook.com\/photo.php?fbid=902822589553659&#038;set=a.137442376091688&#038;type=3\" title=\"View on Facebook\" target=\"_blank\" rel=\"nofollow noopener\" >View on Facebook<\/a>\n\t\t\t\t\t\t\t<div class=\"cff-share-container\">\n\t\t\t\t\t\t\t\t\t<span class=\"cff-dot\" >&middot;<\/span>\n\t\t\t\t\t\t\t\t<a class=\"cff-share-link\" href=\"https:\/\/www.facebook.com\/sharer\/sharer.php?u=https%3A%2F%2Fwww.facebook.com%2Fphoto.php%3Ffbid%3D902822589553659%26amp%3Bset%3Da.137442376091688%26amp%3Btype%3D3\" title=\"Share\" >Share<\/a>\n\t\t\t\t<p class=\"cff-share-tooltip\">\n\t\t\t\t\t\t\t\t\t\t\t<a href=\"https:\/\/www.facebook.com\/sharer\/sharer.php?u=https%3A%2F%2Fwww.facebook.com%2Fphoto.php%3Ffbid%3D902822589553659%26amp%3Bset%3Da.137442376091688%26amp%3Btype%3D3\" target=\"_blank\" rel=\"noopener noreferrer\" class=\"cff-facebook-icon\">\n\t\t\t\t\t\t\t<span class=\"fa fab fa-facebook-square\" aria-hidden=\"true\"><\/span>\n\t\t\t\t\t\t\t<span class=\"cff-screenreader\">Share on Facebook<\/span>\n\t\t\t\t\t\t<\/a>\n\t\t\t\t\t\t\t\t\t\t\t<a href=\"https:\/\/twitter.com\/intent\/tweet?text=https%3A%2F%2Fwww.facebook.com%2Fphoto.php%3Ffbid%3D902822589553659%26amp%3Bset%3Da.137442376091688%26amp%3Btype%3D3\" target=\"_blank\" rel=\"noopener noreferrer\" class=\"cff-twitter-icon\">\n\t\t\t\t\t\t\t<span class=\"fa fab fa-twitter\" aria-hidden=\"true\"><\/span>\n\t\t\t\t\t\t\t<span class=\"cff-screenreader\">Share on Twitter<\/span>\n\t\t\t\t\t\t<\/a>\n\t\t\t\t\t\t\t\t\t\t\t<a href=\"https:\/\/www.linkedin.com\/shareArticle?mini=true&#038;url=https%3A%2F%2Fwww.facebook.com%2Fphoto.php%3Ffbid%3D902822589553659%26amp%3Bset%3Da.137442376091688%26amp%3Btype%3D3&#038;title=%09%09%09Revocata%20la%20cittadinanza%20italiana%20ad%20un%20uomo%20%20condannato%20a%205%20anni%20di%20reclusione%20per%20terrorismo.%20Il%20provvedimento%20nasce%20da%20una%20mia%20richiesta%20e%20pu%C3%B2%20essere%20applicato%20in%20casi%20gravi%2C%20come%20questo.%20Si%20tratta%20di%20una%20misura%20finora%20rarissima%3A%20dal%202018%20la%20cittadinanza%20%C3%A8%20stata%20revocata%20soltanto%20in%206%20casi.%20Un%20segnale%20forte%2C%20ma%20anche%20un%20monito%20per%20chi%20crede%20che%20bastino%20dei%20titoli%20amministrativi%20per%20parlare%20di%20integrazione.%09%09%09%09\" target=\"_blank\" rel=\"noopener noreferrer\" class=\"cff-linkedin-icon\">\n\t\t\t\t\t\t\t<span class=\"fa fab fa-linkedin\" aria-hidden=\"true\"><\/span>\n\t\t\t\t\t\t\t<span class=\"cff-screenreader\">Share on Linked In<\/span>\n\t\t\t\t\t\t<\/a>\n\t\t\t\t\t\t\t\t\t\t\t<a href=\"mailto:?subject=Facebook&#038;body=https%3A%2F%2Fwww.facebook.com%2Fphoto.php%3Ffbid%3D902822589553659%26amp%3Bset%3Da.137442376091688%26amp%3Btype%3D3%20-%20%0A%0A%09%0A%09%09Revocata%20la%20cittadinanza%20italiana%20ad%20un%20uomo%20%20condannato%20a%205%20anni%20di%20reclusione%20per%20terrorismo.%20Il%20provvedimento%20nasce%20da%20una%20mia%20richiesta%20e%20pu%C3%B2%20essere%20applicato%20in%20casi%20gravi%2C%20come%20questo.%20Si%20tratta%20di%20una%20misura%20finora%20rarissima%3A%20dal%202018%20la%20cittadinanza%20%C3%A8%20stata%20revocata%20soltanto%20in%206%20casi.%20Un%20segnale%20forte%2C%20ma%20anche%20un%20monito%20per%20chi%20crede%20che%20bastino%20dei%20titoli%20amministrativi%20per%20parlare%20di%20integrazione.%09%09%09%0A%09\" target=\"_blank\" rel=\"noopener noreferrer\" class=\"cff-email-icon\">\n\t\t\t\t\t\t\t<span class=\"fa fab fa-envelope\" aria-hidden=\"true\"><\/span>\n\t\t\t\t\t\t\t<span class=\"cff-screenreader\">Share by Email<\/span>\n\t\t\t\t\t\t<\/a>\n\t\t\t\t\t\t\t\t\t<\/p>\n\t\t\t<\/div>\n\t\t\t<\/div>\n\t<\/div>\n\n\n\n<div id=\"cff_109703165528845_902744166228168\" class=\"cff-item cff-video-post cff-box author-matteo-piantedosi\" >\n\t<div class=\"cff-author\">\n\t<div class=\"cff-author-text\">\n\t\t\t\t\t<div class=\"cff-page-name cff-author-date\" >\n\t\t\t\t<a href=\"https:\/\/facebook.com\/109703165528845\" target=\"_blank\" rel=\"nofollow noopener\" >Matteo Piantedosi<\/a>\n\t\t\t\t<span class=\"cff-story\"> <\/span>\n\t\t\t<\/div>\n\t\t\t\n<p class=\"cff-date\" > 1 mese fa <\/p>\n\t\t\t<\/div>\n\t<div class=\"cff-author-img \" data-avatar=\"https:\/\/scontent-fco2-1.xx.fbcdn.net\/v\/t39.30808-1\/505305908_578397355329519_7689205973474878527_n.jpg?stp=cp0_dst-jpg_s50x50_tt6&#038;_nc_cat=102&#038;ccb=1-7&#038;_nc_sid=f907e8&#038;_nc_ohc=HZ7v_QdjqAYQ7kNvwGTrl0Z&#038;_nc_oc=AdpZ3UGl2-nQ_9PnmFgK6KNQ90C0h6yDxloiQrypk4D9zSPY-DEsv0_ci-e6Ykm-VDg&#038;_nc_zt=24&#038;_nc_ht=scontent-fco2-1.xx&#038;edm=AKIiGfEEAAAA&#038;_nc_gid=G_qpB68a2CjOYNioceM1tw&#038;_nc_tpa=Q5bMBQElFfp5AOxJ_Y_VUm1aHkRToNP_J4SQc_9TLX1RLV1pgjec9IYQZQE-gX78IB3pqvcoHk3J55MnlA&#038;oh=00_AQBHoUex11p-pDnlfq7bNOsI1yvGUJoYZrqpxfRvFkBBrA&#038;oe=6A6457E4\">\n\t\t<a href=\"https:\/\/facebook.com\/109703165528845\" target=\"_blank\" rel=\"nofollow noopener\" ><img decoding=\"async\" src=\"https:\/\/scontent-fco2-1.xx.fbcdn.net\/v\/t39.30808-1\/505305908_578397355329519_7689205973474878527_n.jpg?stp=cp0_dst-jpg_s50x50_tt6&#038;_nc_cat=102&#038;ccb=1-7&#038;_nc_sid=f907e8&#038;_nc_ohc=HZ7v_QdjqAYQ7kNvwGTrl0Z&#038;_nc_oc=AdpZ3UGl2-nQ_9PnmFgK6KNQ90C0h6yDxloiQrypk4D9zSPY-DEsv0_ci-e6Ykm-VDg&#038;_nc_zt=24&#038;_nc_ht=scontent-fco2-1.xx&#038;edm=AKIiGfEEAAAA&#038;_nc_gid=G_qpB68a2CjOYNioceM1tw&#038;_nc_tpa=Q5bMBQElFfp5AOxJ_Y_VUm1aHkRToNP_J4SQc_9TLX1RLV1pgjec9IYQZQE-gX78IB3pqvcoHk3J55MnlA&#038;oh=00_AQBHoUex11p-pDnlfq7bNOsI1yvGUJoYZrqpxfRvFkBBrA&#038;oe=6A6457E4\" title=\"Matteo Piantedosi\" alt=\"Matteo Piantedosi\" width=40 height=40 onerror=\"this.style.display='none'\"><\/a>\n\t<\/div>\n<\/div>\n\n<div class=\"cff-post-text\" >\n\t<span class=\"cff-text\" data-color=\"\">\n\t\tUn SUV rubato con sirena, lampeggiante blu e perfino una paletta simile a quella delle Forze dell\u2019ordine per agevolare la fuga dopo i colpi. \u00c8 quanto hanno scoperto i Carabinieri della Compagnia di Latisana, in provincia di Udine, che hanno smantellato una banda specializzata nei furti in abitazione tra il Friuli Venezia Giulia e il Veneto. In un casolare utilizzato come base operativa nella provincia di Ferrara sono stati sequestrati arnesi da scasso, migliaia di euro in contanti, tre coppie di targhe clonate, 48 orologi di valore e numerosi gioielli, ora al vaglio degli investigatori per risalire ai legittimi proprietari.\t\t\t<\/span>\n\t<span class=\"cff-expand\">&#8230; <a href=\"#\" style=\"color: #\"><span class=\"cff-more\">Vedi altro<\/span><span class=\"cff-less\">Vedi meno\t<\/span><\/a><\/span>\n\n<\/div>\n\n<p class=\"cff-media-link\">\n\t<a href=\"https:\/\/www.facebook.com\/109703165528845\/posts\/902744166228168\" target=\"_blank\" style=\"color: #\">\n\t\t<span style=\"padding-right: 5px;\" class=\"fa fas fa-video-camera fa-video\"><\/span>Video\t<\/a>\n<\/p>\n\t<div class=\"cff-post-links\">\n\t\t\t\t\t<a class=\"cff-viewpost-facebook\" href=\"https:\/\/www.facebook.com\/109703165528845\/posts\/902744166228168\" title=\"View on Facebook\" target=\"_blank\" rel=\"nofollow noopener\" >View on Facebook<\/a>\n\t\t\t\t\t\t\t<div class=\"cff-share-container\">\n\t\t\t\t\t\t\t\t\t<span class=\"cff-dot\" >&middot;<\/span>\n\t\t\t\t\t\t\t\t<a class=\"cff-share-link\" href=\"https:\/\/www.facebook.com\/sharer\/sharer.php?u=https%3A%2F%2Fwww.facebook.com%2F109703165528845%2Fposts%2F902744166228168\" title=\"Share\" >Share<\/a>\n\t\t\t\t<p class=\"cff-share-tooltip\">\n\t\t\t\t\t\t\t\t\t\t\t<a href=\"https:\/\/www.facebook.com\/sharer\/sharer.php?u=https%3A%2F%2Fwww.facebook.com%2F109703165528845%2Fposts%2F902744166228168\" target=\"_blank\" rel=\"noopener noreferrer\" class=\"cff-facebook-icon\">\n\t\t\t\t\t\t\t<span class=\"fa fab fa-facebook-square\" aria-hidden=\"true\"><\/span>\n\t\t\t\t\t\t\t<span class=\"cff-screenreader\">Share on Facebook<\/span>\n\t\t\t\t\t\t<\/a>\n\t\t\t\t\t\t\t\t\t\t\t<a href=\"https:\/\/twitter.com\/intent\/tweet?text=https%3A%2F%2Fwww.facebook.com%2F109703165528845%2Fposts%2F902744166228168\" target=\"_blank\" rel=\"noopener noreferrer\" class=\"cff-twitter-icon\">\n\t\t\t\t\t\t\t<span class=\"fa fab fa-twitter\" aria-hidden=\"true\"><\/span>\n\t\t\t\t\t\t\t<span class=\"cff-screenreader\">Share on Twitter<\/span>\n\t\t\t\t\t\t<\/a>\n\t\t\t\t\t\t\t\t\t\t\t<a href=\"https:\/\/www.linkedin.com\/shareArticle?mini=true&#038;url=https%3A%2F%2Fwww.facebook.com%2F109703165528845%2Fposts%2F902744166228168&#038;title=%09%09%09Un%20SUV%20rubato%20con%20sirena%2C%20lampeggiante%20blu%20e%20perfino%20una%20paletta%20simile%20a%20quella%20delle%20Forze%20dell%E2%80%99ordine%20per%20agevolare%20la%20fuga%20dopo%20i%20colpi.%20%C3%88%20quanto%20hanno%20scoperto%20i%20Carabinieri%20della%20Compagnia%20di%20Latisana%2C%20in%20provincia%20di%20Udine%2C%20che%20hanno%20smantellato%20una%20banda%20specializzata%20nei%20furti%20in%20abitazione%20tra%20il%20Friuli%20Venezia%20Giulia%20e%20il%20Veneto.%20In%20un%20casolare%20utilizzato%20come%20base%20operativa%20nella%20provincia%20di%20Ferrara%20sono%20stati%20sequestrati%20arnesi%20da%20scasso%2C%20migliaia%20di%20euro%20in%20contanti%2C%20tre%20coppie%20di%20targhe%20clonate%2C%2048%20orologi%20di%20valore%20e%20numerosi%20gioielli%2C%20ora%20al%20vaglio%20degli%20investigatori%20per%20risalire%20ai%20legittimi%20proprietari.%09%09%09%09\" target=\"_blank\" rel=\"noopener noreferrer\" class=\"cff-linkedin-icon\">\n\t\t\t\t\t\t\t<span class=\"fa fab fa-linkedin\" aria-hidden=\"true\"><\/span>\n\t\t\t\t\t\t\t<span class=\"cff-screenreader\">Share on Linked In<\/span>\n\t\t\t\t\t\t<\/a>\n\t\t\t\t\t\t\t\t\t\t\t<a href=\"mailto:?subject=Facebook&#038;body=https%3A%2F%2Fwww.facebook.com%2F109703165528845%2Fposts%2F902744166228168%20-%20%0A%0A%09%0A%09%09Un%20SUV%20rubato%20con%20sirena%2C%20lampeggiante%20blu%20e%20perfino%20una%20paletta%20simile%20a%20quella%20delle%20Forze%20dell%E2%80%99ordine%20per%20agevolare%20la%20fuga%20dopo%20i%20colpi.%20%C3%88%20quanto%20hanno%20scoperto%20i%20Carabinieri%20della%20Compagnia%20di%20Latisana%2C%20in%20provincia%20di%20Udine%2C%20che%20hanno%20smantellato%20una%20banda%20specializzata%20nei%20furti%20in%20abitazione%20tra%20il%20Friuli%20Venezia%20Giulia%20e%20il%20Veneto.%20In%20un%20casolare%20utilizzato%20come%20base%20operativa%20nella%20provincia%20di%20Ferrara%20sono%20stati%20sequestrati%20arnesi%20da%20scasso%2C%20migliaia%20di%20euro%20in%20contanti%2C%20tre%20coppie%20di%20targhe%20clonate%2C%2048%20orologi%20di%20valore%20e%20numerosi%20gioielli%2C%20ora%20al%20vaglio%20degli%20investigatori%20per%20risalire%20ai%20legittimi%20proprietari.%09%09%09%0A%09\" target=\"_blank\" rel=\"noopener noreferrer\" class=\"cff-email-icon\">\n\t\t\t\t\t\t\t<span class=\"fa fab fa-envelope\" aria-hidden=\"true\"><\/span>\n\t\t\t\t\t\t\t<span class=\"cff-screenreader\">Share by Email<\/span>\n\t\t\t\t\t\t<\/a>\n\t\t\t\t\t\t\t\t\t<\/p>\n\t\t\t<\/div>\n\t\t\t<\/div>\n\t<\/div>\n\n\n\n<div id=\"cff_109703165528845_902740666228518\" class=\"cff-item cff-video-post cff-box author-matteo-piantedosi\" >\n\t<div class=\"cff-author\">\n\t<div class=\"cff-author-text\">\n\t\t\t\t\t<div class=\"cff-page-name cff-author-date\" >\n\t\t\t\t<a href=\"https:\/\/facebook.com\/109703165528845\" target=\"_blank\" rel=\"nofollow noopener\" >Matteo Piantedosi<\/a>\n\t\t\t\t<span class=\"cff-story\"> <\/span>\n\t\t\t<\/div>\n\t\t\t\n<p class=\"cff-date\" > 1 mese fa <\/p>\n\t\t\t<\/div>\n\t<div class=\"cff-author-img \" data-avatar=\"https:\/\/scontent-fco2-1.xx.fbcdn.net\/v\/t39.30808-1\/505305908_578397355329519_7689205973474878527_n.jpg?stp=cp0_dst-jpg_s50x50_tt6&#038;_nc_cat=102&#038;ccb=1-7&#038;_nc_sid=f907e8&#038;_nc_ohc=HZ7v_QdjqAYQ7kNvwGTrl0Z&#038;_nc_oc=AdpZ3UGl2-nQ_9PnmFgK6KNQ90C0h6yDxloiQrypk4D9zSPY-DEsv0_ci-e6Ykm-VDg&#038;_nc_zt=24&#038;_nc_ht=scontent-fco2-1.xx&#038;edm=AKIiGfEEAAAA&#038;_nc_gid=G_qpB68a2CjOYNioceM1tw&#038;_nc_tpa=Q5bMBQElFfp5AOxJ_Y_VUm1aHkRToNP_J4SQc_9TLX1RLV1pgjec9IYQZQE-gX78IB3pqvcoHk3J55MnlA&#038;oh=00_AQBHoUex11p-pDnlfq7bNOsI1yvGUJoYZrqpxfRvFkBBrA&#038;oe=6A6457E4\">\n\t\t<a href=\"https:\/\/facebook.com\/109703165528845\" target=\"_blank\" rel=\"nofollow noopener\" ><img decoding=\"async\" src=\"https:\/\/scontent-fco2-1.xx.fbcdn.net\/v\/t39.30808-1\/505305908_578397355329519_7689205973474878527_n.jpg?stp=cp0_dst-jpg_s50x50_tt6&#038;_nc_cat=102&#038;ccb=1-7&#038;_nc_sid=f907e8&#038;_nc_ohc=HZ7v_QdjqAYQ7kNvwGTrl0Z&#038;_nc_oc=AdpZ3UGl2-nQ_9PnmFgK6KNQ90C0h6yDxloiQrypk4D9zSPY-DEsv0_ci-e6Ykm-VDg&#038;_nc_zt=24&#038;_nc_ht=scontent-fco2-1.xx&#038;edm=AKIiGfEEAAAA&#038;_nc_gid=G_qpB68a2CjOYNioceM1tw&#038;_nc_tpa=Q5bMBQElFfp5AOxJ_Y_VUm1aHkRToNP_J4SQc_9TLX1RLV1pgjec9IYQZQE-gX78IB3pqvcoHk3J55MnlA&#038;oh=00_AQBHoUex11p-pDnlfq7bNOsI1yvGUJoYZrqpxfRvFkBBrA&#038;oe=6A6457E4\" title=\"Matteo Piantedosi\" alt=\"Matteo Piantedosi\" width=40 height=40 onerror=\"this.style.display='none'\"><\/a>\n\t<\/div>\n<\/div>\n\n<div class=\"cff-post-text\" >\n\t<span class=\"cff-text\" data-color=\"\">\n\t\tMaxi controlli dei Carabinieri tra la stazione Termini e i luoghi della movida di Trastevere e Ponte Milvio. In campo droni, pattuglie in uniforme e in borghese, motociclette e nuclei mobili per presidiare le aree pi\u00f9 frequentate della Capitale. Il bilancio dell\u2019operazione \u00e8 di 21 arresti e 14 denunce. Oltre 500 le persone identificate, con controlli estesi anche al trasporto pubblico: ispezionati 87 tra autobus e tram. Nel mirino furti, rapine e spaccio, con il sequestro di centinaia di dosi di cocaina, hashish, marijuana e crack. Recuperata e restituita ai proprietari la refurtiva sottratta durante diversi episodi di criminalit\u00e0 predatoria. I controlli proseguiranno anche nei prossimi giorni per garantire sempre maggiori condizioni di sicurezza e decoro.\t\t\t<\/span>\n\t<span class=\"cff-expand\">&#8230; <a href=\"#\" style=\"color: #\"><span class=\"cff-more\">Vedi altro<\/span><span class=\"cff-less\">Vedi meno\t<\/span><\/a><\/span>\n\n<\/div>\n\n<p class=\"cff-media-link\">\n\t<a href=\"https:\/\/www.facebook.com\/109703165528845\/posts\/902740666228518\" target=\"_blank\" style=\"color: #\">\n\t\t<span style=\"padding-right: 5px;\" class=\"fa fas fa-video-camera fa-video\"><\/span>Video\t<\/a>\n<\/p>\n\t<div class=\"cff-post-links\">\n\t\t\t\t\t<a class=\"cff-viewpost-facebook\" href=\"https:\/\/www.facebook.com\/109703165528845\/posts\/902740666228518\" title=\"View on Facebook\" target=\"_blank\" rel=\"nofollow noopener\" >View on Facebook<\/a>\n\t\t\t\t\t\t\t<div class=\"cff-share-container\">\n\t\t\t\t\t\t\t\t\t<span class=\"cff-dot\" >&middot;<\/span>\n\t\t\t\t\t\t\t\t<a class=\"cff-share-link\" href=\"https:\/\/www.facebook.com\/sharer\/sharer.php?u=https%3A%2F%2Fwww.facebook.com%2F109703165528845%2Fposts%2F902740666228518\" title=\"Share\" >Share<\/a>\n\t\t\t\t<p class=\"cff-share-tooltip\">\n\t\t\t\t\t\t\t\t\t\t\t<a href=\"https:\/\/www.facebook.com\/sharer\/sharer.php?u=https%3A%2F%2Fwww.facebook.com%2F109703165528845%2Fposts%2F902740666228518\" target=\"_blank\" rel=\"noopener noreferrer\" class=\"cff-facebook-icon\">\n\t\t\t\t\t\t\t<span class=\"fa fab fa-facebook-square\" aria-hidden=\"true\"><\/span>\n\t\t\t\t\t\t\t<span class=\"cff-screenreader\">Share on Facebook<\/span>\n\t\t\t\t\t\t<\/a>\n\t\t\t\t\t\t\t\t\t\t\t<a href=\"https:\/\/twitter.com\/intent\/tweet?text=https%3A%2F%2Fwww.facebook.com%2F109703165528845%2Fposts%2F902740666228518\" target=\"_blank\" rel=\"noopener noreferrer\" class=\"cff-twitter-icon\">\n\t\t\t\t\t\t\t<span class=\"fa fab fa-twitter\" aria-hidden=\"true\"><\/span>\n\t\t\t\t\t\t\t<span class=\"cff-screenreader\">Share on Twitter<\/span>\n\t\t\t\t\t\t<\/a>\n\t\t\t\t\t\t\t\t\t\t\t<a href=\"https:\/\/www.linkedin.com\/shareArticle?mini=true&#038;url=https%3A%2F%2Fwww.facebook.com%2F109703165528845%2Fposts%2F902740666228518&#038;title=%09%09%09Maxi%20controlli%20dei%20Carabinieri%20tra%20la%20stazione%20Termini%20e%20i%20luoghi%20della%20movida%20di%20Trastevere%20e%20Ponte%20Milvio.%20In%20campo%20droni%2C%20pattuglie%20in%20uniforme%20e%20in%20borghese%2C%20motociclette%20e%20nuclei%20mobili%20per%20presidiare%20le%20aree%20pi%C3%B9%20frequentate%20della%20Capitale.%20Il%20bilancio%20dell%E2%80%99operazione%20%C3%A8%20di%2021%20arresti%20e%2014%20denunce.%20Oltre%20500%20le%20persone%20identificate%2C%20con%20controlli%20estesi%20anche%20al%20trasporto%20pubblico%3A%20ispezionati%2087%20tra%20autobus%20e%20tram.%20Nel%20mirino%20furti%2C%20rapine%20e%20spaccio%2C%20con%20il%20sequestro%20di%20centinaia%20di%20dosi%20di%20cocaina%2C%20hashish%2C%20marijuana%20e%20crack.%20Recuperata%20e%20restituita%20ai%20proprietari%20la%20refurtiva%20sottratta%20durante%20diversi%20episodi%20di%20criminalit%C3%A0%20predatoria.%20I%20controlli%20proseguiranno%20anche%20nei%20prossimi%20giorni%20per%20garantire%20sempre%20maggiori%20condizioni%20di%20sicurezza%20e%20decoro.%09%09%09%09\" target=\"_blank\" rel=\"noopener noreferrer\" class=\"cff-linkedin-icon\">\n\t\t\t\t\t\t\t<span class=\"fa fab fa-linkedin\" aria-hidden=\"true\"><\/span>\n\t\t\t\t\t\t\t<span class=\"cff-screenreader\">Share on Linked In<\/span>\n\t\t\t\t\t\t<\/a>\n\t\t\t\t\t\t\t\t\t\t\t<a href=\"mailto:?subject=Facebook&#038;body=https%3A%2F%2Fwww.facebook.com%2F109703165528845%2Fposts%2F902740666228518%20-%20%0A%0A%09%0A%09%09Maxi%20controlli%20dei%20Carabinieri%20tra%20la%20stazione%20Termini%20e%20i%20luoghi%20della%20movida%20di%20Trastevere%20e%20Ponte%20Milvio.%20In%20campo%20droni%2C%20pattuglie%20in%20uniforme%20e%20in%20borghese%2C%20motociclette%20e%20nuclei%20mobili%20per%20presidiare%20le%20aree%20pi%C3%B9%20frequentate%20della%20Capitale.%20Il%20bilancio%20dell%E2%80%99operazione%20%C3%A8%20di%2021%20arresti%20e%2014%20denunce.%20Oltre%20500%20le%20persone%20identificate%2C%20con%20controlli%20estesi%20anche%20al%20trasporto%20pubblico%3A%20ispezionati%2087%20tra%20autobus%20e%20tram.%20Nel%20mirino%20furti%2C%20rapine%20e%20spaccio%2C%20con%20il%20sequestro%20di%20centinaia%20di%20dosi%20di%20cocaina%2C%20hashish%2C%20marijuana%20e%20crack.%20Recuperata%20e%20restituita%20ai%20proprietari%20la%20refurtiva%20sottratta%20durante%20diversi%20episodi%20di%20criminalit%C3%A0%20predatoria.%20I%20controlli%20proseguiranno%20anche%20nei%20prossimi%20giorni%20per%20garantire%20sempre%20maggiori%20condizioni%20di%20sicurezza%20e%20decoro.%09%09%09%0A%09\" target=\"_blank\" rel=\"noopener noreferrer\" class=\"cff-email-icon\">\n\t\t\t\t\t\t\t<span class=\"fa fab fa-envelope\" aria-hidden=\"true\"><\/span>\n\t\t\t\t\t\t\t<span class=\"cff-screenreader\">Share by Email<\/span>\n\t\t\t\t\t\t<\/a>\n\t\t\t\t\t\t\t\t\t<\/p>\n\t\t\t<\/div>\n\t\t\t<\/div>\n\t<\/div>\n\n\n\n<div id=\"cff_109703165528845_902576072911644\" class=\"cff-item cff-video-post cff-box author-matteo-piantedosi\" >\n\t<div class=\"cff-author\">\n\t<div class=\"cff-author-text\">\n\t\t\t\t\t<div class=\"cff-page-name cff-author-date\" >\n\t\t\t\t<a href=\"https:\/\/facebook.com\/109703165528845\" target=\"_blank\" rel=\"nofollow noopener\" >Matteo Piantedosi<\/a>\n\t\t\t\t<span class=\"cff-story\"> <\/span>\n\t\t\t<\/div>\n\t\t\t\n<p class=\"cff-date\" > 1 mese fa <\/p>\n\t\t\t<\/div>\n\t<div class=\"cff-author-img \" data-avatar=\"https:\/\/scontent-fco2-1.xx.fbcdn.net\/v\/t39.30808-1\/505305908_578397355329519_7689205973474878527_n.jpg?stp=cp0_dst-jpg_s50x50_tt6&#038;_nc_cat=102&#038;ccb=1-7&#038;_nc_sid=f907e8&#038;_nc_ohc=HZ7v_QdjqAYQ7kNvwGTrl0Z&#038;_nc_oc=AdpZ3UGl2-nQ_9PnmFgK6KNQ90C0h6yDxloiQrypk4D9zSPY-DEsv0_ci-e6Ykm-VDg&#038;_nc_zt=24&#038;_nc_ht=scontent-fco2-1.xx&#038;edm=AKIiGfEEAAAA&#038;_nc_gid=G_qpB68a2CjOYNioceM1tw&#038;_nc_tpa=Q5bMBQElFfp5AOxJ_Y_VUm1aHkRToNP_J4SQc_9TLX1RLV1pgjec9IYQZQE-gX78IB3pqvcoHk3J55MnlA&#038;oh=00_AQBHoUex11p-pDnlfq7bNOsI1yvGUJoYZrqpxfRvFkBBrA&#038;oe=6A6457E4\">\n\t\t<a href=\"https:\/\/facebook.com\/109703165528845\" target=\"_blank\" rel=\"nofollow noopener\" ><img decoding=\"async\" src=\"https:\/\/scontent-fco2-1.xx.fbcdn.net\/v\/t39.30808-1\/505305908_578397355329519_7689205973474878527_n.jpg?stp=cp0_dst-jpg_s50x50_tt6&#038;_nc_cat=102&#038;ccb=1-7&#038;_nc_sid=f907e8&#038;_nc_ohc=HZ7v_QdjqAYQ7kNvwGTrl0Z&#038;_nc_oc=AdpZ3UGl2-nQ_9PnmFgK6KNQ90C0h6yDxloiQrypk4D9zSPY-DEsv0_ci-e6Ykm-VDg&#038;_nc_zt=24&#038;_nc_ht=scontent-fco2-1.xx&#038;edm=AKIiGfEEAAAA&#038;_nc_gid=G_qpB68a2CjOYNioceM1tw&#038;_nc_tpa=Q5bMBQElFfp5AOxJ_Y_VUm1aHkRToNP_J4SQc_9TLX1RLV1pgjec9IYQZQE-gX78IB3pqvcoHk3J55MnlA&#038;oh=00_AQBHoUex11p-pDnlfq7bNOsI1yvGUJoYZrqpxfRvFkBBrA&#038;oe=6A6457E4\" title=\"Matteo Piantedosi\" alt=\"Matteo Piantedosi\" width=40 height=40 onerror=\"this.style.display='none'\"><\/a>\n\t<\/div>\n<\/div>\n\n<div class=\"cff-post-text\" >\n\t<span class=\"cff-text\" data-color=\"\">\n\t\tAltro maxi blitz della Polizia di Stato nell\u2019area del Colosseo, a Roma. Sotto l\u2019occhio attento dei 150 agenti impegnati sul campo, i fenomeni di criminalit\u00e0 giovanile e i gruppi di \u201cmaranza\u201d che frequentano la zona e le vie limitrofe. 600 le persone complessivamente identificate e 13 i cittadini stranieri accompagnati presso l\u2019Ufficio Immigrazione per verificare la loro posizione sul territorio nazionale: 7 di loro, risultati irregolari, sono stati trasferiti nei Centri per il rimpatrio. Un\u2019azione mirata e capillare che proseguir\u00e0 con regolarit\u00e0 per garantire sicurezza a cittadini e visitatori.\t\t\t<\/span>\n\t<span class=\"cff-expand\">&#8230; <a href=\"#\" style=\"color: #\"><span class=\"cff-more\">Vedi altro<\/span><span class=\"cff-less\">Vedi meno\t<\/span><\/a><\/span>\n\n<\/div>\n\n<p class=\"cff-media-link\">\n\t<a href=\"https:\/\/www.facebook.com\/109703165528845\/posts\/902576072911644\" target=\"_blank\" style=\"color: #\">\n\t\t<span style=\"padding-right: 5px;\" class=\"fa fas fa-video-camera fa-video\"><\/span>Video\t<\/a>\n<\/p>\n\t<div class=\"cff-post-links\">\n\t\t\t\t\t<a class=\"cff-viewpost-facebook\" href=\"https:\/\/www.facebook.com\/109703165528845\/posts\/902576072911644\" title=\"View on Facebook\" target=\"_blank\" rel=\"nofollow noopener\" >View on Facebook<\/a>\n\t\t\t\t\t\t\t<div class=\"cff-share-container\">\n\t\t\t\t\t\t\t\t\t<span class=\"cff-dot\" >&middot;<\/span>\n\t\t\t\t\t\t\t\t<a class=\"cff-share-link\" href=\"https:\/\/www.facebook.com\/sharer\/sharer.php?u=https%3A%2F%2Fwww.facebook.com%2F109703165528845%2Fposts%2F902576072911644\" title=\"Share\" >Share<\/a>\n\t\t\t\t<p class=\"cff-share-tooltip\">\n\t\t\t\t\t\t\t\t\t\t\t<a href=\"https:\/\/www.facebook.com\/sharer\/sharer.php?u=https%3A%2F%2Fwww.facebook.com%2F109703165528845%2Fposts%2F902576072911644\" target=\"_blank\" rel=\"noopener noreferrer\" class=\"cff-facebook-icon\">\n\t\t\t\t\t\t\t<span class=\"fa fab fa-facebook-square\" aria-hidden=\"true\"><\/span>\n\t\t\t\t\t\t\t<span class=\"cff-screenreader\">Share on Facebook<\/span>\n\t\t\t\t\t\t<\/a>\n\t\t\t\t\t\t\t\t\t\t\t<a href=\"https:\/\/twitter.com\/intent\/tweet?text=https%3A%2F%2Fwww.facebook.com%2F109703165528845%2Fposts%2F902576072911644\" target=\"_blank\" rel=\"noopener noreferrer\" class=\"cff-twitter-icon\">\n\t\t\t\t\t\t\t<span class=\"fa fab fa-twitter\" aria-hidden=\"true\"><\/span>\n\t\t\t\t\t\t\t<span class=\"cff-screenreader\">Share on Twitter<\/span>\n\t\t\t\t\t\t<\/a>\n\t\t\t\t\t\t\t\t\t\t\t<a href=\"https:\/\/www.linkedin.com\/shareArticle?mini=true&#038;url=https%3A%2F%2Fwww.facebook.com%2F109703165528845%2Fposts%2F902576072911644&#038;title=%09%09%09Altro%20maxi%20blitz%20della%20Polizia%20di%20Stato%20nell%E2%80%99area%20del%20Colosseo%2C%20a%20Roma.%20Sotto%20l%E2%80%99occhio%20attento%20dei%20150%20agenti%20impegnati%20sul%20campo%2C%20i%20fenomeni%20di%20criminalit%C3%A0%20giovanile%20e%20i%20gruppi%20di%20%E2%80%9Cmaranza%E2%80%9D%20che%20frequentano%20la%20zona%20e%20le%20vie%20limitrofe.%20600%20le%20persone%20complessivamente%20identificate%20e%2013%20i%20cittadini%20stranieri%20accompagnati%20presso%20l%E2%80%99Ufficio%20Immigrazione%20per%20verificare%20la%20loro%20posizione%20sul%20territorio%20nazionale%3A%207%20di%20loro%2C%20risultati%20irregolari%2C%20sono%20stati%20trasferiti%20nei%20Centri%20per%20il%20rimpatrio.%20Un%E2%80%99azione%20mirata%20e%20capillare%20che%20proseguir%C3%A0%20con%20regolarit%C3%A0%20per%20garantire%20sicurezza%20a%20cittadini%20e%20visitatori.%09%09%09%09\" target=\"_blank\" rel=\"noopener noreferrer\" class=\"cff-linkedin-icon\">\n\t\t\t\t\t\t\t<span class=\"fa fab fa-linkedin\" aria-hidden=\"true\"><\/span>\n\t\t\t\t\t\t\t<span class=\"cff-screenreader\">Share on Linked In<\/span>\n\t\t\t\t\t\t<\/a>\n\t\t\t\t\t\t\t\t\t\t\t<a href=\"mailto:?subject=Facebook&#038;body=https%3A%2F%2Fwww.facebook.com%2F109703165528845%2Fposts%2F902576072911644%20-%20%0A%0A%09%0A%09%09Altro%20maxi%20blitz%20della%20Polizia%20di%20Stato%20nell%E2%80%99area%20del%20Colosseo%2C%20a%20Roma.%20Sotto%20l%E2%80%99occhio%20attento%20dei%20150%20agenti%20impegnati%20sul%20campo%2C%20i%20fenomeni%20di%20criminalit%C3%A0%20giovanile%20e%20i%20gruppi%20di%20%E2%80%9Cmaranza%E2%80%9D%20che%20frequentano%20la%20zona%20e%20le%20vie%20limitrofe.%20600%20le%20persone%20complessivamente%20identificate%20e%2013%20i%20cittadini%20stranieri%20accompagnati%20presso%20l%E2%80%99Ufficio%20Immigrazione%20per%20verificare%20la%20loro%20posizione%20sul%20territorio%20nazionale%3A%207%20di%20loro%2C%20risultati%20irregolari%2C%20sono%20stati%20trasferiti%20nei%20Centri%20per%20il%20rimpatrio.%20Un%E2%80%99azione%20mirata%20e%20capillare%20che%20proseguir%C3%A0%20con%20regolarit%C3%A0%20per%20garantire%20sicurezza%20a%20cittadini%20e%20visitatori.%09%09%09%0A%09\" target=\"_blank\" rel=\"noopener noreferrer\" class=\"cff-email-icon\">\n\t\t\t\t\t\t\t<span class=\"fa fab fa-envelope\" aria-hidden=\"true\"><\/span>\n\t\t\t\t\t\t\t<span class=\"cff-screenreader\">Share by Email<\/span>\n\t\t\t\t\t\t<\/a>\n\t\t\t\t\t\t\t\t\t<\/p>\n\t\t\t<\/div>\n\t\t\t<\/div>\n\t<\/div>\n\n\n\n<div id=\"cff_109703165528845_902528256249759\" class=\"cff-item cff-photo-post cff-box author-matteo-piantedosi\" >\n\t<div class=\"cff-author\">\n\t<div class=\"cff-author-text\">\n\t\t\t\t\t<div class=\"cff-page-name cff-author-date\" >\n\t\t\t\t<a href=\"https:\/\/facebook.com\/109703165528845\" target=\"_blank\" rel=\"nofollow noopener\" >Matteo Piantedosi<\/a>\n\t\t\t\t<span class=\"cff-story\"> <\/span>\n\t\t\t<\/div>\n\t\t\t\n<p class=\"cff-date\" > 1 mese fa <\/p>\n\t\t\t<\/div>\n\t<div class=\"cff-author-img \" data-avatar=\"https:\/\/scontent-fco2-1.xx.fbcdn.net\/v\/t39.30808-1\/505305908_578397355329519_7689205973474878527_n.jpg?stp=cp0_dst-jpg_s50x50_tt6&#038;_nc_cat=102&#038;ccb=1-7&#038;_nc_sid=f907e8&#038;_nc_ohc=HZ7v_QdjqAYQ7kNvwGTrl0Z&#038;_nc_oc=AdpZ3UGl2-nQ_9PnmFgK6KNQ90C0h6yDxloiQrypk4D9zSPY-DEsv0_ci-e6Ykm-VDg&#038;_nc_zt=24&#038;_nc_ht=scontent-fco2-1.xx&#038;edm=AKIiGfEEAAAA&#038;_nc_gid=G_qpB68a2CjOYNioceM1tw&#038;_nc_tpa=Q5bMBQElFfp5AOxJ_Y_VUm1aHkRToNP_J4SQc_9TLX1RLV1pgjec9IYQZQE-gX78IB3pqvcoHk3J55MnlA&#038;oh=00_AQBHoUex11p-pDnlfq7bNOsI1yvGUJoYZrqpxfRvFkBBrA&#038;oe=6A6457E4\">\n\t\t<a href=\"https:\/\/facebook.com\/109703165528845\" target=\"_blank\" rel=\"nofollow noopener\" ><img decoding=\"async\" src=\"https:\/\/scontent-fco2-1.xx.fbcdn.net\/v\/t39.30808-1\/505305908_578397355329519_7689205973474878527_n.jpg?stp=cp0_dst-jpg_s50x50_tt6&#038;_nc_cat=102&#038;ccb=1-7&#038;_nc_sid=f907e8&#038;_nc_ohc=HZ7v_QdjqAYQ7kNvwGTrl0Z&#038;_nc_oc=AdpZ3UGl2-nQ_9PnmFgK6KNQ90C0h6yDxloiQrypk4D9zSPY-DEsv0_ci-e6Ykm-VDg&#038;_nc_zt=24&#038;_nc_ht=scontent-fco2-1.xx&#038;edm=AKIiGfEEAAAA&#038;_nc_gid=G_qpB68a2CjOYNioceM1tw&#038;_nc_tpa=Q5bMBQElFfp5AOxJ_Y_VUm1aHkRToNP_J4SQc_9TLX1RLV1pgjec9IYQZQE-gX78IB3pqvcoHk3J55MnlA&#038;oh=00_AQBHoUex11p-pDnlfq7bNOsI1yvGUJoYZrqpxfRvFkBBrA&#038;oe=6A6457E4\" title=\"Matteo Piantedosi\" alt=\"Matteo Piantedosi\" width=40 height=40 onerror=\"this.style.display='none'\"><\/a>\n\t<\/div>\n<\/div>\n\n<div class=\"cff-post-text\" >\n\t<span class=\"cff-text\" data-color=\"\">\n\t\tLa strage di via d\u2019Amelio rappresenta una ferita indelebile nella storia del nostro Paese. E allo stesso tempo ci ricorda con forza il valore della libert\u00e0. Ci racconta di eroi silenziosi che a rischio della vita hanno scelto di combattere la criminalit\u00e0 organizzata e le sue logiche di prevaricazione e violenza. Magistrati, uomini delle Forze dell\u2019ordine, imprenditori, giornalisti che hanno difeso fino all\u2019estremo sacrificio i valori pi\u00f9 alti su cui si fonda la nostra democrazia. Un coraggio mai ostentato che ha permesso di tracciare una strada diversa. Il loro esempio ispira ancora oggi tutti coloro che senza risparmiarsi mettono le proprie energie al servizio del bene comune, facendo della lotta alle mafie una scelta di vita.\t\t\t<\/span>\n\t<span class=\"cff-expand\">&#8230; <a href=\"#\" style=\"color: #\"><span class=\"cff-more\">Vedi altro<\/span><span class=\"cff-less\">Vedi meno\t<\/span><\/a><\/span>\n\n<\/div>\n\n<p class=\"cff-media-link\">\n\t<a href=\"https:\/\/www.facebook.com\/photo.php?fbid=902528146249770&#038;set=a.137442376091688&#038;type=3\" target=\"_blank\" style=\"color: #\">\n\t\t<span style=\"padding-right: 5px;\" class=\"fa fas fa-picture-o fa-image\"><\/span>Foto\t<\/a>\n<\/p>\n\t<div class=\"cff-post-links\">\n\t\t\t\t\t<a class=\"cff-viewpost-facebook\" href=\"https:\/\/www.facebook.com\/photo.php?fbid=902528146249770&#038;set=a.137442376091688&#038;type=3\" title=\"View on Facebook\" target=\"_blank\" rel=\"nofollow noopener\" >View on Facebook<\/a>\n\t\t\t\t\t\t\t<div class=\"cff-share-container\">\n\t\t\t\t\t\t\t\t\t<span class=\"cff-dot\" >&middot;<\/span>\n\t\t\t\t\t\t\t\t<a class=\"cff-share-link\" href=\"https:\/\/www.facebook.com\/sharer\/sharer.php?u=https%3A%2F%2Fwww.facebook.com%2Fphoto.php%3Ffbid%3D902528146249770%26amp%3Bset%3Da.137442376091688%26amp%3Btype%3D3\" title=\"Share\" >Share<\/a>\n\t\t\t\t<p class=\"cff-share-tooltip\">\n\t\t\t\t\t\t\t\t\t\t\t<a href=\"https:\/\/www.facebook.com\/sharer\/sharer.php?u=https%3A%2F%2Fwww.facebook.com%2Fphoto.php%3Ffbid%3D902528146249770%26amp%3Bset%3Da.137442376091688%26amp%3Btype%3D3\" target=\"_blank\" rel=\"noopener noreferrer\" class=\"cff-facebook-icon\">\n\t\t\t\t\t\t\t<span class=\"fa fab fa-facebook-square\" aria-hidden=\"true\"><\/span>\n\t\t\t\t\t\t\t<span class=\"cff-screenreader\">Share on Facebook<\/span>\n\t\t\t\t\t\t<\/a>\n\t\t\t\t\t\t\t\t\t\t\t<a href=\"https:\/\/twitter.com\/intent\/tweet?text=https%3A%2F%2Fwww.facebook.com%2Fphoto.php%3Ffbid%3D902528146249770%26amp%3Bset%3Da.137442376091688%26amp%3Btype%3D3\" target=\"_blank\" rel=\"noopener noreferrer\" class=\"cff-twitter-icon\">\n\t\t\t\t\t\t\t<span class=\"fa fab fa-twitter\" aria-hidden=\"true\"><\/span>\n\t\t\t\t\t\t\t<span class=\"cff-screenreader\">Share on Twitter<\/span>\n\t\t\t\t\t\t<\/a>\n\t\t\t\t\t\t\t\t\t\t\t<a href=\"https:\/\/www.linkedin.com\/shareArticle?mini=true&#038;url=https%3A%2F%2Fwww.facebook.com%2Fphoto.php%3Ffbid%3D902528146249770%26amp%3Bset%3Da.137442376091688%26amp%3Btype%3D3&#038;title=%09%09%09La%20strage%20di%20via%20d%E2%80%99Amelio%20rappresenta%20una%20ferita%20indelebile%20nella%20storia%20del%20nostro%20Paese.%20E%20allo%20stesso%20tempo%20ci%20ricorda%20con%20forza%20il%20valore%20della%20libert%C3%A0.%20Ci%20racconta%20di%20eroi%20silenziosi%20che%20a%20rischio%20della%20vita%20hanno%20scelto%20di%20combattere%20la%20criminalit%C3%A0%20organizzata%20e%20le%20sue%20logiche%20di%20prevaricazione%20e%20violenza.%20Magistrati%2C%20uomini%20delle%20Forze%20dell%E2%80%99ordine%2C%20imprenditori%2C%20giornalisti%20che%20hanno%20difeso%20fino%20all%E2%80%99estremo%20sacrificio%20i%20valori%20pi%C3%B9%20alti%20su%20cui%20si%20fonda%20la%20nostra%20democrazia.%20Un%20coraggio%20mai%20ostentato%20che%20ha%20permesso%20di%20tracciare%20una%20strada%20diversa.%20Il%20loro%20esempio%20ispira%20ancora%20oggi%20tutti%20coloro%20che%20senza%20risparmiarsi%20mettono%20le%20proprie%20energie%20al%20servizio%20del%20bene%20comune%2C%20facendo%20della%20lotta%20alle%20mafie%20una%20scelta%20di%20vita.%09%09%09%09\" target=\"_blank\" rel=\"noopener noreferrer\" class=\"cff-linkedin-icon\">\n\t\t\t\t\t\t\t<span class=\"fa fab fa-linkedin\" aria-hidden=\"true\"><\/span>\n\t\t\t\t\t\t\t<span class=\"cff-screenreader\">Share on Linked In<\/span>\n\t\t\t\t\t\t<\/a>\n\t\t\t\t\t\t\t\t\t\t\t<a href=\"mailto:?subject=Facebook&#038;body=https%3A%2F%2Fwww.facebook.com%2Fphoto.php%3Ffbid%3D902528146249770%26amp%3Bset%3Da.137442376091688%26amp%3Btype%3D3%20-%20%0A%0A%09%0A%09%09La%20strage%20di%20via%20d%E2%80%99Amelio%20rappresenta%20una%20ferita%20indelebile%20nella%20storia%20del%20nostro%20Paese.%20E%20allo%20stesso%20tempo%20ci%20ricorda%20con%20forza%20il%20valore%20della%20libert%C3%A0.%20Ci%20racconta%20di%20eroi%20silenziosi%20che%20a%20rischio%20della%20vita%20hanno%20scelto%20di%20combattere%20la%20criminalit%C3%A0%20organizzata%20e%20le%20sue%20logiche%20di%20prevaricazione%20e%20violenza.%20Magistrati%2C%20uomini%20delle%20Forze%20dell%E2%80%99ordine%2C%20imprenditori%2C%20giornalisti%20che%20hanno%20difeso%20fino%20all%E2%80%99estremo%20sacrificio%20i%20valori%20pi%C3%B9%20alti%20su%20cui%20si%20fonda%20la%20nostra%20democrazia.%20Un%20coraggio%20mai%20ostentato%20che%20ha%20permesso%20di%20tracciare%20una%20strada%20diversa.%20Il%20loro%20esempio%20ispira%20ancora%20oggi%20tutti%20coloro%20che%20senza%20risparmiarsi%20mettono%20le%20proprie%20energie%20al%20servizio%20del%20bene%20comune%2C%20facendo%20della%20lotta%20alle%20mafie%20una%20scelta%20di%20vita.%09%09%09%0A%09\" target=\"_blank\" rel=\"noopener noreferrer\" class=\"cff-email-icon\">\n\t\t\t\t\t\t\t<span class=\"fa fab fa-envelope\" aria-hidden=\"true\"><\/span>\n\t\t\t\t\t\t\t<span class=\"cff-screenreader\">Share by Email<\/span>\n\t\t\t\t\t\t<\/a>\n\t\t\t\t\t\t\t\t\t<\/p>\n\t\t\t<\/div>\n\t\t\t<\/div>\n\t<\/div>\n\n\n\n<div id=\"cff_109703165528845_902180092951242\" class=\"cff-item cff-photo-post cff-box author-matteo-piantedosi\" >\n\t<div class=\"cff-author\">\n\t<div class=\"cff-author-text\">\n\t\t\t\t\t<div class=\"cff-page-name cff-author-date\" >\n\t\t\t\t<a href=\"https:\/\/facebook.com\/109703165528845\" target=\"_blank\" rel=\"nofollow noopener\" >Matteo Piantedosi<\/a>\n\t\t\t\t<span class=\"cff-story\"> <\/span>\n\t\t\t<\/div>\n\t\t\t\n<p class=\"cff-date\" > 2 mesi fa <\/p>\n\t\t\t<\/div>\n\t<div class=\"cff-author-img \" data-avatar=\"https:\/\/scontent-fco2-1.xx.fbcdn.net\/v\/t39.30808-1\/505305908_578397355329519_7689205973474878527_n.jpg?stp=cp0_dst-jpg_s50x50_tt6&#038;_nc_cat=102&#038;ccb=1-7&#038;_nc_sid=f907e8&#038;_nc_ohc=HZ7v_QdjqAYQ7kNvwGTrl0Z&#038;_nc_oc=AdpZ3UGl2-nQ_9PnmFgK6KNQ90C0h6yDxloiQrypk4D9zSPY-DEsv0_ci-e6Ykm-VDg&#038;_nc_zt=24&#038;_nc_ht=scontent-fco2-1.xx&#038;edm=AKIiGfEEAAAA&#038;_nc_gid=G_qpB68a2CjOYNioceM1tw&#038;_nc_tpa=Q5bMBQElFfp5AOxJ_Y_VUm1aHkRToNP_J4SQc_9TLX1RLV1pgjec9IYQZQE-gX78IB3pqvcoHk3J55MnlA&#038;oh=00_AQBHoUex11p-pDnlfq7bNOsI1yvGUJoYZrqpxfRvFkBBrA&#038;oe=6A6457E4\">\n\t\t<a href=\"https:\/\/facebook.com\/109703165528845\" target=\"_blank\" rel=\"nofollow noopener\" ><img decoding=\"async\" src=\"https:\/\/scontent-fco2-1.xx.fbcdn.net\/v\/t39.30808-1\/505305908_578397355329519_7689205973474878527_n.jpg?stp=cp0_dst-jpg_s50x50_tt6&#038;_nc_cat=102&#038;ccb=1-7&#038;_nc_sid=f907e8&#038;_nc_ohc=HZ7v_QdjqAYQ7kNvwGTrl0Z&#038;_nc_oc=AdpZ3UGl2-nQ_9PnmFgK6KNQ90C0h6yDxloiQrypk4D9zSPY-DEsv0_ci-e6Ykm-VDg&#038;_nc_zt=24&#038;_nc_ht=scontent-fco2-1.xx&#038;edm=AKIiGfEEAAAA&#038;_nc_gid=G_qpB68a2CjOYNioceM1tw&#038;_nc_tpa=Q5bMBQElFfp5AOxJ_Y_VUm1aHkRToNP_J4SQc_9TLX1RLV1pgjec9IYQZQE-gX78IB3pqvcoHk3J55MnlA&#038;oh=00_AQBHoUex11p-pDnlfq7bNOsI1yvGUJoYZrqpxfRvFkBBrA&#038;oe=6A6457E4\" title=\"Matteo Piantedosi\" alt=\"Matteo Piantedosi\" width=40 height=40 onerror=\"this.style.display='none'\"><\/a>\n\t<\/div>\n<\/div>\n\n<div class=\"cff-post-text\" >\n\t<span class=\"cff-text\" data-color=\"\">\n\t\tOltre 3 mila e 600 dosi di cocaina pronte a essere immesse nelle piazze di spaccio: \u00e8 il bilancio di un\u2019operazione antidroga dei Carabinieri a Bolzano. Dopo settimane di osservazione e pedinamenti notturni, i militari hanno fatto irruzione nella base logistica di un cittadino straniero nel quartiere Europa-Novacella. Nel corso della perquisizione sono stati trovati anche due telefoni cellulari risultati rubati. Un duro colpo al canale di approvvigionamento della droga nel capoluogo altoatesino.\t\t\t<\/span>\n\t<span class=\"cff-expand\">&#8230; <a href=\"#\" style=\"color: #\"><span class=\"cff-more\">Vedi altro<\/span><span class=\"cff-less\">Vedi meno\t<\/span><\/a><\/span>\n\n<\/div>\n\n<p class=\"cff-media-link\">\n\t<a href=\"https:\/\/www.facebook.com\/photo.php?fbid=902179939617924&#038;set=a.137442376091688&#038;type=3\" target=\"_blank\" style=\"color: #\">\n\t\t<span style=\"padding-right: 5px;\" class=\"fa fas fa-picture-o fa-image\"><\/span>Foto\t<\/a>\n<\/p>\n\t<div class=\"cff-post-links\">\n\t\t\t\t\t<a class=\"cff-viewpost-facebook\" href=\"https:\/\/www.facebook.com\/photo.php?fbid=902179939617924&#038;set=a.137442376091688&#038;type=3\" title=\"View on Facebook\" target=\"_blank\" rel=\"nofollow noopener\" >View on Facebook<\/a>\n\t\t\t\t\t\t\t<div class=\"cff-share-container\">\n\t\t\t\t\t\t\t\t\t<span class=\"cff-dot\" >&middot;<\/span>\n\t\t\t\t\t\t\t\t<a class=\"cff-share-link\" href=\"https:\/\/www.facebook.com\/sharer\/sharer.php?u=https%3A%2F%2Fwww.facebook.com%2Fphoto.php%3Ffbid%3D902179939617924%26amp%3Bset%3Da.137442376091688%26amp%3Btype%3D3\" title=\"Share\" >Share<\/a>\n\t\t\t\t<p class=\"cff-share-tooltip\">\n\t\t\t\t\t\t\t\t\t\t\t<a href=\"https:\/\/www.facebook.com\/sharer\/sharer.php?u=https%3A%2F%2Fwww.facebook.com%2Fphoto.php%3Ffbid%3D902179939617924%26amp%3Bset%3Da.137442376091688%26amp%3Btype%3D3\" target=\"_blank\" rel=\"noopener noreferrer\" class=\"cff-facebook-icon\">\n\t\t\t\t\t\t\t<span class=\"fa fab fa-facebook-square\" aria-hidden=\"true\"><\/span>\n\t\t\t\t\t\t\t<span class=\"cff-screenreader\">Share on Facebook<\/span>\n\t\t\t\t\t\t<\/a>\n\t\t\t\t\t\t\t\t\t\t\t<a href=\"https:\/\/twitter.com\/intent\/tweet?text=https%3A%2F%2Fwww.facebook.com%2Fphoto.php%3Ffbid%3D902179939617924%26amp%3Bset%3Da.137442376091688%26amp%3Btype%3D3\" target=\"_blank\" rel=\"noopener noreferrer\" class=\"cff-twitter-icon\">\n\t\t\t\t\t\t\t<span class=\"fa fab fa-twitter\" aria-hidden=\"true\"><\/span>\n\t\t\t\t\t\t\t<span class=\"cff-screenreader\">Share on Twitter<\/span>\n\t\t\t\t\t\t<\/a>\n\t\t\t\t\t\t\t\t\t\t\t<a href=\"https:\/\/www.linkedin.com\/shareArticle?mini=true&#038;url=https%3A%2F%2Fwww.facebook.com%2Fphoto.php%3Ffbid%3D902179939617924%26amp%3Bset%3Da.137442376091688%26amp%3Btype%3D3&#038;title=%09%09%09Oltre%203%20mila%20e%20600%20dosi%20di%20cocaina%20pronte%20a%20essere%20immesse%20nelle%20piazze%20di%20spaccio%3A%20%C3%A8%20il%20bilancio%20di%20un%E2%80%99operazione%20antidroga%20dei%20Carabinieri%20a%20Bolzano.%20Dopo%20settimane%20di%20osservazione%20e%20pedinamenti%20notturni%2C%20i%20militari%20hanno%20fatto%20irruzione%20nella%20base%20logistica%20di%20un%20cittadino%20straniero%20nel%20quartiere%20Europa-Novacella.%20Nel%20corso%20della%20perquisizione%20sono%20stati%20trovati%20anche%20due%20telefoni%20cellulari%20risultati%20rubati.%20Un%20duro%20colpo%20al%20canale%20di%20approvvigionamento%20della%20droga%20nel%20capoluogo%20altoatesino.%09%09%09%09\" target=\"_blank\" rel=\"noopener noreferrer\" class=\"cff-linkedin-icon\">\n\t\t\t\t\t\t\t<span class=\"fa fab fa-linkedin\" aria-hidden=\"true\"><\/span>\n\t\t\t\t\t\t\t<span class=\"cff-screenreader\">Share on Linked In<\/span>\n\t\t\t\t\t\t<\/a>\n\t\t\t\t\t\t\t\t\t\t\t<a href=\"mailto:?subject=Facebook&#038;body=https%3A%2F%2Fwww.facebook.com%2Fphoto.php%3Ffbid%3D902179939617924%26amp%3Bset%3Da.137442376091688%26amp%3Btype%3D3%20-%20%0A%0A%09%0A%09%09Oltre%203%20mila%20e%20600%20dosi%20di%20cocaina%20pronte%20a%20essere%20immesse%20nelle%20piazze%20di%20spaccio%3A%20%C3%A8%20il%20bilancio%20di%20un%E2%80%99operazione%20antidroga%20dei%20Carabinieri%20a%20Bolzano.%20Dopo%20settimane%20di%20osservazione%20e%20pedinamenti%20notturni%2C%20i%20militari%20hanno%20fatto%20irruzione%20nella%20base%20logistica%20di%20un%20cittadino%20straniero%20nel%20quartiere%20Europa-Novacella.%20Nel%20corso%20della%20perquisizione%20sono%20stati%20trovati%20anche%20due%20telefoni%20cellulari%20risultati%20rubati.%20Un%20duro%20colpo%20al%20canale%20di%20approvvigionamento%20della%20droga%20nel%20capoluogo%20altoatesino.%09%09%09%0A%09\" target=\"_blank\" rel=\"noopener noreferrer\" class=\"cff-email-icon\">\n\t\t\t\t\t\t\t<span class=\"fa fab fa-envelope\" aria-hidden=\"true\"><\/span>\n\t\t\t\t\t\t\t<span class=\"cff-screenreader\">Share by Email<\/span>\n\t\t\t\t\t\t<\/a>\n\t\t\t\t\t\t\t\t\t<\/p>\n\t\t\t<\/div>\n\t\t\t<\/div>\n\t<\/div>\n\n\n\n<div id=\"cff_109703165528845_901909466311638\" class=\"cff-item cff-video-post cff-box author-matteo-piantedosi\" >\n\t<div class=\"cff-author\">\n\t<div class=\"cff-author-text\">\n\t\t\t\t\t<div class=\"cff-page-name cff-author-date\" >\n\t\t\t\t<a href=\"https:\/\/facebook.com\/109703165528845\" target=\"_blank\" rel=\"nofollow noopener\" >Matteo Piantedosi<\/a>\n\t\t\t\t<span class=\"cff-story\"> <\/span>\n\t\t\t<\/div>\n\t\t\t\n<p class=\"cff-date\" > 2 mesi fa <\/p>\n\t\t\t<\/div>\n\t<div class=\"cff-author-img \" data-avatar=\"https:\/\/scontent-fco2-1.xx.fbcdn.net\/v\/t39.30808-1\/505305908_578397355329519_7689205973474878527_n.jpg?stp=cp0_dst-jpg_s50x50_tt6&#038;_nc_cat=102&#038;ccb=1-7&#038;_nc_sid=f907e8&#038;_nc_ohc=HZ7v_QdjqAYQ7kNvwGTrl0Z&#038;_nc_oc=AdpZ3UGl2-nQ_9PnmFgK6KNQ90C0h6yDxloiQrypk4D9zSPY-DEsv0_ci-e6Ykm-VDg&#038;_nc_zt=24&#038;_nc_ht=scontent-fco2-1.xx&#038;edm=AKIiGfEEAAAA&#038;_nc_gid=G_qpB68a2CjOYNioceM1tw&#038;_nc_tpa=Q5bMBQElFfp5AOxJ_Y_VUm1aHkRToNP_J4SQc_9TLX1RLV1pgjec9IYQZQE-gX78IB3pqvcoHk3J55MnlA&#038;oh=00_AQBHoUex11p-pDnlfq7bNOsI1yvGUJoYZrqpxfRvFkBBrA&#038;oe=6A6457E4\">\n\t\t<a href=\"https:\/\/facebook.com\/109703165528845\" target=\"_blank\" rel=\"nofollow noopener\" ><img decoding=\"async\" src=\"https:\/\/scontent-fco2-1.xx.fbcdn.net\/v\/t39.30808-1\/505305908_578397355329519_7689205973474878527_n.jpg?stp=cp0_dst-jpg_s50x50_tt6&#038;_nc_cat=102&#038;ccb=1-7&#038;_nc_sid=f907e8&#038;_nc_ohc=HZ7v_QdjqAYQ7kNvwGTrl0Z&#038;_nc_oc=AdpZ3UGl2-nQ_9PnmFgK6KNQ90C0h6yDxloiQrypk4D9zSPY-DEsv0_ci-e6Ykm-VDg&#038;_nc_zt=24&#038;_nc_ht=scontent-fco2-1.xx&#038;edm=AKIiGfEEAAAA&#038;_nc_gid=G_qpB68a2CjOYNioceM1tw&#038;_nc_tpa=Q5bMBQElFfp5AOxJ_Y_VUm1aHkRToNP_J4SQc_9TLX1RLV1pgjec9IYQZQE-gX78IB3pqvcoHk3J55MnlA&#038;oh=00_AQBHoUex11p-pDnlfq7bNOsI1yvGUJoYZrqpxfRvFkBBrA&#038;oe=6A6457E4\" title=\"Matteo Piantedosi\" alt=\"Matteo Piantedosi\" width=40 height=40 onerror=\"this.style.display='none'\"><\/a>\n\t<\/div>\n<\/div>\n\n<div class=\"cff-post-text\" >\n\t<span class=\"cff-text\" data-color=\"\">\n\t\tOltre 9 mila persone identificate, 15 arresti e 42 denunce, 49 ordini di allontanamento, 80 cittadini stranieri condotti in Questura e 7 irregolari in CPR ai fini del rimpatrio: sono alcuni dei positivi risultati delle due maxi operazioni ad alto impatto condotte dalla Polizia di Stato a Roma e a Milano. Un dispiegamento imponente di uomini e mezzi che nella Capitale ha interessato l\u2019area archeologica del Colosseo, i Fori Imperiali, le banchine della metropolitana, il parco di Colle Oppio e le vie limitrofe; a Milano sono state passate al setaccio le stazioni ferroviarie, le cinque linee della metropolitana, i percorsi delle linee bus 90, 91, 92 e 95 e l\u2019area della fermata M4 \u201cLinate Aeroporto\u201d. Continueremo con determinazione a presidiare le aree pi\u00f9 sensibili delle nostre citt\u00e0 e a sostenere il lavoro quotidiano delle donne e degli uomini in divisa, con un unico obiettivo: garantire sempre maggiori condizioni di sicurezza ai cittadini.\t\t\t<\/span>\n\t<span class=\"cff-expand\">&#8230; <a href=\"#\" style=\"color: #\"><span class=\"cff-more\">Vedi altro<\/span><span class=\"cff-less\">Vedi meno\t<\/span><\/a><\/span>\n\n<\/div>\n\n<p class=\"cff-media-link\">\n\t<a href=\"https:\/\/www.facebook.com\/109703165528845\/posts\/901909466311638\" target=\"_blank\" style=\"color: #\">\n\t\t<span style=\"padding-right: 5px;\" class=\"fa fas fa-video-camera fa-video\"><\/span>Video\t<\/a>\n<\/p>\n\t<div class=\"cff-post-links\">\n\t\t\t\t\t<a class=\"cff-viewpost-facebook\" href=\"https:\/\/www.facebook.com\/109703165528845\/posts\/901909466311638\" title=\"View on Facebook\" target=\"_blank\" rel=\"nofollow noopener\" >View on Facebook<\/a>\n\t\t\t\t\t\t\t<div class=\"cff-share-container\">\n\t\t\t\t\t\t\t\t\t<span class=\"cff-dot\" >&middot;<\/span>\n\t\t\t\t\t\t\t\t<a class=\"cff-share-link\" href=\"https:\/\/www.facebook.com\/sharer\/sharer.php?u=https%3A%2F%2Fwww.facebook.com%2F109703165528845%2Fposts%2F901909466311638\" title=\"Share\" >Share<\/a>\n\t\t\t\t<p class=\"cff-share-tooltip\">\n\t\t\t\t\t\t\t\t\t\t\t<a href=\"https:\/\/www.facebook.com\/sharer\/sharer.php?u=https%3A%2F%2Fwww.facebook.com%2F109703165528845%2Fposts%2F901909466311638\" target=\"_blank\" rel=\"noopener noreferrer\" class=\"cff-facebook-icon\">\n\t\t\t\t\t\t\t<span class=\"fa fab fa-facebook-square\" aria-hidden=\"true\"><\/span>\n\t\t\t\t\t\t\t<span class=\"cff-screenreader\">Share on Facebook<\/span>\n\t\t\t\t\t\t<\/a>\n\t\t\t\t\t\t\t\t\t\t\t<a href=\"https:\/\/twitter.com\/intent\/tweet?text=https%3A%2F%2Fwww.facebook.com%2F109703165528845%2Fposts%2F901909466311638\" target=\"_blank\" rel=\"noopener noreferrer\" class=\"cff-twitter-icon\">\n\t\t\t\t\t\t\t<span class=\"fa fab fa-twitter\" aria-hidden=\"true\"><\/span>\n\t\t\t\t\t\t\t<span class=\"cff-screenreader\">Share on Twitter<\/span>\n\t\t\t\t\t\t<\/a>\n\t\t\t\t\t\t\t\t\t\t\t<a href=\"https:\/\/www.linkedin.com\/shareArticle?mini=true&#038;url=https%3A%2F%2Fwww.facebook.com%2F109703165528845%2Fposts%2F901909466311638&#038;title=%09%09%09Oltre%209%20mila%20persone%20identificate%2C%2015%20arresti%20e%2042%20denunce%2C%2049%20ordini%20di%20allontanamento%2C%2080%20cittadini%20stranieri%20condotti%20in%20Questura%20e%207%20irregolari%20in%20CPR%20ai%20fini%20del%20rimpatrio%3A%20sono%20alcuni%20dei%20positivi%20risultati%20delle%20due%20maxi%20operazioni%20ad%20alto%20impatto%20condotte%20dalla%20Polizia%20di%20Stato%20a%20Roma%20e%20a%20Milano.%20Un%20dispiegamento%20imponente%20di%20uomini%20e%20mezzi%20che%20nella%20Capitale%20ha%20interessato%20l%E2%80%99area%20archeologica%20del%20Colosseo%2C%20i%20Fori%20Imperiali%2C%20le%20banchine%20della%20metropolitana%2C%20il%20parco%20di%20Colle%20Oppio%20e%20le%20vie%20limitrofe%3B%20a%20Milano%20sono%20state%20passate%20al%20setaccio%20le%20stazioni%20ferroviarie%2C%20le%20cinque%20linee%20della%20metropolitana%2C%20i%20percorsi%20delle%20linee%20bus%2090%2C%2091%2C%2092%20e%2095%20e%20l%E2%80%99area%20della%20fermata%20M4%20%E2%80%9CLinate%20Aeroporto%E2%80%9D.%20Continueremo%20con%20determinazione%20a%20presidiare%20le%20aree%20pi%C3%B9%20sensibili%20delle%20nostre%20citt%C3%A0%20e%20a%20sostenere%20il%20lavoro%20quotidiano%20delle%20donne%20e%20degli%20uomini%20in%20divisa%2C%20con%20un%20unico%20obiettivo%3A%20garantire%20sempre%20maggiori%20condizioni%20di%20sicurezza%20ai%20cittadini.%09%09%09%09\" target=\"_blank\" rel=\"noopener noreferrer\" class=\"cff-linkedin-icon\">\n\t\t\t\t\t\t\t<span class=\"fa fab fa-linkedin\" aria-hidden=\"true\"><\/span>\n\t\t\t\t\t\t\t<span class=\"cff-screenreader\">Share on Linked In<\/span>\n\t\t\t\t\t\t<\/a>\n\t\t\t\t\t\t\t\t\t\t\t<a href=\"mailto:?subject=Facebook&#038;body=https%3A%2F%2Fwww.facebook.com%2F109703165528845%2Fposts%2F901909466311638%20-%20%0A%0A%09%0A%09%09Oltre%209%20mila%20persone%20identificate%2C%2015%20arresti%20e%2042%20denunce%2C%2049%20ordini%20di%20allontanamento%2C%2080%20cittadini%20stranieri%20condotti%20in%20Questura%20e%207%20irregolari%20in%20CPR%20ai%20fini%20del%20rimpatrio%3A%20sono%20alcuni%20dei%20positivi%20risultati%20delle%20due%20maxi%20operazioni%20ad%20alto%20impatto%20condotte%20dalla%20Polizia%20di%20Stato%20a%20Roma%20e%20a%20Milano.%20Un%20dispiegamento%20imponente%20di%20uomini%20e%20mezzi%20che%20nella%20Capitale%20ha%20interessato%20l%E2%80%99area%20archeologica%20del%20Colosseo%2C%20i%20Fori%20Imperiali%2C%20le%20banchine%20della%20metropolitana%2C%20il%20parco%20di%20Colle%20Oppio%20e%20le%20vie%20limitrofe%3B%20a%20Milano%20sono%20state%20passate%20al%20setaccio%20le%20stazioni%20ferroviarie%2C%20le%20cinque%20linee%20della%20metropolitana%2C%20i%20percorsi%20delle%20linee%20bus%2090%2C%2091%2C%2092%20e%2095%20e%20l%E2%80%99area%20della%20fermata%20M4%20%E2%80%9CLinate%20Aeroporto%E2%80%9D.%20Continueremo%20con%20determinazione%20a%20presidiare%20le%20aree%20pi%C3%B9%20sensibili%20delle%20nostre%20citt%C3%A0%20e%20a%20sostenere%20il%20lavoro%20quotidiano%20delle%20donne%20e%20degli%20uomini%20in%20divisa%2C%20con%20un%20unico%20obiettivo%3A%20garantire%20sempre%20maggiori%20condizioni%20di%20sicurezza%20ai%20cittadini.%09%09%09%0A%09\" target=\"_blank\" rel=\"noopener noreferrer\" class=\"cff-email-icon\">\n\t\t\t\t\t\t\t<span class=\"fa fab fa-envelope\" aria-hidden=\"true\"><\/span>\n\t\t\t\t\t\t\t<span class=\"cff-screenreader\">Share by Email<\/span>\n\t\t\t\t\t\t<\/a>\n\t\t\t\t\t\t\t\t\t<\/p>\n\t\t\t<\/div>\n\t\t\t<\/div>\n\t<\/div>\n\n\n\n<div id=\"cff_109703165528845_901855299650388\" class=\"cff-item cff-video-post cff-box author-matteo-piantedosi\" >\n\t<div class=\"cff-author\">\n\t<div class=\"cff-author-text\">\n\t\t\t\t\t<div class=\"cff-page-name cff-author-date\" >\n\t\t\t\t<a href=\"https:\/\/facebook.com\/109703165528845\" target=\"_blank\" rel=\"nofollow noopener\" >Matteo Piantedosi<\/a>\n\t\t\t\t<span class=\"cff-story\"> <\/span>\n\t\t\t<\/div>\n\t\t\t\n<p class=\"cff-date\" > 2 mesi fa <\/p>\n\t\t\t<\/div>\n\t<div class=\"cff-author-img \" data-avatar=\"https:\/\/scontent-fco2-1.xx.fbcdn.net\/v\/t39.30808-1\/505305908_578397355329519_7689205973474878527_n.jpg?stp=cp0_dst-jpg_s50x50_tt6&#038;_nc_cat=102&#038;ccb=1-7&#038;_nc_sid=f907e8&#038;_nc_ohc=HZ7v_QdjqAYQ7kNvwGTrl0Z&#038;_nc_oc=AdpZ3UGl2-nQ_9PnmFgK6KNQ90C0h6yDxloiQrypk4D9zSPY-DEsv0_ci-e6Ykm-VDg&#038;_nc_zt=24&#038;_nc_ht=scontent-fco2-1.xx&#038;edm=AKIiGfEEAAAA&#038;_nc_gid=G_qpB68a2CjOYNioceM1tw&#038;_nc_tpa=Q5bMBQElFfp5AOxJ_Y_VUm1aHkRToNP_J4SQc_9TLX1RLV1pgjec9IYQZQE-gX78IB3pqvcoHk3J55MnlA&#038;oh=00_AQBHoUex11p-pDnlfq7bNOsI1yvGUJoYZrqpxfRvFkBBrA&#038;oe=6A6457E4\">\n\t\t<a href=\"https:\/\/facebook.com\/109703165528845\" target=\"_blank\" rel=\"nofollow noopener\" ><img decoding=\"async\" src=\"https:\/\/scontent-fco2-1.xx.fbcdn.net\/v\/t39.30808-1\/505305908_578397355329519_7689205973474878527_n.jpg?stp=cp0_dst-jpg_s50x50_tt6&#038;_nc_cat=102&#038;ccb=1-7&#038;_nc_sid=f907e8&#038;_nc_ohc=HZ7v_QdjqAYQ7kNvwGTrl0Z&#038;_nc_oc=AdpZ3UGl2-nQ_9PnmFgK6KNQ90C0h6yDxloiQrypk4D9zSPY-DEsv0_ci-e6Ykm-VDg&#038;_nc_zt=24&#038;_nc_ht=scontent-fco2-1.xx&#038;edm=AKIiGfEEAAAA&#038;_nc_gid=G_qpB68a2CjOYNioceM1tw&#038;_nc_tpa=Q5bMBQElFfp5AOxJ_Y_VUm1aHkRToNP_J4SQc_9TLX1RLV1pgjec9IYQZQE-gX78IB3pqvcoHk3J55MnlA&#038;oh=00_AQBHoUex11p-pDnlfq7bNOsI1yvGUJoYZrqpxfRvFkBBrA&#038;oe=6A6457E4\" title=\"Matteo Piantedosi\" alt=\"Matteo Piantedosi\" width=40 height=40 onerror=\"this.style.display='none'\"><\/a>\n\t<\/div>\n<\/div>\n\n<div class=\"cff-post-text\" >\n\t<span class=\"cff-text\" data-color=\"\">\n\t\tOperazione congiunta delle Forze di Polizia a Metaponto, in provincia di Matera, per prevenire e contrastare i fenomeni di illegalit\u00e0 diffusa lungo la fascia jonica. Nel corso dell\u2019attivit\u00e0 sono state identificate 263 persone e controllati 115 veicoli. Al termine delle verifiche sono stati emessi due provvedimenti di espulsione nei confronti di cittadini stranieri irregolari ed \u00e8 stata sgomberata un\u2019area abusivamente occupata nei pressi della SS 407 Basentana. Un\u2019azione coordinata di Polizia di Stato, Carabinieri e Guardia di Finanza che conferma l\u2019impegno costante dello Stato per garantire sicurezza e legalit\u00e0 sul territorio.\t\t\t<\/span>\n\t<span class=\"cff-expand\">&#8230; <a href=\"#\" style=\"color: #\"><span class=\"cff-more\">Vedi altro<\/span><span class=\"cff-less\">Vedi meno\t<\/span><\/a><\/span>\n\n<\/div>\n\n<p class=\"cff-media-link\">\n\t<a href=\"https:\/\/www.facebook.com\/109703165528845\/posts\/901855299650388\" target=\"_blank\" style=\"color: #\">\n\t\t<span style=\"padding-right: 5px;\" class=\"fa fas fa-video-camera fa-video\"><\/span>Video\t<\/a>\n<\/p>\n\t<div class=\"cff-post-links\">\n\t\t\t\t\t<a class=\"cff-viewpost-facebook\" href=\"https:\/\/www.facebook.com\/109703165528845\/posts\/901855299650388\" title=\"View on Facebook\" target=\"_blank\" rel=\"nofollow noopener\" >View on Facebook<\/a>\n\t\t\t\t\t\t\t<div class=\"cff-share-container\">\n\t\t\t\t\t\t\t\t\t<span class=\"cff-dot\" >&middot;<\/span>\n\t\t\t\t\t\t\t\t<a class=\"cff-share-link\" href=\"https:\/\/www.facebook.com\/sharer\/sharer.php?u=https%3A%2F%2Fwww.facebook.com%2F109703165528845%2Fposts%2F901855299650388\" title=\"Share\" >Share<\/a>\n\t\t\t\t<p class=\"cff-share-tooltip\">\n\t\t\t\t\t\t\t\t\t\t\t<a href=\"https:\/\/www.facebook.com\/sharer\/sharer.php?u=https%3A%2F%2Fwww.facebook.com%2F109703165528845%2Fposts%2F901855299650388\" target=\"_blank\" rel=\"noopener noreferrer\" class=\"cff-facebook-icon\">\n\t\t\t\t\t\t\t<span class=\"fa fab fa-facebook-square\" aria-hidden=\"true\"><\/span>\n\t\t\t\t\t\t\t<span class=\"cff-screenreader\">Share on Facebook<\/span>\n\t\t\t\t\t\t<\/a>\n\t\t\t\t\t\t\t\t\t\t\t<a href=\"https:\/\/twitter.com\/intent\/tweet?text=https%3A%2F%2Fwww.facebook.com%2F109703165528845%2Fposts%2F901855299650388\" target=\"_blank\" rel=\"noopener noreferrer\" class=\"cff-twitter-icon\">\n\t\t\t\t\t\t\t<span class=\"fa fab fa-twitter\" aria-hidden=\"true\"><\/span>\n\t\t\t\t\t\t\t<span class=\"cff-screenreader\">Share on Twitter<\/span>\n\t\t\t\t\t\t<\/a>\n\t\t\t\t\t\t\t\t\t\t\t<a href=\"https:\/\/www.linkedin.com\/shareArticle?mini=true&#038;url=https%3A%2F%2Fwww.facebook.com%2F109703165528845%2Fposts%2F901855299650388&#038;title=%09%09%09Operazione%20congiunta%20delle%20Forze%20di%20Polizia%20a%20Metaponto%2C%20in%20provincia%20di%20Matera%2C%20per%20prevenire%20e%20contrastare%20i%20fenomeni%20di%20illegalit%C3%A0%20diffusa%20lungo%20la%20fascia%20jonica.%20Nel%20corso%20dell%E2%80%99attivit%C3%A0%20sono%20state%20identificate%20263%20persone%20e%20controllati%20115%20veicoli.%20Al%20termine%20delle%20verifiche%20sono%20stati%20emessi%20due%20provvedimenti%20di%20espulsione%20nei%20confronti%20di%20cittadini%20stranieri%20irregolari%20ed%20%C3%A8%20stata%20sgomberata%20un%E2%80%99area%20abusivamente%20occupata%20nei%20pressi%20della%20SS%20407%20Basentana.%20Un%E2%80%99azione%20coordinata%20di%20Polizia%20di%20Stato%2C%20Carabinieri%20e%20Guardia%20di%20Finanza%20che%20conferma%20l%E2%80%99impegno%20costante%20dello%20Stato%20per%20garantire%20sicurezza%20e%20legalit%C3%A0%20sul%20territorio.%09%09%09%09\" target=\"_blank\" rel=\"noopener noreferrer\" class=\"cff-linkedin-icon\">\n\t\t\t\t\t\t\t<span class=\"fa fab fa-linkedin\" aria-hidden=\"true\"><\/span>\n\t\t\t\t\t\t\t<span class=\"cff-screenreader\">Share on Linked In<\/span>\n\t\t\t\t\t\t<\/a>\n\t\t\t\t\t\t\t\t\t\t\t<a href=\"mailto:?subject=Facebook&#038;body=https%3A%2F%2Fwww.facebook.com%2F109703165528845%2Fposts%2F901855299650388%20-%20%0A%0A%09%0A%09%09Operazione%20congiunta%20delle%20Forze%20di%20Polizia%20a%20Metaponto%2C%20in%20provincia%20di%20Matera%2C%20per%20prevenire%20e%20contrastare%20i%20fenomeni%20di%20illegalit%C3%A0%20diffusa%20lungo%20la%20fascia%20jonica.%20Nel%20corso%20dell%E2%80%99attivit%C3%A0%20sono%20state%20identificate%20263%20persone%20e%20controllati%20115%20veicoli.%20Al%20termine%20delle%20verifiche%20sono%20stati%20emessi%20due%20provvedimenti%20di%20espulsione%20nei%20confronti%20di%20cittadini%20stranieri%20irregolari%20ed%20%C3%A8%20stata%20sgomberata%20un%E2%80%99area%20abusivamente%20occupata%20nei%20pressi%20della%20SS%20407%20Basentana.%20Un%E2%80%99azione%20coordinata%20di%20Polizia%20di%20Stato%2C%20Carabinieri%20e%20Guardia%20di%20Finanza%20che%20conferma%20l%E2%80%99impegno%20costante%20dello%20Stato%20per%20garantire%20sicurezza%20e%20legalit%C3%A0%20sul%20territorio.%09%09%09%0A%09\" target=\"_blank\" rel=\"noopener noreferrer\" class=\"cff-email-icon\">\n\t\t\t\t\t\t\t<span class=\"fa fab fa-envelope\" aria-hidden=\"true\"><\/span>\n\t\t\t\t\t\t\t<span class=\"cff-screenreader\">Share by Email<\/span>\n\t\t\t\t\t\t<\/a>\n\t\t\t\t\t\t\t\t\t<\/p>\n\t\t\t<\/div>\n\t\t\t<\/div>\n\t<\/div>\n\n\n\n<div id=\"cff_109703165528845_901782309657687\" class=\"cff-item cff-video-post cff-box author-matteo-piantedosi\" >\n\t<div class=\"cff-author\">\n\t<div class=\"cff-author-text\">\n\t\t\t\t\t<div class=\"cff-page-name cff-author-date\" >\n\t\t\t\t<a href=\"https:\/\/facebook.com\/109703165528845\" target=\"_blank\" rel=\"nofollow noopener\" >Matteo Piantedosi<\/a>\n\t\t\t\t<span class=\"cff-story\"> <\/span>\n\t\t\t<\/div>\n\t\t\t\n<p class=\"cff-date\" > 2 mesi fa <\/p>\n\t\t\t<\/div>\n\t<div class=\"cff-author-img \" data-avatar=\"https:\/\/scontent-fco2-1.xx.fbcdn.net\/v\/t39.30808-1\/505305908_578397355329519_7689205973474878527_n.jpg?stp=cp0_dst-jpg_s50x50_tt6&#038;_nc_cat=102&#038;ccb=1-7&#038;_nc_sid=f907e8&#038;_nc_ohc=HZ7v_QdjqAYQ7kNvwGTrl0Z&#038;_nc_oc=AdpZ3UGl2-nQ_9PnmFgK6KNQ90C0h6yDxloiQrypk4D9zSPY-DEsv0_ci-e6Ykm-VDg&#038;_nc_zt=24&#038;_nc_ht=scontent-fco2-1.xx&#038;edm=AKIiGfEEAAAA&#038;_nc_gid=G_qpB68a2CjOYNioceM1tw&#038;_nc_tpa=Q5bMBQElFfp5AOxJ_Y_VUm1aHkRToNP_J4SQc_9TLX1RLV1pgjec9IYQZQE-gX78IB3pqvcoHk3J55MnlA&#038;oh=00_AQBHoUex11p-pDnlfq7bNOsI1yvGUJoYZrqpxfRvFkBBrA&#038;oe=6A6457E4\">\n\t\t<a href=\"https:\/\/facebook.com\/109703165528845\" target=\"_blank\" rel=\"nofollow noopener\" ><img decoding=\"async\" src=\"https:\/\/scontent-fco2-1.xx.fbcdn.net\/v\/t39.30808-1\/505305908_578397355329519_7689205973474878527_n.jpg?stp=cp0_dst-jpg_s50x50_tt6&#038;_nc_cat=102&#038;ccb=1-7&#038;_nc_sid=f907e8&#038;_nc_ohc=HZ7v_QdjqAYQ7kNvwGTrl0Z&#038;_nc_oc=AdpZ3UGl2-nQ_9PnmFgK6KNQ90C0h6yDxloiQrypk4D9zSPY-DEsv0_ci-e6Ykm-VDg&#038;_nc_zt=24&#038;_nc_ht=scontent-fco2-1.xx&#038;edm=AKIiGfEEAAAA&#038;_nc_gid=G_qpB68a2CjOYNioceM1tw&#038;_nc_tpa=Q5bMBQElFfp5AOxJ_Y_VUm1aHkRToNP_J4SQc_9TLX1RLV1pgjec9IYQZQE-gX78IB3pqvcoHk3J55MnlA&#038;oh=00_AQBHoUex11p-pDnlfq7bNOsI1yvGUJoYZrqpxfRvFkBBrA&#038;oe=6A6457E4\" title=\"Matteo Piantedosi\" alt=\"Matteo Piantedosi\" width=40 height=40 onerror=\"this.style.display='none'\"><\/a>\n\t<\/div>\n<\/div>\n\n<div class=\"cff-post-text\" >\n\t<span class=\"cff-text\" data-color=\"\">\n\t\tControlli della Polizia di Stato a Firenze, dalla stazione di Santa Maria Novella al centro storico, per contrastare criminalit\u00e0, spaccio e degrado. Il bilancio dell\u2019operazione \u00e8 di oltre 800 persone identificate, 4 arresti, 6 denunce e un cittadino straniero irregolare espulso. Nel corso dei controlli sono stati inoltre adottati 30 provvedimenti di prevenzione, tra cui fogli di via, avvisi orali, Daspo urbani, un divieto di accesso ai pubblici esercizi e 3 ordini di allontanamento. L\u2019attivit\u00e0 sar\u00e0 replicata anche nei prossimi giorni in altre aree della citt\u00e0 per garantire sempre maggiori condizioni di sicurezza e decoro a cittadini e visitatori.\t\t\t<\/span>\n\t<span class=\"cff-expand\">&#8230; <a href=\"#\" style=\"color: #\"><span class=\"cff-more\">Vedi altro<\/span><span class=\"cff-less\">Vedi meno\t<\/span><\/a><\/span>\n\n<\/div>\n\n<p class=\"cff-media-link\">\n\t<a href=\"https:\/\/www.facebook.com\/109703165528845\/posts\/901782309657687\" target=\"_blank\" style=\"color: #\">\n\t\t<span style=\"padding-right: 5px;\" class=\"fa fas fa-video-camera fa-video\"><\/span>Video\t<\/a>\n<\/p>\n\t<div class=\"cff-post-links\">\n\t\t\t\t\t<a class=\"cff-viewpost-facebook\" href=\"https:\/\/www.facebook.com\/109703165528845\/posts\/901782309657687\" title=\"View on Facebook\" target=\"_blank\" rel=\"nofollow noopener\" >View on Facebook<\/a>\n\t\t\t\t\t\t\t<div class=\"cff-share-container\">\n\t\t\t\t\t\t\t\t\t<span class=\"cff-dot\" >&middot;<\/span>\n\t\t\t\t\t\t\t\t<a class=\"cff-share-link\" href=\"https:\/\/www.facebook.com\/sharer\/sharer.php?u=https%3A%2F%2Fwww.facebook.com%2F109703165528845%2Fposts%2F901782309657687\" title=\"Share\" >Share<\/a>\n\t\t\t\t<p class=\"cff-share-tooltip\">\n\t\t\t\t\t\t\t\t\t\t\t<a href=\"https:\/\/www.facebook.com\/sharer\/sharer.php?u=https%3A%2F%2Fwww.facebook.com%2F109703165528845%2Fposts%2F901782309657687\" target=\"_blank\" rel=\"noopener noreferrer\" class=\"cff-facebook-icon\">\n\t\t\t\t\t\t\t<span class=\"fa fab fa-facebook-square\" aria-hidden=\"true\"><\/span>\n\t\t\t\t\t\t\t<span class=\"cff-screenreader\">Share on Facebook<\/span>\n\t\t\t\t\t\t<\/a>\n\t\t\t\t\t\t\t\t\t\t\t<a href=\"https:\/\/twitter.com\/intent\/tweet?text=https%3A%2F%2Fwww.facebook.com%2F109703165528845%2Fposts%2F901782309657687\" target=\"_blank\" rel=\"noopener noreferrer\" class=\"cff-twitter-icon\">\n\t\t\t\t\t\t\t<span class=\"fa fab fa-twitter\" aria-hidden=\"true\"><\/span>\n\t\t\t\t\t\t\t<span class=\"cff-screenreader\">Share on Twitter<\/span>\n\t\t\t\t\t\t<\/a>\n\t\t\t\t\t\t\t\t\t\t\t<a href=\"https:\/\/www.linkedin.com\/shareArticle?mini=true&#038;url=https%3A%2F%2Fwww.facebook.com%2F109703165528845%2Fposts%2F901782309657687&#038;title=%09%09%09Controlli%20della%20Polizia%20di%20Stato%20a%20Firenze%2C%20dalla%20stazione%20di%20Santa%20Maria%20Novella%20al%20centro%20storico%2C%20per%20contrastare%20criminalit%C3%A0%2C%20spaccio%20e%20degrado.%20Il%20bilancio%20dell%E2%80%99operazione%20%C3%A8%20di%20oltre%20800%20persone%20identificate%2C%204%20arresti%2C%206%20denunce%20e%20un%20cittadino%20straniero%20irregolare%20espulso.%20Nel%20corso%20dei%20controlli%20sono%20stati%20inoltre%20adottati%2030%20provvedimenti%20di%20prevenzione%2C%20tra%20cui%20fogli%20di%20via%2C%20avvisi%20orali%2C%20Daspo%20urbani%2C%20un%20divieto%20di%20accesso%20ai%20pubblici%20esercizi%20e%203%20ordini%20di%20allontanamento.%20L%E2%80%99attivit%C3%A0%20sar%C3%A0%20replicata%20anche%20nei%20prossimi%20giorni%20in%20altre%20aree%20della%20citt%C3%A0%20per%20garantire%20sempre%20maggiori%20condizioni%20di%20sicurezza%20e%20decoro%20a%20cittadini%20e%20visitatori.%09%09%09%09\" target=\"_blank\" rel=\"noopener noreferrer\" class=\"cff-linkedin-icon\">\n\t\t\t\t\t\t\t<span class=\"fa fab fa-linkedin\" aria-hidden=\"true\"><\/span>\n\t\t\t\t\t\t\t<span class=\"cff-screenreader\">Share on Linked In<\/span>\n\t\t\t\t\t\t<\/a>\n\t\t\t\t\t\t\t\t\t\t\t<a href=\"mailto:?subject=Facebook&#038;body=https%3A%2F%2Fwww.facebook.com%2F109703165528845%2Fposts%2F901782309657687%20-%20%0A%0A%09%0A%09%09Controlli%20della%20Polizia%20di%20Stato%20a%20Firenze%2C%20dalla%20stazione%20di%20Santa%20Maria%20Novella%20al%20centro%20storico%2C%20per%20contrastare%20criminalit%C3%A0%2C%20spaccio%20e%20degrado.%20Il%20bilancio%20dell%E2%80%99operazione%20%C3%A8%20di%20oltre%20800%20persone%20identificate%2C%204%20arresti%2C%206%20denunce%20e%20un%20cittadino%20straniero%20irregolare%20espulso.%20Nel%20corso%20dei%20controlli%20sono%20stati%20inoltre%20adottati%2030%20provvedimenti%20di%20prevenzione%2C%20tra%20cui%20fogli%20di%20via%2C%20avvisi%20orali%2C%20Daspo%20urbani%2C%20un%20divieto%20di%20accesso%20ai%20pubblici%20esercizi%20e%203%20ordini%20di%20allontanamento.%20L%E2%80%99attivit%C3%A0%20sar%C3%A0%20replicata%20anche%20nei%20prossimi%20giorni%20in%20altre%20aree%20della%20citt%C3%A0%20per%20garantire%20sempre%20maggiori%20condizioni%20di%20sicurezza%20e%20decoro%20a%20cittadini%20e%20visitatori.%09%09%09%0A%09\" target=\"_blank\" rel=\"noopener noreferrer\" class=\"cff-email-icon\">\n\t\t\t\t\t\t\t<span class=\"fa fab fa-envelope\" aria-hidden=\"true\"><\/span>\n\t\t\t\t\t\t\t<span class=\"cff-screenreader\">Share by Email<\/span>\n\t\t\t\t\t\t<\/a>\n\t\t\t\t\t\t\t\t\t<\/p>\n\t\t\t<\/div>\n\t\t\t<\/div>\n\t<\/div>\n\n\n\n<div id=\"cff_109703165528845_901723012996950\" class=\"cff-item cff-photo-post cff-box author-matteo-piantedosi\" >\n\t<div class=\"cff-author\">\n\t<div class=\"cff-author-text\">\n\t\t\t\t\t<div class=\"cff-page-name cff-author-date\" >\n\t\t\t\t<a href=\"https:\/\/facebook.com\/109703165528845\" target=\"_blank\" rel=\"nofollow noopener\" >Matteo Piantedosi<\/a>\n\t\t\t\t<span class=\"cff-story\"> <\/span>\n\t\t\t<\/div>\n\t\t\t\n<p class=\"cff-date\" > 2 mesi fa <\/p>\n\t\t\t<\/div>\n\t<div class=\"cff-author-img \" data-avatar=\"https:\/\/scontent-fco2-1.xx.fbcdn.net\/v\/t39.30808-1\/505305908_578397355329519_7689205973474878527_n.jpg?stp=cp0_dst-jpg_s50x50_tt6&#038;_nc_cat=102&#038;ccb=1-7&#038;_nc_sid=f907e8&#038;_nc_ohc=HZ7v_QdjqAYQ7kNvwGTrl0Z&#038;_nc_oc=AdpZ3UGl2-nQ_9PnmFgK6KNQ90C0h6yDxloiQrypk4D9zSPY-DEsv0_ci-e6Ykm-VDg&#038;_nc_zt=24&#038;_nc_ht=scontent-fco2-1.xx&#038;edm=AKIiGfEEAAAA&#038;_nc_gid=G_qpB68a2CjOYNioceM1tw&#038;_nc_tpa=Q5bMBQElFfp5AOxJ_Y_VUm1aHkRToNP_J4SQc_9TLX1RLV1pgjec9IYQZQE-gX78IB3pqvcoHk3J55MnlA&#038;oh=00_AQBHoUex11p-pDnlfq7bNOsI1yvGUJoYZrqpxfRvFkBBrA&#038;oe=6A6457E4\">\n\t\t<a href=\"https:\/\/facebook.com\/109703165528845\" target=\"_blank\" rel=\"nofollow noopener\" ><img decoding=\"async\" src=\"https:\/\/scontent-fco2-1.xx.fbcdn.net\/v\/t39.30808-1\/505305908_578397355329519_7689205973474878527_n.jpg?stp=cp0_dst-jpg_s50x50_tt6&#038;_nc_cat=102&#038;ccb=1-7&#038;_nc_sid=f907e8&#038;_nc_ohc=HZ7v_QdjqAYQ7kNvwGTrl0Z&#038;_nc_oc=AdpZ3UGl2-nQ_9PnmFgK6KNQ90C0h6yDxloiQrypk4D9zSPY-DEsv0_ci-e6Ykm-VDg&#038;_nc_zt=24&#038;_nc_ht=scontent-fco2-1.xx&#038;edm=AKIiGfEEAAAA&#038;_nc_gid=G_qpB68a2CjOYNioceM1tw&#038;_nc_tpa=Q5bMBQElFfp5AOxJ_Y_VUm1aHkRToNP_J4SQc_9TLX1RLV1pgjec9IYQZQE-gX78IB3pqvcoHk3J55MnlA&#038;oh=00_AQBHoUex11p-pDnlfq7bNOsI1yvGUJoYZrqpxfRvFkBBrA&#038;oe=6A6457E4\" title=\"Matteo Piantedosi\" alt=\"Matteo Piantedosi\" width=40 height=40 onerror=\"this.style.display='none'\"><\/a>\n\t<\/div>\n<\/div>\n\n<div class=\"cff-post-text\" >\n\t<span class=\"cff-text\" data-color=\"\">\n\t\t4 cittadini stranieri sono stati rimpatriati dalla Polizia di Stato di Varese dopo essere stati fermati ad Arcisate con strumenti da scasso nel bagagliaio dell\u2019auto. Gli agenti della Squadra Mobile, insospettiti dalle spiegazioni contraddittorie fornite, hanno esteso gli accertamenti al veicolo e all\u2019appartamento da cui li avevano visti uscire, trovando diverso materiale utilizzabile per compiere furti. Verificata la loro posizione irregolare sul territorio nazionale, l\u2019Ufficio Immigrazione ha avviato le procedure che hanno portato al loro rimpatrio.\t\t\t<\/span>\n\t<span class=\"cff-expand\">&#8230; <a href=\"#\" style=\"color: #\"><span class=\"cff-more\">Vedi altro<\/span><span class=\"cff-less\">Vedi meno\t<\/span><\/a><\/span>\n\n<\/div>\n\n<p class=\"cff-media-link\">\n\t<a href=\"https:\/\/www.facebook.com\/photo.php?fbid=901722932996958&#038;set=a.137442376091688&#038;type=3\" target=\"_blank\" style=\"color: #\">\n\t\t<span style=\"padding-right: 5px;\" class=\"fa fas fa-picture-o fa-image\"><\/span>Foto\t<\/a>\n<\/p>\n\t<div class=\"cff-post-links\">\n\t\t\t\t\t<a class=\"cff-viewpost-facebook\" href=\"https:\/\/www.facebook.com\/photo.php?fbid=901722932996958&#038;set=a.137442376091688&#038;type=3\" title=\"View on Facebook\" target=\"_blank\" rel=\"nofollow noopener\" >View on Facebook<\/a>\n\t\t\t\t\t\t\t<div class=\"cff-share-container\">\n\t\t\t\t\t\t\t\t\t<span class=\"cff-dot\" >&middot;<\/span>\n\t\t\t\t\t\t\t\t<a class=\"cff-share-link\" href=\"https:\/\/www.facebook.com\/sharer\/sharer.php?u=https%3A%2F%2Fwww.facebook.com%2Fphoto.php%3Ffbid%3D901722932996958%26amp%3Bset%3Da.137442376091688%26amp%3Btype%3D3\" title=\"Share\" >Share<\/a>\n\t\t\t\t<p class=\"cff-share-tooltip\">\n\t\t\t\t\t\t\t\t\t\t\t<a href=\"https:\/\/www.facebook.com\/sharer\/sharer.php?u=https%3A%2F%2Fwww.facebook.com%2Fphoto.php%3Ffbid%3D901722932996958%26amp%3Bset%3Da.137442376091688%26amp%3Btype%3D3\" target=\"_blank\" rel=\"noopener noreferrer\" class=\"cff-facebook-icon\">\n\t\t\t\t\t\t\t<span class=\"fa fab fa-facebook-square\" aria-hidden=\"true\"><\/span>\n\t\t\t\t\t\t\t<span class=\"cff-screenreader\">Share on Facebook<\/span>\n\t\t\t\t\t\t<\/a>\n\t\t\t\t\t\t\t\t\t\t\t<a href=\"https:\/\/twitter.com\/intent\/tweet?text=https%3A%2F%2Fwww.facebook.com%2Fphoto.php%3Ffbid%3D901722932996958%26amp%3Bset%3Da.137442376091688%26amp%3Btype%3D3\" target=\"_blank\" rel=\"noopener noreferrer\" class=\"cff-twitter-icon\">\n\t\t\t\t\t\t\t<span class=\"fa fab fa-twitter\" aria-hidden=\"true\"><\/span>\n\t\t\t\t\t\t\t<span class=\"cff-screenreader\">Share on Twitter<\/span>\n\t\t\t\t\t\t<\/a>\n\t\t\t\t\t\t\t\t\t\t\t<a href=\"https:\/\/www.linkedin.com\/shareArticle?mini=true&#038;url=https%3A%2F%2Fwww.facebook.com%2Fphoto.php%3Ffbid%3D901722932996958%26amp%3Bset%3Da.137442376091688%26amp%3Btype%3D3&#038;title=%09%09%094%20cittadini%20stranieri%20sono%20stati%20rimpatriati%20dalla%20Polizia%20di%20Stato%20di%20Varese%20dopo%20essere%20stati%20fermati%20ad%20Arcisate%20con%20strumenti%20da%20scasso%20nel%20bagagliaio%20dell%E2%80%99auto.%20Gli%20agenti%20della%20Squadra%20Mobile%2C%20insospettiti%20dalle%20spiegazioni%20contraddittorie%20fornite%2C%20hanno%20esteso%20gli%20accertamenti%20al%20veicolo%20e%20all%E2%80%99appartamento%20da%20cui%20li%20avevano%20visti%20uscire%2C%20trovando%20diverso%20materiale%20utilizzabile%20per%20compiere%20furti.%20Verificata%20la%20loro%20posizione%20irregolare%20sul%20territorio%20nazionale%2C%20l%E2%80%99Ufficio%20Immigrazione%20ha%20avviato%20le%20procedure%20che%20hanno%20portato%20al%20loro%20rimpatrio.%09%09%09%09\" target=\"_blank\" rel=\"noopener noreferrer\" class=\"cff-linkedin-icon\">\n\t\t\t\t\t\t\t<span class=\"fa fab fa-linkedin\" aria-hidden=\"true\"><\/span>\n\t\t\t\t\t\t\t<span class=\"cff-screenreader\">Share on Linked In<\/span>\n\t\t\t\t\t\t<\/a>\n\t\t\t\t\t\t\t\t\t\t\t<a href=\"mailto:?subject=Facebook&#038;body=https%3A%2F%2Fwww.facebook.com%2Fphoto.php%3Ffbid%3D901722932996958%26amp%3Bset%3Da.137442376091688%26amp%3Btype%3D3%20-%20%0A%0A%09%0A%09%094%20cittadini%20stranieri%20sono%20stati%20rimpatriati%20dalla%20Polizia%20di%20Stato%20di%20Varese%20dopo%20essere%20stati%20fermati%20ad%20Arcisate%20con%20strumenti%20da%20scasso%20nel%20bagagliaio%20dell%E2%80%99auto.%20Gli%20agenti%20della%20Squadra%20Mobile%2C%20insospettiti%20dalle%20spiegazioni%20contraddittorie%20fornite%2C%20hanno%20esteso%20gli%20accertamenti%20al%20veicolo%20e%20all%E2%80%99appartamento%20da%20cui%20li%20avevano%20visti%20uscire%2C%20trovando%20diverso%20materiale%20utilizzabile%20per%20compiere%20furti.%20Verificata%20la%20loro%20posizione%20irregolare%20sul%20territorio%20nazionale%2C%20l%E2%80%99Ufficio%20Immigrazione%20ha%20avviato%20le%20procedure%20che%20hanno%20portato%20al%20loro%20rimpatrio.%09%09%09%0A%09\" target=\"_blank\" rel=\"noopener noreferrer\" class=\"cff-email-icon\">\n\t\t\t\t\t\t\t<span class=\"fa fab fa-envelope\" aria-hidden=\"true\"><\/span>\n\t\t\t\t\t\t\t<span class=\"cff-screenreader\">Share by Email<\/span>\n\t\t\t\t\t\t<\/a>\n\t\t\t\t\t\t\t\t\t<\/p>\n\t\t\t<\/div>\n\t\t\t<\/div>\n\t<\/div>\n\n\n\n<div id=\"cff_109703165528845_901372649698653\" class=\"cff-item cff-video-post cff-box author-matteo-piantedosi\" >\n\t<div class=\"cff-author\">\n\t<div class=\"cff-author-text\">\n\t\t\t\t\t<div class=\"cff-page-name cff-author-date\" >\n\t\t\t\t<a href=\"https:\/\/facebook.com\/109703165528845\" target=\"_blank\" rel=\"nofollow noopener\" >Matteo Piantedosi<\/a>\n\t\t\t\t<span class=\"cff-story\"> <\/span>\n\t\t\t<\/div>\n\t\t\t\n<p class=\"cff-date\" > 2 mesi fa <\/p>\n\t\t\t<\/div>\n\t<div class=\"cff-author-img \" data-avatar=\"https:\/\/scontent-fco2-1.xx.fbcdn.net\/v\/t39.30808-1\/505305908_578397355329519_7689205973474878527_n.jpg?stp=cp0_dst-jpg_s50x50_tt6&#038;_nc_cat=102&#038;ccb=1-7&#038;_nc_sid=f907e8&#038;_nc_ohc=HZ7v_QdjqAYQ7kNvwGTrl0Z&#038;_nc_oc=AdpZ3UGl2-nQ_9PnmFgK6KNQ90C0h6yDxloiQrypk4D9zSPY-DEsv0_ci-e6Ykm-VDg&#038;_nc_zt=24&#038;_nc_ht=scontent-fco2-1.xx&#038;edm=AKIiGfEEAAAA&#038;_nc_gid=G_qpB68a2CjOYNioceM1tw&#038;_nc_tpa=Q5bMBQElFfp5AOxJ_Y_VUm1aHkRToNP_J4SQc_9TLX1RLV1pgjec9IYQZQE-gX78IB3pqvcoHk3J55MnlA&#038;oh=00_AQBHoUex11p-pDnlfq7bNOsI1yvGUJoYZrqpxfRvFkBBrA&#038;oe=6A6457E4\">\n\t\t<a href=\"https:\/\/facebook.com\/109703165528845\" target=\"_blank\" rel=\"nofollow noopener\" ><img decoding=\"async\" src=\"https:\/\/scontent-fco2-1.xx.fbcdn.net\/v\/t39.30808-1\/505305908_578397355329519_7689205973474878527_n.jpg?stp=cp0_dst-jpg_s50x50_tt6&#038;_nc_cat=102&#038;ccb=1-7&#038;_nc_sid=f907e8&#038;_nc_ohc=HZ7v_QdjqAYQ7kNvwGTrl0Z&#038;_nc_oc=AdpZ3UGl2-nQ_9PnmFgK6KNQ90C0h6yDxloiQrypk4D9zSPY-DEsv0_ci-e6Ykm-VDg&#038;_nc_zt=24&#038;_nc_ht=scontent-fco2-1.xx&#038;edm=AKIiGfEEAAAA&#038;_nc_gid=G_qpB68a2CjOYNioceM1tw&#038;_nc_tpa=Q5bMBQElFfp5AOxJ_Y_VUm1aHkRToNP_J4SQc_9TLX1RLV1pgjec9IYQZQE-gX78IB3pqvcoHk3J55MnlA&#038;oh=00_AQBHoUex11p-pDnlfq7bNOsI1yvGUJoYZrqpxfRvFkBBrA&#038;oe=6A6457E4\" title=\"Matteo Piantedosi\" alt=\"Matteo Piantedosi\" width=40 height=40 onerror=\"this.style.display='none'\"><\/a>\n\t<\/div>\n<\/div>\n\n<div class=\"cff-post-text\" >\n\t<span class=\"cff-text\" data-color=\"\">\n\t\tCon il Presidente del Consiglio Giorgia Meloni, alla caserma &quot;Maurizio Giglio&quot; del I Reparto Volanti della Polizia di Stato per dire un grazie vero, sentito, a chi ogni giorno indossa una divisa e mette la propria vita al servizio della nostra sicurezza. Un lavoro fatto spesso nel silenzio, lontano dai riflettori, ma che rende possibile ogni nostro gesto quotidiano: camminare tranquilli, tornare a casa sereni, vivere le nostre citt\u00e0 senza paura. Questa sera abbiamo assistito anche alla partenza dei servizi straordinari &quot;Alto Impatto&quot; a Roma e Milano: un rafforzamento concreto dei controlli nelle aree pi\u00f9 sensibili, a tutela dei cittadini onesti. A chi lavora per la nostra sicurezza va la nostra gratitudine pi\u00f9 profonda e il nostro pieno sostegno. Sempre al vostro fianco.\t\t\t<\/span>\n\t<span class=\"cff-expand\">&#8230; <a href=\"#\" style=\"color: #\"><span class=\"cff-more\">Vedi altro<\/span><span class=\"cff-less\">Vedi meno\t<\/span><\/a><\/span>\n\n<\/div>\n\n<p class=\"cff-media-link\">\n\t<a href=\"https:\/\/www.facebook.com\/109703165528845\/posts\/901372649698653\" target=\"_blank\" style=\"color: #\">\n\t\t<span style=\"padding-right: 5px;\" class=\"fa fas fa-video-camera fa-video\"><\/span>Video\t<\/a>\n<\/p>\n\t<div class=\"cff-post-links\">\n\t\t\t\t\t<a class=\"cff-viewpost-facebook\" href=\"https:\/\/www.facebook.com\/109703165528845\/posts\/901372649698653\" title=\"View on Facebook\" target=\"_blank\" rel=\"nofollow noopener\" >View on Facebook<\/a>\n\t\t\t\t\t\t\t<div class=\"cff-share-container\">\n\t\t\t\t\t\t\t\t\t<span class=\"cff-dot\" >&middot;<\/span>\n\t\t\t\t\t\t\t\t<a class=\"cff-share-link\" href=\"https:\/\/www.facebook.com\/sharer\/sharer.php?u=https%3A%2F%2Fwww.facebook.com%2F109703165528845%2Fposts%2F901372649698653\" title=\"Share\" >Share<\/a>\n\t\t\t\t<p class=\"cff-share-tooltip\">\n\t\t\t\t\t\t\t\t\t\t\t<a href=\"https:\/\/www.facebook.com\/sharer\/sharer.php?u=https%3A%2F%2Fwww.facebook.com%2F109703165528845%2Fposts%2F901372649698653\" target=\"_blank\" rel=\"noopener noreferrer\" class=\"cff-facebook-icon\">\n\t\t\t\t\t\t\t<span class=\"fa fab fa-facebook-square\" aria-hidden=\"true\"><\/span>\n\t\t\t\t\t\t\t<span class=\"cff-screenreader\">Share on Facebook<\/span>\n\t\t\t\t\t\t<\/a>\n\t\t\t\t\t\t\t\t\t\t\t<a href=\"https:\/\/twitter.com\/intent\/tweet?text=https%3A%2F%2Fwww.facebook.com%2F109703165528845%2Fposts%2F901372649698653\" target=\"_blank\" rel=\"noopener noreferrer\" class=\"cff-twitter-icon\">\n\t\t\t\t\t\t\t<span class=\"fa fab fa-twitter\" aria-hidden=\"true\"><\/span>\n\t\t\t\t\t\t\t<span class=\"cff-screenreader\">Share on Twitter<\/span>\n\t\t\t\t\t\t<\/a>\n\t\t\t\t\t\t\t\t\t\t\t<a href=\"https:\/\/www.linkedin.com\/shareArticle?mini=true&#038;url=https%3A%2F%2Fwww.facebook.com%2F109703165528845%2Fposts%2F901372649698653&#038;title=%09%09%09Con%20il%20Presidente%20del%20Consiglio%20Giorgia%20Meloni%2C%20alla%20caserma%20%26quot%3BMaurizio%20Giglio%26quot%3B%20del%20I%20Reparto%20Volanti%20della%20Polizia%20di%20Stato%20per%20dire%20un%20grazie%20vero%2C%20sentito%2C%20a%20chi%20ogni%20giorno%20indossa%20una%20divisa%20e%20mette%20la%20propria%20vita%20al%20servizio%20della%20nostra%20sicurezza.%20Un%20lavoro%20fatto%20spesso%20nel%20silenzio%2C%20lontano%20dai%20riflettori%2C%20ma%20che%20rende%20possibile%20ogni%20nostro%20gesto%20quotidiano%3A%20camminare%20tranquilli%2C%20tornare%20a%20casa%20sereni%2C%20vivere%20le%20nostre%20citt%C3%A0%20senza%20paura.%20Questa%20sera%20abbiamo%20assistito%20anche%20alla%20partenza%20dei%20servizi%20straordinari%20%26quot%3BAlto%20Impatto%26quot%3B%20a%20Roma%20e%20Milano%3A%20un%20rafforzamento%20concreto%20dei%20controlli%20nelle%20aree%20pi%C3%B9%20sensibili%2C%20a%20tutela%20dei%20cittadini%20onesti.%20A%20chi%20lavora%20per%20la%20nostra%20sicurezza%20va%20la%20nostra%20gratitudine%20pi%C3%B9%20profonda%20e%20il%20nostro%20pieno%20sostegno.%20Sempre%20al%20vostro%20fianco.%09%09%09%09\" target=\"_blank\" rel=\"noopener noreferrer\" class=\"cff-linkedin-icon\">\n\t\t\t\t\t\t\t<span class=\"fa fab fa-linkedin\" aria-hidden=\"true\"><\/span>\n\t\t\t\t\t\t\t<span class=\"cff-screenreader\">Share on Linked In<\/span>\n\t\t\t\t\t\t<\/a>\n\t\t\t\t\t\t\t\t\t\t\t<a href=\"mailto:?subject=Facebook&#038;body=https%3A%2F%2Fwww.facebook.com%2F109703165528845%2Fposts%2F901372649698653%20-%20%0A%0A%09%0A%09%09Con%20il%20Presidente%20del%20Consiglio%20Giorgia%20Meloni%2C%20alla%20caserma%20%26quot%3BMaurizio%20Giglio%26quot%3B%20del%20I%20Reparto%20Volanti%20della%20Polizia%20di%20Stato%20per%20dire%20un%20grazie%20vero%2C%20sentito%2C%20a%20chi%20ogni%20giorno%20indossa%20una%20divisa%20e%20mette%20la%20propria%20vita%20al%20servizio%20della%20nostra%20sicurezza.%20Un%20lavoro%20fatto%20spesso%20nel%20silenzio%2C%20lontano%20dai%20riflettori%2C%20ma%20che%20rende%20possibile%20ogni%20nostro%20gesto%20quotidiano%3A%20camminare%20tranquilli%2C%20tornare%20a%20casa%20sereni%2C%20vivere%20le%20nostre%20citt%C3%A0%20senza%20paura.%20Questa%20sera%20abbiamo%20assistito%20anche%20alla%20partenza%20dei%20servizi%20straordinari%20%26quot%3BAlto%20Impatto%26quot%3B%20a%20Roma%20e%20Milano%3A%20un%20rafforzamento%20concreto%20dei%20controlli%20nelle%20aree%20pi%C3%B9%20sensibili%2C%20a%20tutela%20dei%20cittadini%20onesti.%20A%20chi%20lavora%20per%20la%20nostra%20sicurezza%20va%20la%20nostra%20gratitudine%20pi%C3%B9%20profonda%20e%20il%20nostro%20pieno%20sostegno.%20Sempre%20al%20vostro%20fianco.%09%09%09%0A%09\" target=\"_blank\" rel=\"noopener noreferrer\" class=\"cff-email-icon\">\n\t\t\t\t\t\t\t<span class=\"fa fab fa-envelope\" aria-hidden=\"true\"><\/span>\n\t\t\t\t\t\t\t<span class=\"cff-screenreader\">Share by Email<\/span>\n\t\t\t\t\t\t<\/a>\n\t\t\t\t\t\t\t\t\t<\/p>\n\t\t\t<\/div>\n\t\t\t<\/div>\n\t<\/div>\n\n\n\n<div id=\"cff_109703165528845_901342253035026\" class=\"cff-item cff-video-post cff-box author-matteo-piantedosi\" >\n\t<div class=\"cff-author\">\n\t<div class=\"cff-author-text\">\n\t\t\t\t\t<div class=\"cff-page-name cff-author-date\" >\n\t\t\t\t<a href=\"https:\/\/facebook.com\/109703165528845\" target=\"_blank\" rel=\"nofollow noopener\" >Matteo Piantedosi<\/a>\n\t\t\t\t<span class=\"cff-story\"> <\/span>\n\t\t\t<\/div>\n\t\t\t\n<p class=\"cff-date\" > 2 mesi fa <\/p>\n\t\t\t<\/div>\n\t<div class=\"cff-author-img \" data-avatar=\"https:\/\/scontent-fco2-1.xx.fbcdn.net\/v\/t39.30808-1\/505305908_578397355329519_7689205973474878527_n.jpg?stp=cp0_dst-jpg_s50x50_tt6&#038;_nc_cat=102&#038;ccb=1-7&#038;_nc_sid=f907e8&#038;_nc_ohc=HZ7v_QdjqAYQ7kNvwGTrl0Z&#038;_nc_oc=AdpZ3UGl2-nQ_9PnmFgK6KNQ90C0h6yDxloiQrypk4D9zSPY-DEsv0_ci-e6Ykm-VDg&#038;_nc_zt=24&#038;_nc_ht=scontent-fco2-1.xx&#038;edm=AKIiGfEEAAAA&#038;_nc_gid=G_qpB68a2CjOYNioceM1tw&#038;_nc_tpa=Q5bMBQElFfp5AOxJ_Y_VUm1aHkRToNP_J4SQc_9TLX1RLV1pgjec9IYQZQE-gX78IB3pqvcoHk3J55MnlA&#038;oh=00_AQBHoUex11p-pDnlfq7bNOsI1yvGUJoYZrqpxfRvFkBBrA&#038;oe=6A6457E4\">\n\t\t<a href=\"https:\/\/facebook.com\/109703165528845\" target=\"_blank\" rel=\"nofollow noopener\" ><img decoding=\"async\" src=\"https:\/\/scontent-fco2-1.xx.fbcdn.net\/v\/t39.30808-1\/505305908_578397355329519_7689205973474878527_n.jpg?stp=cp0_dst-jpg_s50x50_tt6&#038;_nc_cat=102&#038;ccb=1-7&#038;_nc_sid=f907e8&#038;_nc_ohc=HZ7v_QdjqAYQ7kNvwGTrl0Z&#038;_nc_oc=AdpZ3UGl2-nQ_9PnmFgK6KNQ90C0h6yDxloiQrypk4D9zSPY-DEsv0_ci-e6Ykm-VDg&#038;_nc_zt=24&#038;_nc_ht=scontent-fco2-1.xx&#038;edm=AKIiGfEEAAAA&#038;_nc_gid=G_qpB68a2CjOYNioceM1tw&#038;_nc_tpa=Q5bMBQElFfp5AOxJ_Y_VUm1aHkRToNP_J4SQc_9TLX1RLV1pgjec9IYQZQE-gX78IB3pqvcoHk3J55MnlA&#038;oh=00_AQBHoUex11p-pDnlfq7bNOsI1yvGUJoYZrqpxfRvFkBBrA&#038;oe=6A6457E4\" title=\"Matteo Piantedosi\" alt=\"Matteo Piantedosi\" width=40 height=40 onerror=\"this.style.display='none'\"><\/a>\n\t<\/div>\n<\/div>\n\n<div class=\"cff-post-text\" >\n\t<span class=\"cff-text\" data-color=\"\">\n\t\tDai canali jihadisti sul web al rischio di un\u2019imminente azione violenta. \u00c8 questo il quadro che ha portato all\u2019arresto di una 17enne, residente in provincia di Pavia, accusata di partecipazione ad associazione con finalit\u00e0 di terrorismo internazionale. Dalle indagini della Polizia di Stato \u00e8 emerso che la giovane frequentava gruppi chiusi riconducibili allo Stato Islamico, dove venivano diffusi contenuti di propaganda, materiale per il reclutamento e manuali per la fabbricazione di ordigni esplosivi. Dalle analisi dei dispositivi sequestrati sono emersi anche contatti con utenti ritenuti vicini all\u2019ISIS e chat nelle quali la minorenne avrebbe dichiarato di essere pronta al martirio e al sacrificio in nome di Allah.\t\t\t<\/span>\n\t<span class=\"cff-expand\">&#8230; <a href=\"#\" style=\"color: #\"><span class=\"cff-more\">Vedi altro<\/span><span class=\"cff-less\">Vedi meno\t<\/span><\/a><\/span>\n\n<\/div>\n\n<p class=\"cff-media-link\">\n\t<a href=\"https:\/\/www.facebook.com\/109703165528845\/posts\/901342253035026\" target=\"_blank\" style=\"color: #\">\n\t\t<span style=\"padding-right: 5px;\" class=\"fa fas fa-video-camera fa-video\"><\/span>Video\t<\/a>\n<\/p>\n\t<div class=\"cff-post-links\">\n\t\t\t\t\t<a class=\"cff-viewpost-facebook\" href=\"https:\/\/www.facebook.com\/109703165528845\/posts\/901342253035026\" title=\"View on Facebook\" target=\"_blank\" rel=\"nofollow noopener\" >View on Facebook<\/a>\n\t\t\t\t\t\t\t<div class=\"cff-share-container\">\n\t\t\t\t\t\t\t\t\t<span class=\"cff-dot\" >&middot;<\/span>\n\t\t\t\t\t\t\t\t<a class=\"cff-share-link\" href=\"https:\/\/www.facebook.com\/sharer\/sharer.php?u=https%3A%2F%2Fwww.facebook.com%2F109703165528845%2Fposts%2F901342253035026\" title=\"Share\" >Share<\/a>\n\t\t\t\t<p class=\"cff-share-tooltip\">\n\t\t\t\t\t\t\t\t\t\t\t<a href=\"https:\/\/www.facebook.com\/sharer\/sharer.php?u=https%3A%2F%2Fwww.facebook.com%2F109703165528845%2Fposts%2F901342253035026\" target=\"_blank\" rel=\"noopener noreferrer\" class=\"cff-facebook-icon\">\n\t\t\t\t\t\t\t<span class=\"fa fab fa-facebook-square\" aria-hidden=\"true\"><\/span>\n\t\t\t\t\t\t\t<span class=\"cff-screenreader\">Share on Facebook<\/span>\n\t\t\t\t\t\t<\/a>\n\t\t\t\t\t\t\t\t\t\t\t<a href=\"https:\/\/twitter.com\/intent\/tweet?text=https%3A%2F%2Fwww.facebook.com%2F109703165528845%2Fposts%2F901342253035026\" target=\"_blank\" rel=\"noopener noreferrer\" class=\"cff-twitter-icon\">\n\t\t\t\t\t\t\t<span class=\"fa fab fa-twitter\" aria-hidden=\"true\"><\/span>\n\t\t\t\t\t\t\t<span class=\"cff-screenreader\">Share on Twitter<\/span>\n\t\t\t\t\t\t<\/a>\n\t\t\t\t\t\t\t\t\t\t\t<a href=\"https:\/\/www.linkedin.com\/shareArticle?mini=true&#038;url=https%3A%2F%2Fwww.facebook.com%2F109703165528845%2Fposts%2F901342253035026&#038;title=%09%09%09Dai%20canali%20jihadisti%20sul%20web%20al%20rischio%20di%20un%E2%80%99imminente%20azione%20violenta.%20%C3%88%20questo%20il%20quadro%20che%20ha%20portato%20all%E2%80%99arresto%20di%20una%2017enne%2C%20residente%20in%20provincia%20di%20Pavia%2C%20accusata%20di%20partecipazione%20ad%20associazione%20con%20finalit%C3%A0%20di%20terrorismo%20internazionale.%20Dalle%20indagini%20della%20Polizia%20di%20Stato%20%C3%A8%20emerso%20che%20la%20giovane%20frequentava%20gruppi%20chiusi%20riconducibili%20allo%20Stato%20Islamico%2C%20dove%20venivano%20diffusi%20contenuti%20di%20propaganda%2C%20materiale%20per%20il%20reclutamento%20e%20manuali%20per%20la%20fabbricazione%20di%20ordigni%20esplosivi.%20Dalle%20analisi%20dei%20dispositivi%20sequestrati%20sono%20emersi%20anche%20contatti%20con%20utenti%20ritenuti%20vicini%20all%E2%80%99ISIS%20e%20chat%20nelle%20quali%20la%20minorenne%20avrebbe%20dichiarato%20di%20essere%20pronta%20al%20martirio%20e%20al%20sacrificio%20in%20nome%20di%20Allah.%09%09%09%09\" target=\"_blank\" rel=\"noopener noreferrer\" class=\"cff-linkedin-icon\">\n\t\t\t\t\t\t\t<span class=\"fa fab fa-linkedin\" aria-hidden=\"true\"><\/span>\n\t\t\t\t\t\t\t<span class=\"cff-screenreader\">Share on Linked In<\/span>\n\t\t\t\t\t\t<\/a>\n\t\t\t\t\t\t\t\t\t\t\t<a href=\"mailto:?subject=Facebook&#038;body=https%3A%2F%2Fwww.facebook.com%2F109703165528845%2Fposts%2F901342253035026%20-%20%0A%0A%09%0A%09%09Dai%20canali%20jihadisti%20sul%20web%20al%20rischio%20di%20un%E2%80%99imminente%20azione%20violenta.%20%C3%88%20questo%20il%20quadro%20che%20ha%20portato%20all%E2%80%99arresto%20di%20una%2017enne%2C%20residente%20in%20provincia%20di%20Pavia%2C%20accusata%20di%20partecipazione%20ad%20associazione%20con%20finalit%C3%A0%20di%20terrorismo%20internazionale.%20Dalle%20indagini%20della%20Polizia%20di%20Stato%20%C3%A8%20emerso%20che%20la%20giovane%20frequentava%20gruppi%20chiusi%20riconducibili%20allo%20Stato%20Islamico%2C%20dove%20venivano%20diffusi%20contenuti%20di%20propaganda%2C%20materiale%20per%20il%20reclutamento%20e%20manuali%20per%20la%20fabbricazione%20di%20ordigni%20esplosivi.%20Dalle%20analisi%20dei%20dispositivi%20sequestrati%20sono%20emersi%20anche%20contatti%20con%20utenti%20ritenuti%20vicini%20all%E2%80%99ISIS%20e%20chat%20nelle%20quali%20la%20minorenne%20avrebbe%20dichiarato%20di%20essere%20pronta%20al%20martirio%20e%20al%20sacrificio%20in%20nome%20di%20Allah.%09%09%09%0A%09\" target=\"_blank\" rel=\"noopener noreferrer\" class=\"cff-email-icon\">\n\t\t\t\t\t\t\t<span class=\"fa fab fa-envelope\" aria-hidden=\"true\"><\/span>\n\t\t\t\t\t\t\t<span class=\"cff-screenreader\">Share by Email<\/span>\n\t\t\t\t\t\t<\/a>\n\t\t\t\t\t\t\t\t\t<\/p>\n\t\t\t<\/div>\n\t\t\t<\/div>\n\t<\/div>\n\n\n\n<div id=\"cff_109703165528845_901276999708218\" class=\"cff-item cff-photo-post cff-box author-matteo-piantedosi\" >\n\t<div class=\"cff-author\">\n\t<div class=\"cff-author-text\">\n\t\t\t\t\t<div class=\"cff-page-name cff-author-date\" >\n\t\t\t\t<a href=\"https:\/\/facebook.com\/109703165528845\" target=\"_blank\" rel=\"nofollow noopener\" >Matteo Piantedosi<\/a>\n\t\t\t\t<span class=\"cff-story\"> <\/span>\n\t\t\t<\/div>\n\t\t\t\n<p class=\"cff-date\" > 2 mesi fa <\/p>\n\t\t\t<\/div>\n\t<div class=\"cff-author-img \" data-avatar=\"https:\/\/scontent-fco2-1.xx.fbcdn.net\/v\/t39.30808-1\/505305908_578397355329519_7689205973474878527_n.jpg?stp=cp0_dst-jpg_s50x50_tt6&#038;_nc_cat=102&#038;ccb=1-7&#038;_nc_sid=f907e8&#038;_nc_ohc=HZ7v_QdjqAYQ7kNvwGTrl0Z&#038;_nc_oc=AdpZ3UGl2-nQ_9PnmFgK6KNQ90C0h6yDxloiQrypk4D9zSPY-DEsv0_ci-e6Ykm-VDg&#038;_nc_zt=24&#038;_nc_ht=scontent-fco2-1.xx&#038;edm=AKIiGfEEAAAA&#038;_nc_gid=G_qpB68a2CjOYNioceM1tw&#038;_nc_tpa=Q5bMBQElFfp5AOxJ_Y_VUm1aHkRToNP_J4SQc_9TLX1RLV1pgjec9IYQZQE-gX78IB3pqvcoHk3J55MnlA&#038;oh=00_AQBHoUex11p-pDnlfq7bNOsI1yvGUJoYZrqpxfRvFkBBrA&#038;oe=6A6457E4\">\n\t\t<a href=\"https:\/\/facebook.com\/109703165528845\" target=\"_blank\" rel=\"nofollow noopener\" ><img decoding=\"async\" src=\"https:\/\/scontent-fco2-1.xx.fbcdn.net\/v\/t39.30808-1\/505305908_578397355329519_7689205973474878527_n.jpg?stp=cp0_dst-jpg_s50x50_tt6&#038;_nc_cat=102&#038;ccb=1-7&#038;_nc_sid=f907e8&#038;_nc_ohc=HZ7v_QdjqAYQ7kNvwGTrl0Z&#038;_nc_oc=AdpZ3UGl2-nQ_9PnmFgK6KNQ90C0h6yDxloiQrypk4D9zSPY-DEsv0_ci-e6Ykm-VDg&#038;_nc_zt=24&#038;_nc_ht=scontent-fco2-1.xx&#038;edm=AKIiGfEEAAAA&#038;_nc_gid=G_qpB68a2CjOYNioceM1tw&#038;_nc_tpa=Q5bMBQElFfp5AOxJ_Y_VUm1aHkRToNP_J4SQc_9TLX1RLV1pgjec9IYQZQE-gX78IB3pqvcoHk3J55MnlA&#038;oh=00_AQBHoUex11p-pDnlfq7bNOsI1yvGUJoYZrqpxfRvFkBBrA&#038;oe=6A6457E4\" title=\"Matteo Piantedosi\" alt=\"Matteo Piantedosi\" width=40 height=40 onerror=\"this.style.display='none'\"><\/a>\n\t<\/div>\n<\/div>\n\n<div class=\"cff-post-text\" >\n\t<span class=\"cff-text\" data-color=\"\">\n\t\tArrestati per spaccio dai Carabinieri a Spinaceto, nel quadrante sud della Capitale, 4 appartenenti ai clan Spada-Casamonica. Il blitz nasce all\u2019esito di mirati controlli nel complesso di edilizia popolare di via Salvatore Lorizzo: durante le perquisizioni sono stati sequestrati ingenti quantitativi di droga tra hashish, cocaina, marijuana e crack. Nel corso dell\u2019operazione sono state anche identificate 40 persone, controllati 12 veicoli e denunciati altri 5 soggetti per detenzione abusiva di armi, furto aggravato di energia elettrica e gas e occupazione abusiva di immobili.\t\t\t<\/span>\n\t<span class=\"cff-expand\">&#8230; <a href=\"#\" style=\"color: #\"><span class=\"cff-more\">Vedi altro<\/span><span class=\"cff-less\">Vedi meno\t<\/span><\/a><\/span>\n\n<\/div>\n\n<p class=\"cff-media-link\">\n\t<a href=\"https:\/\/www.facebook.com\/photo.php?fbid=901276876374897&#038;set=a.137442376091688&#038;type=3\" target=\"_blank\" style=\"color: #\">\n\t\t<span style=\"padding-right: 5px;\" class=\"fa fas fa-picture-o fa-image\"><\/span>Foto\t<\/a>\n<\/p>\n\t<div class=\"cff-post-links\">\n\t\t\t\t\t<a class=\"cff-viewpost-facebook\" href=\"https:\/\/www.facebook.com\/photo.php?fbid=901276876374897&#038;set=a.137442376091688&#038;type=3\" title=\"View on Facebook\" target=\"_blank\" rel=\"nofollow noopener\" >View on Facebook<\/a>\n\t\t\t\t\t\t\t<div class=\"cff-share-container\">\n\t\t\t\t\t\t\t\t\t<span class=\"cff-dot\" >&middot;<\/span>\n\t\t\t\t\t\t\t\t<a class=\"cff-share-link\" href=\"https:\/\/www.facebook.com\/sharer\/sharer.php?u=https%3A%2F%2Fwww.facebook.com%2Fphoto.php%3Ffbid%3D901276876374897%26amp%3Bset%3Da.137442376091688%26amp%3Btype%3D3\" title=\"Share\" >Share<\/a>\n\t\t\t\t<p class=\"cff-share-tooltip\">\n\t\t\t\t\t\t\t\t\t\t\t<a href=\"https:\/\/www.facebook.com\/sharer\/sharer.php?u=https%3A%2F%2Fwww.facebook.com%2Fphoto.php%3Ffbid%3D901276876374897%26amp%3Bset%3Da.137442376091688%26amp%3Btype%3D3\" target=\"_blank\" rel=\"noopener noreferrer\" class=\"cff-facebook-icon\">\n\t\t\t\t\t\t\t<span class=\"fa fab fa-facebook-square\" aria-hidden=\"true\"><\/span>\n\t\t\t\t\t\t\t<span class=\"cff-screenreader\">Share on Facebook<\/span>\n\t\t\t\t\t\t<\/a>\n\t\t\t\t\t\t\t\t\t\t\t<a href=\"https:\/\/twitter.com\/intent\/tweet?text=https%3A%2F%2Fwww.facebook.com%2Fphoto.php%3Ffbid%3D901276876374897%26amp%3Bset%3Da.137442376091688%26amp%3Btype%3D3\" target=\"_blank\" rel=\"noopener noreferrer\" class=\"cff-twitter-icon\">\n\t\t\t\t\t\t\t<span class=\"fa fab fa-twitter\" aria-hidden=\"true\"><\/span>\n\t\t\t\t\t\t\t<span class=\"cff-screenreader\">Share on Twitter<\/span>\n\t\t\t\t\t\t<\/a>\n\t\t\t\t\t\t\t\t\t\t\t<a href=\"https:\/\/www.linkedin.com\/shareArticle?mini=true&#038;url=https%3A%2F%2Fwww.facebook.com%2Fphoto.php%3Ffbid%3D901276876374897%26amp%3Bset%3Da.137442376091688%26amp%3Btype%3D3&#038;title=%09%09%09Arrestati%20per%20spaccio%20dai%20Carabinieri%20a%20Spinaceto%2C%20nel%20quadrante%20sud%20della%20Capitale%2C%204%20appartenenti%20ai%20clan%20Spada-Casamonica.%20Il%20blitz%20nasce%20all%E2%80%99esito%20di%20mirati%20controlli%20nel%20complesso%20di%20edilizia%20popolare%20di%20via%20Salvatore%20Lorizzo%3A%20durante%20le%20perquisizioni%20sono%20stati%20sequestrati%20ingenti%20quantitativi%20di%20droga%20tra%20hashish%2C%20cocaina%2C%20marijuana%20e%20crack.%20Nel%20corso%20dell%E2%80%99operazione%20sono%20state%20anche%20identificate%2040%20persone%2C%20controllati%2012%20veicoli%20e%20denunciati%20altri%205%20soggetti%20per%20detenzione%20abusiva%20di%20armi%2C%20furto%20aggravato%20di%20energia%20elettrica%20e%20gas%20e%20occupazione%20abusiva%20di%20immobili.%09%09%09%09\" target=\"_blank\" rel=\"noopener noreferrer\" class=\"cff-linkedin-icon\">\n\t\t\t\t\t\t\t<span class=\"fa fab fa-linkedin\" aria-hidden=\"true\"><\/span>\n\t\t\t\t\t\t\t<span class=\"cff-screenreader\">Share on Linked In<\/span>\n\t\t\t\t\t\t<\/a>\n\t\t\t\t\t\t\t\t\t\t\t<a href=\"mailto:?subject=Facebook&#038;body=https%3A%2F%2Fwww.facebook.com%2Fphoto.php%3Ffbid%3D901276876374897%26amp%3Bset%3Da.137442376091688%26amp%3Btype%3D3%20-%20%0A%0A%09%0A%09%09Arrestati%20per%20spaccio%20dai%20Carabinieri%20a%20Spinaceto%2C%20nel%20quadrante%20sud%20della%20Capitale%2C%204%20appartenenti%20ai%20clan%20Spada-Casamonica.%20Il%20blitz%20nasce%20all%E2%80%99esito%20di%20mirati%20controlli%20nel%20complesso%20di%20edilizia%20popolare%20di%20via%20Salvatore%20Lorizzo%3A%20durante%20le%20perquisizioni%20sono%20stati%20sequestrati%20ingenti%20quantitativi%20di%20droga%20tra%20hashish%2C%20cocaina%2C%20marijuana%20e%20crack.%20Nel%20corso%20dell%E2%80%99operazione%20sono%20state%20anche%20identificate%2040%20persone%2C%20controllati%2012%20veicoli%20e%20denunciati%20altri%205%20soggetti%20per%20detenzione%20abusiva%20di%20armi%2C%20furto%20aggravato%20di%20energia%20elettrica%20e%20gas%20e%20occupazione%20abusiva%20di%20immobili.%09%09%09%0A%09\" target=\"_blank\" rel=\"noopener noreferrer\" class=\"cff-email-icon\">\n\t\t\t\t\t\t\t<span class=\"fa fab fa-envelope\" aria-hidden=\"true\"><\/span>\n\t\t\t\t\t\t\t<span class=\"cff-screenreader\">Share by Email<\/span>\n\t\t\t\t\t\t<\/a>\n\t\t\t\t\t\t\t\t\t<\/p>\n\t\t\t<\/div>\n\t\t\t<\/div>\n\t<\/div>\n\n\n\n<\/div><input class=\"cff-pag-url\" type=\"hidden\" data-locatornonce=\"2f6e013395\" data-cff-shortcode=\"{&quot;feed&quot;: &quot;1&quot;}\" data-post-id=\"11\" data-feed-id=\"109703165528845\"><\/div><\/div><div class=\"cff-clear\"><\/div><\/div><style type=\"text\/css\">\n#cff.cff-palette-1  .cff-item,\n#cff.cff-palette-1  .cff-item.cff-box,\n#cff.cff-palette-1  .cff-item.cff-box:first-child,\n#cff.cff-palette-1  .cff-album-item {\n  background-color: #F8F8F8;\n}\n<\/style>\t\t\t\t\t\t<\/div>\n\t\t\t\t<\/div>\n\t\t\t\t\t<\/div>\n\t\t\t\t<\/div>\n\t\t<div class=\"elementor-element elementor-element-028359d e-flex e-con-boxed e-con\" data-id=\"028359d\" data-element_type=\"container\" data-settings=\"{&quot;background_background&quot;:&quot;classic&quot;,&quot;content_width&quot;:&quot;boxed&quot;}\">\n\t\t\t\t\t<div class=\"e-con-inner\">\n\t\t\t\t<div class=\"elementor-element elementor-element-a5f2bfc elementor-view-default elementor-widget elementor-widget-icon\" data-id=\"a5f2bfc\" data-element_type=\"widget\" data-widget_type=\"icon.default\">\n\t\t\t\t<div class=\"elementor-widget-container\">\n\t\t\t\t\t<div class=\"elementor-icon-wrapper\">\n\t\t\t<a class=\"elementor-icon\" href=\"https:\/\/www.youtube.com\/@ministerointerno\" target=\"_blank\">\n\t\t\t<svg aria-hidden=\"true\" class=\"e-font-icon-svg e-fab-youtube\" viewBox=\"0 0 576 512\" xmlns=\"http:\/\/www.w3.org\/2000\/svg\"><path d=\"M549.655 124.083c-6.281-23.65-24.787-42.276-48.284-48.597C458.781 64 288 64 288 64S117.22 64 74.629 75.486c-23.497 6.322-42.003 24.947-48.284 48.597-11.412 42.867-11.412 132.305-11.412 132.305s0 89.438 11.412 132.305c6.281 23.65 24.787 41.5 48.284 47.821C117.22 448 288 448 288 448s170.78 0 213.371-11.486c23.497-6.321 42.003-24.171 48.284-47.821 11.412-42.867 11.412-132.305 11.412-132.305s0-89.438-11.412-132.305zm-317.51 213.508V175.185l142.739 81.205-142.739 81.201z\"><\/path><\/svg>\t\t\t<\/a>\n\t\t<\/div>\n\t\t\t\t<\/div>\n\t\t\t\t<\/div>\n\t\t\t\t<div class=\"elementor-element elementor-element-e3d8b9f elementor-widget elementor-widget-heading\" data-id=\"e3d8b9f\" data-element_type=\"widget\" data-widget_type=\"heading.default\">\n\t\t\t\t<div class=\"elementor-widget-container\">\n\t\t\t<h2 class=\"elementor-heading-title elementor-size-default\">Canale YouTube ufficiale del ministero dell'Interno<\/h2>\t\t<\/div>\n\t\t\t\t<\/div>\n\t\t\t\t<div class=\"elementor-element elementor-element-cf6b9b5 elementor-align-center elementor-widget elementor-widget-button\" data-id=\"cf6b9b5\" data-element_type=\"widget\" data-widget_type=\"button.default\">\n\t\t\t\t<div class=\"elementor-widget-container\">\n\t\t\t\t\t<div class=\"elementor-button-wrapper\">\n\t\t\t<a class=\"elementor-button elementor-button-link elementor-size-md\" href=\"https:\/\/www.youtube.com\/@ministerointerno\" target=\"_blank\">\n\t\t\t\t\t\t<span class=\"elementor-button-content-wrapper\">\n\t\t\t\t\t\t<span class=\"elementor-button-text\">Guarda ora<\/span>\n\t\t<\/span>\n\t\t\t\t\t<\/a>\n\t\t<\/div>\n\t\t\t\t<\/div>\n\t\t\t\t<\/div>\n\t\t\t\t\t<\/div>\n\t\t\t\t<\/div>\n\t\t\t\t\t\t\t<\/div>\n\t\t","protected":false},"excerpt":{"rendered":"<p>BIO Matteo Piantedosi Nato a Napoli il 20 aprile 1963, \u00e8 sposato e ha due figlie. Laureato in giurisprudenza, abilitato all&#8217;esercizio della professione forense, \u00e8 entrato nell&#8217;amministrazione civile dell&#8217;Interno nell&#8217;aprile 1989 e assegnato alla prefettura di Bologna nella quale per otto anni ha svolto l&#8217;incarico di capo di Gabinetto. Nel febbraio 2007 \u00e8 stato nominato [&hellip;]<\/p>\n","protected":false},"author":1,"featured_media":0,"parent":0,"menu_order":0,"comment_status":"closed","ping_status":"closed","template":"","meta":[],"_links":{"self":[{"href":"https:\/\/matteopiantedosi.it\/index.php\/wp-json\/wp\/v2\/pages\/11"}],"collection":[{"href":"https:\/\/matteopiantedosi.it\/index.php\/wp-json\/wp\/v2\/pages"}],"about":[{"href":"https:\/\/matteopiantedosi.it\/index.php\/wp-json\/wp\/v2\/types\/page"}],"author":[{"embeddable":true,"href":"https:\/\/matteopiantedosi.it\/index.php\/wp-json\/wp\/v2\/users\/1"}],"replies":[{"embeddable":true,"href":"https:\/\/matteopiantedosi.it\/index.php\/wp-json\/wp\/v2\/comments?post=11"}],"version-history":[{"count":40,"href":"https:\/\/matteopiantedosi.it\/index.php\/wp-json\/wp\/v2\/pages\/11\/revisions"}],"predecessor-version":[{"id":69,"href":"https:\/\/matteopiantedosi.it\/index.php\/wp-json\/wp\/v2\/pages\/11\/revisions\/69"}],"wp:attachment":[{"href":"https:\/\/matteopiantedosi.it\/index.php\/wp-json\/wp\/v2\/media?parent=11"}],"curies":[{"name":"wp","href":"https:\/\/api.w.org\/{rel}","templated":true}]}}